{"id":880,"date":"2021-06-07T11:56:41","date_gmt":"2021-06-07T09:56:41","guid":{"rendered":"https:\/\/tierrasdecordoba.com\/?post_type=empresa&#038;p=880"},"modified":"2021-10-08T17:06:38","modified_gmt":"2021-10-08T15:06:38","slug":"cortijo-frias","status":"publish","type":"empresa","link":"https:\/\/tierrasdecordoba.com\/de\/empresa\/cortijo-frias\/","title":{"rendered":"Cortijo Fr\u00edas"},"content":{"rendered":"\n<p>El Cortijo de Fr\u00edas es una finca situada a 10 kil\u00f3metros de Cabra, municipio al sur de la provincia de C\u00f3rdoba, a tan solo 1 hora de M\u00e1laga, C\u00f3rdoba, Granada y Ja\u00e9n y a menos de 2 horas de Sevilla.<\/p>\n\n\n\n<p>Se encuentra junto al Parque Natural Sierras Subb\u00e9ticas (Centro Geogr\u00e1fico de Andaluc\u00eda). Es el lugar ideal para observar la naturaleza, divertirse con actividades de ocio, deporte, estancia familiar, encuentro con amigos, etc., un paraje para recuperar fuerzas y disfrutar del descanso.<\/p>\n\n\n\n<h2 class=\"wp-block-heading\">Cortijo de Fr\u00edas &#8211; Alojamiento rural en Cabra<\/h2>\n\n\n\n<div class=\"wp-block-image\"><figure class=\"aligncenter size-full\"><img loading=\"lazy\" decoding=\"async\" width=\"900\" height=\"315\" src=\"https:\/\/tierrasdecordoba.com\/wp-content\/uploads\/2021\/10\/cortijo-de-frias-cordoba.jpg\" alt=\"\" class=\"wp-image-5098\" srcset=\"https:\/\/tierrasdecordoba.com\/wp-content\/uploads\/2021\/10\/cortijo-de-frias-cordoba.jpg 900w, https:\/\/tierrasdecordoba.com\/wp-content\/uploads\/2021\/10\/cortijo-de-frias-cordoba-300x105.jpg 300w, https:\/\/tierrasdecordoba.com\/wp-content\/uploads\/2021\/10\/cortijo-de-frias-cordoba-768x269.jpg 768w\" sizes=\"auto, (max-width: 900px) 100vw, 900px\" \/><\/figure><\/div>\n\n\n\n<p>El Cortijo se organiza sobre un enorme patio-jard\u00edn central, que cuenta con piscina al aire libre y pista de tenis privada, ofreciendo una zona residencial que consta de un conjunto de 12 apartamentos, que se dividen en tres tipos:<\/p>\n\n\n\n<ul class=\"wp-block-list\"><li>Apartamento tur\u00edstico (5 plazas): cinco camas individuales<\/li><li>Apartamento tur\u00edstico (6 plazas): una cama de matrimonio y cuatro camas individuales.<\/li><li>Apartamento Albergue (10 personas)<\/li><\/ul>\n\n\n\n<p>Todos los alojamientos disponen de sal\u00f3n con chimenea, ba\u00f1o privado con ducha y zona de cocina totalmente equipada.<\/p>\n\n\n\n<h2 class=\"wp-block-heading\">Servicios del Cortijo Fr\u00edas<\/h2>\n\n\n\n<p>Adem\u00e1s de un servicio de alojamiento rural, el Cortijo de Fr\u00edas tambi\u00e9n ofrece organizaci\u00f3n de eventos y actividades: <\/p>\n\n\n\n<h3 class=\"wp-block-heading\">Celebraci\u00f3n de bodas y otros eventos<\/h3>\n\n\n\n<div class=\"wp-block-columns is-layout-flex wp-container-core-columns-is-layout-9d6595d7 wp-block-columns-is-layout-flex\">\n<div class=\"wp-block-column is-layout-flow wp-block-column-is-layout-flow\">\n<div class=\"wp-block-image\"><figure class=\"aligncenter size-full\"><img loading=\"lazy\" decoding=\"async\" width=\"300\" height=\"280\" src=\"https:\/\/tierrasdecordoba.com\/wp-content\/uploads\/2021\/10\/cortijo-de-frias-bodas.jpg\" alt=\"\" class=\"wp-image-5102\"\/><\/figure><\/div>\n<\/div>\n\n\n\n<div class=\"wp-block-column is-layout-flow wp-block-column-is-layout-flow\">\n<p>El Cortijo Fr\u00edas te ofrece la oportunidad de organizar cualquier tipo de celebraci\u00f3n como bodas, bautizos, comuniones, congresos, reuniones de empresa o reuniones familiares.<\/p>\n\n\n\n<p>Su personal cuenta con la experiencia, los medios y todas las comodidades para adaptar las instalaciones a tu gusto.<\/p>\n<\/div>\n<\/div>\n\n\n\n<h3 class=\"wp-block-heading\">Actividades al aire libre<\/h3>\n\n\n\n<div class=\"wp-block-columns is-layout-flex wp-container-core-columns-is-layout-9d6595d7 wp-block-columns-is-layout-flex\">\n<div class=\"wp-block-column is-layout-flow wp-block-column-is-layout-flow\">\n<div class=\"wp-block-image\"><figure class=\"aligncenter size-full\"><img loading=\"lazy\" decoding=\"async\" width=\"300\" height=\"280\" src=\"https:\/\/tierrasdecordoba.com\/wp-content\/uploads\/2021\/10\/cortijo-de-frias-actividades.jpg\" alt=\"\" class=\"wp-image-5106\"\/><\/figure><\/div>\n<\/div>\n\n\n\n<div class=\"wp-block-column is-layout-flow wp-block-column-is-layout-flow\">\n<p>El entorno natural donde se encuentra el Cortijo hace que la pr\u00e1ctica de actividades al aire libre sea especial y \u00fanica. <\/p>\n\n\n\n<p>Existe la posibilidad de organizar rutas ecuestres en colaboraci\u00f3n con el centro \u201cLa Garrocha\u201d, rutas en bicicleta, escalada, parque multiaventura y actividades de espeleolog\u00eda.<\/p>\n<\/div>\n<\/div>\n\n\n\n<p>La web cuenta con una secci\u00f3n de redes sociales para conocer mejor el Cortijo de Fr\u00edas y no perderte ninguna novedad ni promociones. As\u00ed mismo, podr\u00e1s realizar tu reserva directamente desde la web y contactar directamente con el Cortijo para cualquier duda o sugerencia.<\/p>\n","protected":false},"featured_media":1200,"template":"","meta":{"_acf_changed":false,"_kad_blocks_custom_css":"","_kad_blocks_head_custom_js":"","_kad_blocks_body_custom_js":"","_kad_blocks_footer_custom_js":"","_kad_post_transparent":"default","_kad_post_title":"default","_kad_post_layout":"default","_kad_post_sidebar_id":"","_kad_post_content_style":"default","_kad_post_vertical_padding":"default","_kad_post_feature":"","_kad_post_feature_position":"","_kad_post_header":false,"_kad_post_footer":false,"_kad_post_classname":""},"class_list":["post-880","empresa","type-empresa","status-publish","has-post-thumbnail","hentry"],"acf":[],"yoast_head":"<!-- This site is optimized with the Yoast SEO plugin v26.4 - https:\/\/yoast.com\/wordpress\/plugins\/seo\/ -->\n<title>Cortijo Fr\u00edas<\/title>\n<meta name=\"robots\" content=\"index, follow, max-snippet:-1, max-image-preview:large, max-video-preview:-1\" \/>\n<link rel=\"canonical\" href=\"https:\/\/tierrasdecordoba.com\/de\/empresa\/cortijo-frias\/\" \/>\n<meta property=\"og:locale\" content=\"de_DE\" \/>\n<meta property=\"og:type\" content=\"article\" \/>\n<meta property=\"og:title\" content=\"Cortijo Fr\u00edas\" \/>\n<meta property=\"og:description\" content=\"El Cortijo de Fr\u00edas es una finca situada a 10 kil\u00f3metros de Cabra, municipio al sur de la provincia de C\u00f3rdoba, a tan solo 1 hora de M\u00e1laga, C\u00f3rdoba, Granada y Ja\u00e9n y a menos de 2 horas de Sevilla. Se encuentra junto al Parque Natural Sierras Subb\u00e9ticas (Centro Geogr\u00e1fico de Andaluc\u00eda). Es el lugar...\" \/>\n<meta property=\"og:url\" content=\"https:\/\/tierrasdecordoba.com\/de\/empresa\/cortijo-frias\/\" \/>\n<meta property=\"og:site_name\" content=\"Tierras de C\u00f3rdoba\" \/>\n<meta property=\"article:modified_time\" content=\"2021-10-08T15:06:38+00:00\" \/>\n<meta property=\"og:image\" content=\"https:\/\/tierrasdecordoba.com\/wp-content\/uploads\/2021\/06\/frias-logo.png\" \/>\n\t<meta property=\"og:image:width\" content=\"185\" \/>\n\t<meta property=\"og:image:height\" content=\"100\" \/>\n\t<meta property=\"og:image:type\" content=\"image\/png\" \/>\n<meta name=\"twitter:card\" content=\"summary_large_image\" \/>\n<meta name=\"twitter:label1\" content=\"Gesch\u00e4tzte Lesezeit\" \/>\n\t<meta name=\"twitter:data1\" content=\"2\u00a0Minuten\" \/>\n<script type=\"application\/ld+json\" class=\"yoast-schema-graph\">{\"@context\":\"https:\/\/schema.org\",\"@graph\":[{\"@type\":\"WebPage\",\"@id\":\"https:\/\/tierrasdecordoba.com\/de\/empresa\/cortijo-frias\/\",\"url\":\"https:\/\/tierrasdecordoba.com\/de\/empresa\/cortijo-frias\/\",\"name\":\"Cortijo Fr\u00edas\",\"isPartOf\":{\"@id\":\"https:\/\/tierrasdecordoba.com\/de\/#website\"},\"primaryImageOfPage\":{\"@id\":\"https:\/\/tierrasdecordoba.com\/de\/empresa\/cortijo-frias\/#primaryimage\"},\"image\":{\"@id\":\"https:\/\/tierrasdecordoba.com\/de\/empresa\/cortijo-frias\/#primaryimage\"},\"thumbnailUrl\":\"https:\/\/tierrasdecordoba.com\/wp-content\/uploads\/2021\/06\/frias-logo.png\",\"datePublished\":\"2021-06-07T09:56:41+00:00\",\"dateModified\":\"2021-10-08T15:06:38+00:00\",\"breadcrumb\":{\"@id\":\"https:\/\/tierrasdecordoba.com\/de\/empresa\/cortijo-frias\/#breadcrumb\"},\"inLanguage\":\"de\",\"potentialAction\":[{\"@type\":\"ReadAction\",\"target\":[\"https:\/\/tierrasdecordoba.com\/de\/empresa\/cortijo-frias\/\"]}]},{\"@type\":\"ImageObject\",\"inLanguage\":\"de\",\"@id\":\"https:\/\/tierrasdecordoba.com\/de\/empresa\/cortijo-frias\/#primaryimage\",\"url\":\"https:\/\/tierrasdecordoba.com\/wp-content\/uploads\/2021\/06\/frias-logo.png\",\"contentUrl\":\"https:\/\/tierrasdecordoba.com\/wp-content\/uploads\/2021\/06\/frias-logo.png\",\"width\":185,\"height\":100},{\"@type\":\"BreadcrumbList\",\"@id\":\"https:\/\/tierrasdecordoba.com\/de\/empresa\/cortijo-frias\/#breadcrumb\",\"itemListElement\":[{\"@type\":\"ListItem\",\"position\":1,\"name\":\"Portada\",\"item\":\"https:\/\/tierrasdecordoba.com\/de\/\"},{\"@type\":\"ListItem\",\"position\":2,\"name\":\"Empresas\",\"item\":\"https:\/\/tierrasdecordoba.com\/de\/empresas\/\"},{\"@type\":\"ListItem\",\"position\":3,\"name\":\"Cortijo Fr\u00edas\"}]},{\"@type\":\"WebSite\",\"@id\":\"https:\/\/tierrasdecordoba.com\/de\/#website\",\"url\":\"https:\/\/tierrasdecordoba.com\/de\/\",\"name\":\"Tierras de C\u00f3rdoba\",\"description\":\"Casas Rurales C\u00f3rdoba, Actividades C\u00f3rdoba, Restaurantes C\u00f3rdoba\",\"publisher\":{\"@id\":\"https:\/\/tierrasdecordoba.com\/de\/#organization\"},\"potentialAction\":[{\"@type\":\"SearchAction\",\"target\":{\"@type\":\"EntryPoint\",\"urlTemplate\":\"https:\/\/tierrasdecordoba.com\/de\/?s={search_term_string}\"},\"query-input\":{\"@type\":\"PropertyValueSpecification\",\"valueRequired\":true,\"valueName\":\"search_term_string\"}}],\"inLanguage\":\"de\"},{\"@type\":\"Organization\",\"@id\":\"https:\/\/tierrasdecordoba.com\/de\/#organization\",\"name\":\"Tierras de C\u00f3rdoba\",\"url\":\"https:\/\/tierrasdecordoba.com\/de\/\",\"logo\":{\"@type\":\"ImageObject\",\"inLanguage\":\"de\",\"@id\":\"https:\/\/tierrasdecordoba.com\/de\/#\/schema\/logo\/image\/\",\"url\":\"https:\/\/tierrasdecordoba.com\/wp-content\/uploads\/2021\/05\/logo-header.png\",\"contentUrl\":\"https:\/\/tierrasdecordoba.com\/wp-content\/uploads\/2021\/05\/logo-header.png\",\"width\":191,\"height\":81,\"caption\":\"Tierras de C\u00f3rdoba\"},\"image\":{\"@id\":\"https:\/\/tierrasdecordoba.com\/de\/#\/schema\/logo\/image\/\"}}]}<\/script>\n<!-- \/ Yoast SEO plugin. -->","yoast_head_json":{"title":"Cortijo Fr\u00edas","robots":{"index":"index","follow":"follow","max-snippet":"max-snippet:-1","max-image-preview":"max-image-preview:large","max-video-preview":"max-video-preview:-1"},"canonical":"https:\/\/tierrasdecordoba.com\/de\/empresa\/cortijo-frias\/","og_locale":"de_DE","og_type":"article","og_title":"Cortijo Fr\u00edas","og_description":"El Cortijo de Fr\u00edas es una finca situada a 10 kil\u00f3metros de Cabra, municipio al sur de la provincia de C\u00f3rdoba, a tan solo 1 hora de M\u00e1laga, C\u00f3rdoba, Granada y Ja\u00e9n y a menos de 2 horas de Sevilla. Se encuentra junto al Parque Natural Sierras Subb\u00e9ticas (Centro Geogr\u00e1fico de Andaluc\u00eda). Es el lugar...","og_url":"https:\/\/tierrasdecordoba.com\/de\/empresa\/cortijo-frias\/","og_site_name":"Tierras de C\u00f3rdoba","article_modified_time":"2021-10-08T15:06:38+00:00","og_image":[{"width":185,"height":100,"url":"https:\/\/tierrasdecordoba.com\/wp-content\/uploads\/2021\/06\/frias-logo.png","type":"image\/png"}],"twitter_card":"summary_large_image","twitter_misc":{"Gesch\u00e4tzte Lesezeit":"2\u00a0Minuten"},"schema":{"@context":"https:\/\/schema.org","@graph":[{"@type":"WebPage","@id":"https:\/\/tierrasdecordoba.com\/de\/empresa\/cortijo-frias\/","url":"https:\/\/tierrasdecordoba.com\/de\/empresa\/cortijo-frias\/","name":"Cortijo Fr\u00edas","isPartOf":{"@id":"https:\/\/tierrasdecordoba.com\/de\/#website"},"primaryImageOfPage":{"@id":"https:\/\/tierrasdecordoba.com\/de\/empresa\/cortijo-frias\/#primaryimage"},"image":{"@id":"https:\/\/tierrasdecordoba.com\/de\/empresa\/cortijo-frias\/#primaryimage"},"thumbnailUrl":"https:\/\/tierrasdecordoba.com\/wp-content\/uploads\/2021\/06\/frias-logo.png","datePublished":"2021-06-07T09:56:41+00:00","dateModified":"2021-10-08T15:06:38+00:00","breadcrumb":{"@id":"https:\/\/tierrasdecordoba.com\/de\/empresa\/cortijo-frias\/#breadcrumb"},"inLanguage":"de","potentialAction":[{"@type":"ReadAction","target":["https:\/\/tierrasdecordoba.com\/de\/empresa\/cortijo-frias\/"]}]},{"@type":"ImageObject","inLanguage":"de","@id":"https:\/\/tierrasdecordoba.com\/de\/empresa\/cortijo-frias\/#primaryimage","url":"https:\/\/tierrasdecordoba.com\/wp-content\/uploads\/2021\/06\/frias-logo.png","contentUrl":"https:\/\/tierrasdecordoba.com\/wp-content\/uploads\/2021\/06\/frias-logo.png","width":185,"height":100},{"@type":"BreadcrumbList","@id":"https:\/\/tierrasdecordoba.com\/de\/empresa\/cortijo-frias\/#breadcrumb","itemListElement":[{"@type":"ListItem","position":1,"name":"Portada","item":"https:\/\/tierrasdecordoba.com\/de\/"},{"@type":"ListItem","position":2,"name":"Empresas","item":"https:\/\/tierrasdecordoba.com\/de\/empresas\/"},{"@type":"ListItem","position":3,"name":"Cortijo Fr\u00edas"}]},{"@type":"WebSite","@id":"https:\/\/tierrasdecordoba.com\/de\/#website","url":"https:\/\/tierrasdecordoba.com\/de\/","name":"Tierras de C\u00f3rdoba","description":"Casas Rurales C\u00f3rdoba, Actividades C\u00f3rdoba, Restaurantes C\u00f3rdoba","publisher":{"@id":"https:\/\/tierrasdecordoba.com\/de\/#organization"},"potentialAction":[{"@type":"SearchAction","target":{"@type":"EntryPoint","urlTemplate":"https:\/\/tierrasdecordoba.com\/de\/?s={search_term_string}"},"query-input":{"@type":"PropertyValueSpecification","valueRequired":true,"valueName":"search_term_string"}}],"inLanguage":"de"},{"@type":"Organization","@id":"https:\/\/tierrasdecordoba.com\/de\/#organization","name":"Tierras de C\u00f3rdoba","url":"https:\/\/tierrasdecordoba.com\/de\/","logo":{"@type":"ImageObject","inLanguage":"de","@id":"https:\/\/tierrasdecordoba.com\/de\/#\/schema\/logo\/image\/","url":"https:\/\/tierrasdecordoba.com\/wp-content\/uploads\/2021\/05\/logo-header.png","contentUrl":"https:\/\/tierrasdecordoba.com\/wp-content\/uploads\/2021\/05\/logo-header.png","width":191,"height":81,"caption":"Tierras de C\u00f3rdoba"},"image":{"@id":"https:\/\/tierrasdecordoba.com\/de\/#\/schema\/logo\/image\/"}}]}},"taxonomy_info":[],"featured_image_src_large":["https:\/\/tierrasdecordoba.com\/wp-content\/uploads\/2021\/06\/frias-logo.png",185,100,false],"author_info":[],"comment_info":"","_links":{"self":[{"href":"https:\/\/tierrasdecordoba.com\/de\/wp-json\/wp\/v2\/empresa\/880","targetHints":{"allow":["GET"]}}],"collection":[{"href":"https:\/\/tierrasdecordoba.com\/de\/wp-json\/wp\/v2\/empresa"}],"about":[{"href":"https:\/\/tierrasdecordoba.com\/de\/wp-json\/wp\/v2\/types\/empresa"}],"wp:featuredmedia":[{"embeddable":true,"href":"https:\/\/tierrasdecordoba.com\/de\/wp-json\/wp\/v2\/media\/1200"}],"wp:attachment":[{"href":"https:\/\/tierrasdecordoba.com\/de\/wp-json\/wp\/v2\/media?parent=880"}],"curies":[{"name":"wp","href":"https:\/\/api.w.org\/{rel}","templated":true}]}}