{"id":901,"date":"2021-06-07T11:59:24","date_gmt":"2021-06-07T09:59:24","guid":{"rendered":"https:\/\/tierrasdecordoba.com\/?post_type=empresa&#038;p=901"},"modified":"2021-10-08T17:21:17","modified_gmt":"2021-10-08T15:21:17","slug":"ceramica-alfar-escuela","status":"publish","type":"empresa","link":"https:\/\/tierrasdecordoba.com\/de\/empresa\/ceramica-alfar-escuela\/","title":{"rendered":"Cer\u00e1mica Alfar Escuela"},"content":{"rendered":"\n<p>Alfar Escuela es un proyecto promovido por el Taller de Cer\u00e1mica San Jos\u00e9. Este taller, situado en La Rambla, C\u00f3rdoba, lleva 6 generaciones trabajando con el barro de forma artesanal, y como muchos otros talleres, vienen del botijo. Cer\u00e1mica San Jos\u00e9 es una empresa familiar que conserva las destrezas del alfarero en el torno y el gusto en la decoraci\u00f3n a pincel. A d\u00eda de hoy, cuenta con una extensa diversidad de piezas, tanto pr\u00e1cticas como de decoraci\u00f3n.<\/p>\n\n\n\n<p>Alfar Escuela tiene como objetivo mostrar el arte del alfarero en el torno. Para ello, disponen de instalaciones de talleres did\u00e1cticos destinados tanto al p\u00fablico escolar como al visitante en general. De este modo, Cer\u00e1mica San Jos\u00e9 te da la oportunidad de convertirte en alfarero.<\/p>\n\n\n\n<h2 class=\"wp-block-heading\">Talleres Did\u00e1cticos y Visita Guiada\u00a0al Taller de Cer\u00e1mica San Jos\u00e9 y Alfar Escuela<\/h2>\n\n\n\n<div class=\"wp-block-image\"><figure class=\"aligncenter size-large\"><img loading=\"lazy\" decoding=\"async\" width=\"1024\" height=\"538\" src=\"https:\/\/tierrasdecordoba.com\/wp-content\/uploads\/2021\/06\/Alfarescuela-de-Ceramica-1024x538.jpg\" alt=\"\" class=\"wp-image-903\" srcset=\"https:\/\/tierrasdecordoba.com\/wp-content\/uploads\/2021\/06\/Alfarescuela-de-Ceramica-1024x538.jpg 1024w, https:\/\/tierrasdecordoba.com\/wp-content\/uploads\/2021\/06\/Alfarescuela-de-Ceramica-300x158.jpg 300w, https:\/\/tierrasdecordoba.com\/wp-content\/uploads\/2021\/06\/Alfarescuela-de-Ceramica-768x403.jpg 768w, https:\/\/tierrasdecordoba.com\/wp-content\/uploads\/2021\/06\/Alfarescuela-de-Ceramica-1536x807.jpg 1536w, https:\/\/tierrasdecordoba.com\/wp-content\/uploads\/2021\/06\/Alfarescuela-de-Ceramica-2048x1075.jpg 2048w, https:\/\/tierrasdecordoba.com\/wp-content\/uploads\/2021\/06\/Alfarescuela-de-Ceramica.jpg 1600w\" sizes=\"auto, (max-width: 1024px) 100vw, 1024px\" \/><\/figure><\/div>\n\n\n\n<p>Actualmente, Cer\u00e1mica San Jos\u00e9 ha lanzado una nueva iniciativa dirigida a asociaciones, ayuntamientos y colectivos: \u201cDivi\u00e9rtete con el barro\u201d. El prop\u00f3sito de este proyecto es, principalmente, disfrutar de un d\u00eda \u00fanico y original y aprender sobre el desconocido mundo de la cer\u00e1mica y el barro.<\/p>\n\n\n\n<p>Adem\u00e1s de ofrecer estos talleres did\u00e1cticos enfocados a la cultura y al arte del barro, Cer\u00e1mica San Jos\u00e9, te da la posibilidad de hacer una visita guiada por el taller. En el recorrido por sus instalaciones disfrutar\u00e1s del arte del alfarero en el torno y de la destreza de las decoradoras. Asimismo, descubrir\u00e1s el proceso de fabricaci\u00f3n de la cer\u00e1mica, aprender\u00e1s sobre la evoluci\u00f3n de la cer\u00e1mica y alfarer\u00eda ramble\u00f1a hasta nuestros d\u00edas y muchos detalles m\u00e1s.<\/p>\n\n\n\n<p>Lo mejor es que esta experiencia no acabar\u00eda ah\u00ed. Despu\u00e9s de la visita guiada por todos los rincones del Talle de Alfar Escuela, podr\u00e1s participar en tres talleres diferentes: Modelado, torno y decoraci\u00f3n.<\/p>\n\n\n\n<p>Al igual que la visita, de la mano de los monitores de Alfar Escuela, te guiar\u00e1n con indicaciones para realizar sobre la mesa de trabajo todo aquello que se te pase por la cabeza. Te ense\u00f1ar\u00e1n las diferentes t\u00e9cnicas como ahuecado, churros o colombines, planchas, decoraci\u00f3n, etc\u2026 Y, por supuesto, todo lo que realices con tus manos a lo largo del taller te lo podr\u00e1s llevar a tu casa.<\/p>\n\n\n\n<p>Alfar Escuela ofrece otras actividades dirigidas a diferentes p\u00fablicos. Estas son sus propuestas:&nbsp;<\/p>\n\n\n\n<ul class=\"wp-block-list\"><li>Talleres para centros educativos. La Escuela Alfar de Cer\u00e1micas San Jos\u00e9 ofrece la opci\u00f3n de trasladar los talleres did\u00e1cticos al propio centro.<\/li><li>Fiestas infantiles. Imagina celebrar el cumplea\u00f1os del peque\u00f1o de la casa divirti\u00e9ndose con sus amigos y jugando con el barro. \u00a1Suena bien!, \u00bfno?<\/li><li>Cursos personalizados. A trav\u00e9s de estos cursos te ense\u00f1ar\u00e1n una gran variedad de t\u00e9cnicas de cer\u00e1mica.<\/li><\/ul>\n\n\n\n<h2 class=\"wp-block-heading\">Cer\u00e1mica de Taller San Jos\u00e9<\/h2>\n\n\n\n<div class=\"wp-block-columns is-layout-flex wp-container-core-columns-is-layout-9d6595d7 wp-block-columns-is-layout-flex\">\n<div class=\"wp-block-column is-layout-flow wp-block-column-is-layout-flow\">\n<figure class=\"wp-block-image size-full\"><img loading=\"lazy\" decoding=\"async\" width=\"640\" height=\"960\" src=\"https:\/\/tierrasdecordoba.com\/wp-content\/uploads\/2021\/06\/alfar-9.jpg\" alt=\"\" class=\"wp-image-906\" srcset=\"https:\/\/tierrasdecordoba.com\/wp-content\/uploads\/2021\/06\/alfar-9.jpg 640w, https:\/\/tierrasdecordoba.com\/wp-content\/uploads\/2021\/06\/alfar-9-200x300.jpg 200w\" sizes=\"auto, (max-width: 640px) 100vw, 640px\" \/><\/figure>\n<\/div>\n\n\n\n<div class=\"wp-block-column is-layout-flow wp-block-column-is-layout-flow\">\n<p>Todas las piezas de Cer\u00e1mica San Jos\u00e9 est\u00e1n elaboradas a mano en torno alfarero con diferentes tipos de arcillas en funci\u00f3n del uso que se le vaya a dar:<\/p>\n\n\n\n<ul class=\"wp-block-list\"><li>Vajillas<\/li><li>Cer\u00e1mica utilitaria<\/li><li>Cer\u00e1mica decorativa<\/li><li>Cer\u00e1mica religiosa<\/li><\/ul>\n\n\n\n<p>Las t\u00e9cnicas que se llevan a cabo en el taller de Alfar Escuela son t\u00e9cnicas tradicionales basadas en la tradici\u00f3n familiar.<\/p>\n\n\n\n<p>Estas t\u00e9cnicas son bajo cubierta o sobre cubierta con decoraciones propias inspiradas en las cer\u00e1micas del Al-Andalus.<\/p>\n\n\n\n<p>Posteriormente, se terminan con esmaltes, que pueden ser mates, opacos y transparentes, y se cuecen a baja temperatura.<\/p>\n<\/div>\n<\/div>\n\n\n\n<h2 class=\"wp-block-heading\">Tienda Online de Cer\u00e1mica San Jos\u00e9<\/h2>\n\n\n\n<p>Cer\u00e1mica San Jos\u00e9 ha iniciado una nueva etapa y lanza su tienda online. Con esta nueva aventura, buscan que su cer\u00e1mica artesanal elaborada como manda la tradici\u00f3n familiar y con mucho cari\u00f1o e ilusi\u00f3n llegue a todos los hogares.<\/p>\n\n\n\n<div class=\"wp-block-columns is-layout-flex wp-container-core-columns-is-layout-9d6595d7 wp-block-columns-is-layout-flex\">\n<div class=\"wp-block-column is-layout-flow wp-block-column-is-layout-flow\">\n<div class=\"wp-block-image\"><figure class=\"aligncenter size-full\"><a href=\"https:\/\/ceramicasanjose.es\/tienda\/\" target=\"_blank\" rel=\"noopener\"><img loading=\"lazy\" decoding=\"async\" width=\"837\" height=\"609\" src=\"https:\/\/tierrasdecordoba.com\/wp-content\/uploads\/2021\/10\/alfar-escuela-tienda-online.jpg\" alt=\"\" class=\"wp-image-5113\" srcset=\"https:\/\/tierrasdecordoba.com\/wp-content\/uploads\/2021\/10\/alfar-escuela-tienda-online.jpg 837w, https:\/\/tierrasdecordoba.com\/wp-content\/uploads\/2021\/10\/alfar-escuela-tienda-online-300x218.jpg 300w, https:\/\/tierrasdecordoba.com\/wp-content\/uploads\/2021\/10\/alfar-escuela-tienda-online-768x559.jpg 768w\" sizes=\"auto, (max-width: 837px) 100vw, 837px\" \/><\/a><\/figure><\/div>\n<\/div>\n\n\n\n<div class=\"wp-block-column is-layout-flow wp-block-column-is-layout-flow\">\n<p>Entre los art\u00edculos que podr\u00e1s encontrar en la tienda online de Cer\u00e1micas San Jos\u00e9, est\u00e1n:\u00a0<\/p>\n\n\n\n<ul class=\"wp-block-list\"><li>L\u00e1mparas de Cer\u00e1mica, con originales dise\u00f1os hechas a mano<\/li><li>Platos de Decoraci\u00f3n de cer\u00e1mica artesanal<\/li><li>Incensario de Cer\u00e1mica Virgen del Carmen<\/li><li>Incensario Nazareno Blanco y Verde<\/li><li>Incensario de Cer\u00e1mica soy Capataz<\/li><li>Incensario de Cer\u00e1mica Virgen del Roc\u00edo<\/li><\/ul>\n<\/div>\n<\/div>\n\n\n\n<p>Si te interesa comprar alguno de sus productos, accede a la tienda online de Cer\u00e1mica San Jos\u00e9. Igualmente, puedes utilizar el formulario de contacto, que podr\u00e1s encontrar en su web oficial, para cualquier duda o cuesti\u00f3n.<\/p>\n","protected":false},"featured_media":1185,"template":"","meta":{"_acf_changed":false,"_kad_blocks_custom_css":"","_kad_blocks_head_custom_js":"","_kad_blocks_body_custom_js":"","_kad_blocks_footer_custom_js":"","_kad_post_transparent":"default","_kad_post_title":"default","_kad_post_layout":"default","_kad_post_sidebar_id":"","_kad_post_content_style":"default","_kad_post_vertical_padding":"default","_kad_post_feature":"","_kad_post_feature_position":"","_kad_post_header":false,"_kad_post_footer":false,"_kad_post_classname":""},"class_list":["post-901","empresa","type-empresa","status-publish","has-post-thumbnail","hentry"],"acf":[],"yoast_head":"<!-- This site is optimized with the Yoast SEO plugin v26.4 - https:\/\/yoast.com\/wordpress\/plugins\/seo\/ -->\n<title>Cer\u00e1mica Alfar Escuela<\/title>\n<meta name=\"robots\" content=\"index, follow, max-snippet:-1, max-image-preview:large, max-video-preview:-1\" \/>\n<link rel=\"canonical\" href=\"https:\/\/tierrasdecordoba.com\/de\/empresa\/ceramica-alfar-escuela\/\" \/>\n<meta property=\"og:locale\" content=\"de_DE\" \/>\n<meta property=\"og:type\" content=\"article\" \/>\n<meta property=\"og:title\" content=\"Cer\u00e1mica Alfar Escuela\" \/>\n<meta property=\"og:description\" content=\"Alfar Escuela es un proyecto promovido por el Taller de Cer\u00e1mica San Jos\u00e9. Este taller, situado en La Rambla, C\u00f3rdoba, lleva 6 generaciones trabajando con el barro de forma artesanal, y como muchos otros talleres, vienen del botijo. Cer\u00e1mica San Jos\u00e9 es una empresa familiar que conserva las destrezas del alfarero en el torno y...\" \/>\n<meta property=\"og:url\" content=\"https:\/\/tierrasdecordoba.com\/de\/empresa\/ceramica-alfar-escuela\/\" \/>\n<meta property=\"og:site_name\" content=\"Tierras de C\u00f3rdoba\" \/>\n<meta property=\"article:modified_time\" content=\"2021-10-08T15:21:17+00:00\" \/>\n<meta property=\"og:image\" content=\"https:\/\/tierrasdecordoba.com\/wp-content\/uploads\/2021\/06\/alfar-san-jose.jpg\" \/>\n\t<meta property=\"og:image:width\" content=\"132\" \/>\n\t<meta property=\"og:image:height\" content=\"130\" \/>\n\t<meta property=\"og:image:type\" content=\"image\/jpeg\" \/>\n<meta name=\"twitter:card\" content=\"summary_large_image\" \/>\n<meta name=\"twitter:label1\" content=\"Gesch\u00e4tzte Lesezeit\" \/>\n\t<meta name=\"twitter:data1\" content=\"4\u00a0Minuten\" \/>\n<script type=\"application\/ld+json\" class=\"yoast-schema-graph\">{\"@context\":\"https:\/\/schema.org\",\"@graph\":[{\"@type\":\"WebPage\",\"@id\":\"https:\/\/tierrasdecordoba.com\/de\/empresa\/ceramica-alfar-escuela\/\",\"url\":\"https:\/\/tierrasdecordoba.com\/de\/empresa\/ceramica-alfar-escuela\/\",\"name\":\"Cer\u00e1mica Alfar Escuela\",\"isPartOf\":{\"@id\":\"https:\/\/tierrasdecordoba.com\/de\/#website\"},\"primaryImageOfPage\":{\"@id\":\"https:\/\/tierrasdecordoba.com\/de\/empresa\/ceramica-alfar-escuela\/#primaryimage\"},\"image\":{\"@id\":\"https:\/\/tierrasdecordoba.com\/de\/empresa\/ceramica-alfar-escuela\/#primaryimage\"},\"thumbnailUrl\":\"https:\/\/tierrasdecordoba.com\/wp-content\/uploads\/2021\/06\/alfar-san-jose.jpg\",\"datePublished\":\"2021-06-07T09:59:24+00:00\",\"dateModified\":\"2021-10-08T15:21:17+00:00\",\"breadcrumb\":{\"@id\":\"https:\/\/tierrasdecordoba.com\/de\/empresa\/ceramica-alfar-escuela\/#breadcrumb\"},\"inLanguage\":\"de\",\"potentialAction\":[{\"@type\":\"ReadAction\",\"target\":[\"https:\/\/tierrasdecordoba.com\/de\/empresa\/ceramica-alfar-escuela\/\"]}]},{\"@type\":\"ImageObject\",\"inLanguage\":\"de\",\"@id\":\"https:\/\/tierrasdecordoba.com\/de\/empresa\/ceramica-alfar-escuela\/#primaryimage\",\"url\":\"https:\/\/tierrasdecordoba.com\/wp-content\/uploads\/2021\/06\/alfar-san-jose.jpg\",\"contentUrl\":\"https:\/\/tierrasdecordoba.com\/wp-content\/uploads\/2021\/06\/alfar-san-jose.jpg\",\"width\":132,\"height\":130},{\"@type\":\"BreadcrumbList\",\"@id\":\"https:\/\/tierrasdecordoba.com\/de\/empresa\/ceramica-alfar-escuela\/#breadcrumb\",\"itemListElement\":[{\"@type\":\"ListItem\",\"position\":1,\"name\":\"Portada\",\"item\":\"https:\/\/tierrasdecordoba.com\/de\/\"},{\"@type\":\"ListItem\",\"position\":2,\"name\":\"Empresas\",\"item\":\"https:\/\/tierrasdecordoba.com\/de\/empresas\/\"},{\"@type\":\"ListItem\",\"position\":3,\"name\":\"Cer\u00e1mica Alfar Escuela\"}]},{\"@type\":\"WebSite\",\"@id\":\"https:\/\/tierrasdecordoba.com\/de\/#website\",\"url\":\"https:\/\/tierrasdecordoba.com\/de\/\",\"name\":\"Tierras de C\u00f3rdoba\",\"description\":\"Casas Rurales C\u00f3rdoba, Actividades C\u00f3rdoba, Restaurantes C\u00f3rdoba\",\"publisher\":{\"@id\":\"https:\/\/tierrasdecordoba.com\/de\/#organization\"},\"potentialAction\":[{\"@type\":\"SearchAction\",\"target\":{\"@type\":\"EntryPoint\",\"urlTemplate\":\"https:\/\/tierrasdecordoba.com\/de\/?s={search_term_string}\"},\"query-input\":{\"@type\":\"PropertyValueSpecification\",\"valueRequired\":true,\"valueName\":\"search_term_string\"}}],\"inLanguage\":\"de\"},{\"@type\":\"Organization\",\"@id\":\"https:\/\/tierrasdecordoba.com\/de\/#organization\",\"name\":\"Tierras de C\u00f3rdoba\",\"url\":\"https:\/\/tierrasdecordoba.com\/de\/\",\"logo\":{\"@type\":\"ImageObject\",\"inLanguage\":\"de\",\"@id\":\"https:\/\/tierrasdecordoba.com\/de\/#\/schema\/logo\/image\/\",\"url\":\"https:\/\/tierrasdecordoba.com\/wp-content\/uploads\/2021\/05\/logo-header.png\",\"contentUrl\":\"https:\/\/tierrasdecordoba.com\/wp-content\/uploads\/2021\/05\/logo-header.png\",\"width\":191,\"height\":81,\"caption\":\"Tierras de C\u00f3rdoba\"},\"image\":{\"@id\":\"https:\/\/tierrasdecordoba.com\/de\/#\/schema\/logo\/image\/\"}}]}<\/script>\n<!-- \/ Yoast SEO plugin. -->","yoast_head_json":{"title":"Cer\u00e1mica Alfar Escuela","robots":{"index":"index","follow":"follow","max-snippet":"max-snippet:-1","max-image-preview":"max-image-preview:large","max-video-preview":"max-video-preview:-1"},"canonical":"https:\/\/tierrasdecordoba.com\/de\/empresa\/ceramica-alfar-escuela\/","og_locale":"de_DE","og_type":"article","og_title":"Cer\u00e1mica Alfar Escuela","og_description":"Alfar Escuela es un proyecto promovido por el Taller de Cer\u00e1mica San Jos\u00e9. Este taller, situado en La Rambla, C\u00f3rdoba, lleva 6 generaciones trabajando con el barro de forma artesanal, y como muchos otros talleres, vienen del botijo. Cer\u00e1mica San Jos\u00e9 es una empresa familiar que conserva las destrezas del alfarero en el torno y...","og_url":"https:\/\/tierrasdecordoba.com\/de\/empresa\/ceramica-alfar-escuela\/","og_site_name":"Tierras de C\u00f3rdoba","article_modified_time":"2021-10-08T15:21:17+00:00","og_image":[{"width":132,"height":130,"url":"https:\/\/tierrasdecordoba.com\/wp-content\/uploads\/2021\/06\/alfar-san-jose.jpg","type":"image\/jpeg"}],"twitter_card":"summary_large_image","twitter_misc":{"Gesch\u00e4tzte Lesezeit":"4\u00a0Minuten"},"schema":{"@context":"https:\/\/schema.org","@graph":[{"@type":"WebPage","@id":"https:\/\/tierrasdecordoba.com\/de\/empresa\/ceramica-alfar-escuela\/","url":"https:\/\/tierrasdecordoba.com\/de\/empresa\/ceramica-alfar-escuela\/","name":"Cer\u00e1mica Alfar Escuela","isPartOf":{"@id":"https:\/\/tierrasdecordoba.com\/de\/#website"},"primaryImageOfPage":{"@id":"https:\/\/tierrasdecordoba.com\/de\/empresa\/ceramica-alfar-escuela\/#primaryimage"},"image":{"@id":"https:\/\/tierrasdecordoba.com\/de\/empresa\/ceramica-alfar-escuela\/#primaryimage"},"thumbnailUrl":"https:\/\/tierrasdecordoba.com\/wp-content\/uploads\/2021\/06\/alfar-san-jose.jpg","datePublished":"2021-06-07T09:59:24+00:00","dateModified":"2021-10-08T15:21:17+00:00","breadcrumb":{"@id":"https:\/\/tierrasdecordoba.com\/de\/empresa\/ceramica-alfar-escuela\/#breadcrumb"},"inLanguage":"de","potentialAction":[{"@type":"ReadAction","target":["https:\/\/tierrasdecordoba.com\/de\/empresa\/ceramica-alfar-escuela\/"]}]},{"@type":"ImageObject","inLanguage":"de","@id":"https:\/\/tierrasdecordoba.com\/de\/empresa\/ceramica-alfar-escuela\/#primaryimage","url":"https:\/\/tierrasdecordoba.com\/wp-content\/uploads\/2021\/06\/alfar-san-jose.jpg","contentUrl":"https:\/\/tierrasdecordoba.com\/wp-content\/uploads\/2021\/06\/alfar-san-jose.jpg","width":132,"height":130},{"@type":"BreadcrumbList","@id":"https:\/\/tierrasdecordoba.com\/de\/empresa\/ceramica-alfar-escuela\/#breadcrumb","itemListElement":[{"@type":"ListItem","position":1,"name":"Portada","item":"https:\/\/tierrasdecordoba.com\/de\/"},{"@type":"ListItem","position":2,"name":"Empresas","item":"https:\/\/tierrasdecordoba.com\/de\/empresas\/"},{"@type":"ListItem","position":3,"name":"Cer\u00e1mica Alfar Escuela"}]},{"@type":"WebSite","@id":"https:\/\/tierrasdecordoba.com\/de\/#website","url":"https:\/\/tierrasdecordoba.com\/de\/","name":"Tierras de C\u00f3rdoba","description":"Casas Rurales C\u00f3rdoba, Actividades C\u00f3rdoba, Restaurantes C\u00f3rdoba","publisher":{"@id":"https:\/\/tierrasdecordoba.com\/de\/#organization"},"potentialAction":[{"@type":"SearchAction","target":{"@type":"EntryPoint","urlTemplate":"https:\/\/tierrasdecordoba.com\/de\/?s={search_term_string}"},"query-input":{"@type":"PropertyValueSpecification","valueRequired":true,"valueName":"search_term_string"}}],"inLanguage":"de"},{"@type":"Organization","@id":"https:\/\/tierrasdecordoba.com\/de\/#organization","name":"Tierras de C\u00f3rdoba","url":"https:\/\/tierrasdecordoba.com\/de\/","logo":{"@type":"ImageObject","inLanguage":"de","@id":"https:\/\/tierrasdecordoba.com\/de\/#\/schema\/logo\/image\/","url":"https:\/\/tierrasdecordoba.com\/wp-content\/uploads\/2021\/05\/logo-header.png","contentUrl":"https:\/\/tierrasdecordoba.com\/wp-content\/uploads\/2021\/05\/logo-header.png","width":191,"height":81,"caption":"Tierras de C\u00f3rdoba"},"image":{"@id":"https:\/\/tierrasdecordoba.com\/de\/#\/schema\/logo\/image\/"}}]}},"taxonomy_info":[],"featured_image_src_large":["https:\/\/tierrasdecordoba.com\/wp-content\/uploads\/2021\/06\/alfar-san-jose.jpg",132,130,false],"author_info":[],"comment_info":"","_links":{"self":[{"href":"https:\/\/tierrasdecordoba.com\/de\/wp-json\/wp\/v2\/empresa\/901","targetHints":{"allow":["GET"]}}],"collection":[{"href":"https:\/\/tierrasdecordoba.com\/de\/wp-json\/wp\/v2\/empresa"}],"about":[{"href":"https:\/\/tierrasdecordoba.com\/de\/wp-json\/wp\/v2\/types\/empresa"}],"wp:featuredmedia":[{"embeddable":true,"href":"https:\/\/tierrasdecordoba.com\/de\/wp-json\/wp\/v2\/media\/1185"}],"wp:attachment":[{"href":"https:\/\/tierrasdecordoba.com\/de\/wp-json\/wp\/v2\/media?parent=901"}],"curies":[{"name":"wp","href":"https:\/\/api.w.org\/{rel}","templated":true}]}}