{"id":7083,"date":"2021-06-07T11:37:02","date_gmt":"2021-06-07T09:37:02","guid":{"rendered":"https:\/\/tierrasdecordoba.com\/empresa\/lagar-la-primilla\/"},"modified":"2021-12-03T18:01:13","modified_gmt":"2021-12-03T17:01:13","slug":"lagar-la-primilla","status":"publish","type":"empresa","link":"https:\/\/tierrasdecordoba.com\/en\/business\/lagar-la-primilla\/","title":{"rendered":"Lagar La Primilla"},"content":{"rendered":"\n<p>Guided tour of the winery with a tasting of five wines and a wine-making workshop, with a choice of tapas at the end of the visit.<\/p>\n\n\n\n<p>Ask for a quote and availability in advance by calling 680 46 40 97, contact Charo.<\/p>\n\n\n\n<h2 class=\"wp-block-heading\">Lagar La Primilla &#8211; Experts in wine production<\/h2>\n\n\n\n<div class=\"wp-block-columns is-layout-flex wp-container-core-columns-is-layout-9d6595d7 wp-block-columns-is-layout-flex\">\n<div class=\"wp-block-column is-layout-flow wp-block-column-is-layout-flow\">\n<div class=\"wp-block-image\"><figure class=\"aligncenter size-full\"><img loading=\"lazy\" decoding=\"async\" width=\"540\" height=\"360\" src=\"https:\/\/tierrasdecordoba.com\/wp-content\/uploads\/2021\/10\/lagar-la-primilla.jpg\" alt=\"\" class=\"wp-image-3941\" srcset=\"https:\/\/tierrasdecordoba.com\/wp-content\/uploads\/2021\/10\/lagar-la-primilla.jpg 540w, https:\/\/tierrasdecordoba.com\/wp-content\/uploads\/2021\/10\/lagar-la-primilla-300x200.jpg 300w\" sizes=\"auto, (max-width: 540px) 100vw, 540px\" \/><\/figure><\/div>\n<\/div>\n\n\n\n<div class=\"wp-block-column is-layout-flow wp-block-column-is-layout-flow\">\n<p>Lagar La Primilla is located in Montilla, in the south of the province of Cordoba, as are its vineyards, which form part of the Montilla-Moriles Designation of Origin.<\/p>\n\n\n\n<p>La Primilla has specialised in the wine production process since the end of the 19th century and is now the fourth and fifth generation of winemakers.<\/p>\n\n\n\n<p>The Lagar La Primilla wines are &#8220;vinos en rama&#8221;. This means that they are wines that have not undergone stabilisation processes. In this way, wines are obtained that retain their aroma and flavour in their entirety, or what could also be called wines in their pure state.<\/p>\n<\/div>\n<\/div>\n\n\n\n<h2 class=\"wp-block-heading\">A winery with a winery designation of origin<\/h2>\n\n\n\n<div class=\"wp-block-columns is-layout-flex wp-container-core-columns-is-layout-9d6595d7 wp-block-columns-is-layout-flex\">\n<div class=\"wp-block-column is-layout-flow wp-block-column-is-layout-flow\">\n<div class=\"wp-block-image\"><figure class=\"aligncenter size-full\"><img loading=\"lazy\" decoding=\"async\" width=\"500\" height=\"333\" src=\"https:\/\/tierrasdecordoba.com\/wp-content\/uploads\/2021\/10\/lagar-la-primilla-bodegas.jpg\" alt=\"\" class=\"wp-image-3946\" srcset=\"https:\/\/tierrasdecordoba.com\/wp-content\/uploads\/2021\/10\/lagar-la-primilla-bodegas.jpg 500w, https:\/\/tierrasdecordoba.com\/wp-content\/uploads\/2021\/10\/lagar-la-primilla-bodegas-300x200.jpg 300w\" sizes=\"auto, (max-width: 500px) 100vw, 500px\" \/><\/figure><\/div>\n<\/div>\n\n\n\n<div class=\"wp-block-column is-layout-flow wp-block-column-is-layout-flow\">\n<p>La Primilla is one of the few wineries that still maintains the name &#8220;lagar&#8221; in its name.<\/p>\n\n\n\n<p>The &#8220;lagar&#8221; is the press where the grapes were crushed in the past, and consequently, the building in which the press was stored.\u00a0<\/p>\n\n\n\n<p>Throughout the history of La Primilla, each generation has faced different challenges, such as, for example, the phylloxera plague, considered the greatest enemy of the vine, which almost wiped out all of La Primilla&#8217;s vineyards as it did in the rest of Europe. Or the modernisation of machinery and the launch of new productions.<\/p>\n<\/div>\n<\/div>\n\n\n\n<h2 class=\"wp-block-heading\">La Primilla vineyards<\/h2>\n\n\n\n<div class=\"wp-block-columns is-layout-flex wp-container-core-columns-is-layout-9d6595d7 wp-block-columns-is-layout-flex\">\n<div class=\"wp-block-column is-layout-flow wp-block-column-is-layout-flow\">\n<div class=\"wp-block-image\"><figure class=\"aligncenter size-full\"><img loading=\"lazy\" decoding=\"async\" width=\"500\" height=\"350\" src=\"https:\/\/tierrasdecordoba.com\/wp-content\/uploads\/2021\/10\/lagar-la-primilla-vinedos.jpg\" alt=\"\" class=\"wp-image-3950\" srcset=\"https:\/\/tierrasdecordoba.com\/wp-content\/uploads\/2021\/10\/lagar-la-primilla-vinedos.jpg 500w, https:\/\/tierrasdecordoba.com\/wp-content\/uploads\/2021\/10\/lagar-la-primilla-vinedos-300x210.jpg 300w\" sizes=\"auto, (max-width: 500px) 100vw, 500px\" \/><\/figure><\/div>\n<\/div>\n\n\n\n<div class=\"wp-block-column is-layout-flow wp-block-column-is-layout-flow\">\n<p>The vineyards of La Primilla grow along the Sierra de Montilla, which is located in a Superior Quality Subzone.<\/p>\n\n\n\n<p>This area is characterised by its albariza soils rich in calcium carbonate capable of absorbing up to 30% of humidity, the microclimate and sloping terrain, which makes it an ideal area for the growth of vineyards.<\/p>\n<\/div>\n<\/div>\n\n\n\n<h2 class=\"wp-block-heading\">Guided tours of the Lagar La Primilla winery<\/h2>\n\n\n\n<figure class=\"wp-block-embed is-type-video is-provider-youtube wp-block-embed-youtube wp-embed-aspect-16-9 wp-has-aspect-ratio\"><div class=\"wp-block-embed__wrapper\">\n<iframe loading=\"lazy\" title=\"Lagar La Primilla\" width=\"720\" height=\"405\" src=\"https:\/\/www.youtube.com\/embed\/6FHdYi4Kxs4?feature=oembed\" frameborder=\"0\" allow=\"accelerometer; autoplay; clipboard-write; encrypted-media; gyroscope; picture-in-picture\" allowfullscreen><\/iframe>\n<\/div><\/figure>\n\n\n\n<p>Lagar La Primilla offers guided tours for wine and viticulture lovers. In addition, you can enjoy the charm of the property and its architectural layout that will transport you to the magic of the wine presses of more than half a century ago. These are the services offered:\u00a0<\/p>\n\n\n\n<ul class=\"wp-block-list\"><li>Visit with tasting &#8211; 10 EUR per person<\/li><li>Tapas tour &#8211; from 19 EUR per person<\/li><li>Visit with lunch &#8211; from 30 EUR per person<\/li><li>Children&#8217;s entertainer &#8211; ask for a quote<\/li><\/ul>\n\n\n\n<p>Guided tours are available in different languages: Spanish, English, French and Dutch. If you are interested in visiting El Lagar La Primilla, please fill in the form on the winery&#8217;s official website or call the telephone number indicated.<\/p>\n\n\n\n<h2 class=\"wp-block-heading\">The Lagar La Primilla online wine shop<\/h2>\n\n\n\n<p>We also recommend that you visit the official website of Lagar Las Primillas and access its <a href=\"https:\/\/laprimilla.com\/collections\/all\" data-type=\"URL\" data-id=\"https:\/\/laprimilla.com\/collections\/all\" target=\"_blank\" rel=\"noreferrer noopener\">Online Shop<\/a>, where you can see and buy all its products:<\/p>\n\n\n\n<ul class=\"wp-block-list\"><li>Olive Oil<\/li><li>Amontillado Wine<\/li><li>Tinaja Wine<\/li><li>Sweet Pedro Xim\u00e9nez Wine<\/li><li>Vino Fino El Laurel<\/li><li>Eterna Sonrisa Frizzante Wine<\/li><li>Young Wine<\/li><\/ul>\n","protected":false},"featured_media":7086,"template":"","meta":{"_acf_changed":false,"_kad_blocks_custom_css":"","_kad_blocks_head_custom_js":"","_kad_blocks_body_custom_js":"","_kad_blocks_footer_custom_js":"","_kad_post_transparent":"default","_kad_post_title":"default","_kad_post_layout":"default","_kad_post_sidebar_id":"","_kad_post_content_style":"default","_kad_post_vertical_padding":"default","_kad_post_feature":"","_kad_post_feature_position":"","_kad_post_header":false,"_kad_post_footer":false,"_kad_post_classname":""},"class_list":["post-7083","empresa","type-empresa","status-publish","has-post-thumbnail","hentry"],"acf":[],"yoast_head":"<!-- This site is optimized with the Yoast SEO plugin v26.4 - https:\/\/yoast.com\/wordpress\/plugins\/seo\/ -->\n<title>Lagar La Primilla<\/title>\n<meta name=\"robots\" content=\"index, follow, max-snippet:-1, max-image-preview:large, max-video-preview:-1\" \/>\n<link rel=\"canonical\" href=\"https:\/\/tierrasdecordoba.com\/en\/business\/lagar-la-primilla\/\" \/>\n<meta property=\"og:locale\" content=\"en_US\" \/>\n<meta property=\"og:type\" content=\"article\" \/>\n<meta property=\"og:title\" content=\"Lagar La Primilla\" \/>\n<meta property=\"og:description\" content=\"Guided tour of the winery with a tasting of five wines and a wine-making workshop, with a choice of tapas at the end of the visit. Ask for a quote and availability in advance by calling 680 46 40 97, contact Charo. Lagar La Primilla &#8211; Experts in wine production Lagar La Primilla is located...\" \/>\n<meta property=\"og:url\" content=\"https:\/\/tierrasdecordoba.com\/en\/business\/lagar-la-primilla\/\" \/>\n<meta property=\"og:site_name\" content=\"Tierras de C\u00f3rdoba\" \/>\n<meta property=\"article:modified_time\" content=\"2021-12-03T17:01:13+00:00\" \/>\n<meta property=\"og:image\" content=\"https:\/\/tierrasdecordoba.com\/wp-content\/uploads\/2021\/06\/lagar-la-primilla-768x688-2.jpg\" \/>\n\t<meta property=\"og:image:width\" content=\"768\" \/>\n\t<meta property=\"og:image:height\" content=\"688\" \/>\n\t<meta property=\"og:image:type\" content=\"image\/jpeg\" \/>\n<meta name=\"twitter:card\" content=\"summary_large_image\" \/>\n<meta name=\"twitter:label1\" content=\"Est. reading time\" \/>\n\t<meta name=\"twitter:data1\" content=\"2 minutes\" \/>\n<script type=\"application\/ld+json\" class=\"yoast-schema-graph\">{\"@context\":\"https:\/\/schema.org\",\"@graph\":[{\"@type\":\"WebPage\",\"@id\":\"https:\/\/tierrasdecordoba.com\/en\/business\/lagar-la-primilla\/\",\"url\":\"https:\/\/tierrasdecordoba.com\/en\/business\/lagar-la-primilla\/\",\"name\":\"Lagar La Primilla\",\"isPartOf\":{\"@id\":\"https:\/\/tierrasdecordoba.com\/en\/#website\"},\"primaryImageOfPage\":{\"@id\":\"https:\/\/tierrasdecordoba.com\/en\/business\/lagar-la-primilla\/#primaryimage\"},\"image\":{\"@id\":\"https:\/\/tierrasdecordoba.com\/en\/business\/lagar-la-primilla\/#primaryimage\"},\"thumbnailUrl\":\"https:\/\/tierrasdecordoba.com\/wp-content\/uploads\/2021\/06\/lagar-la-primilla-768x688-2.jpg\",\"datePublished\":\"2021-06-07T09:37:02+00:00\",\"dateModified\":\"2021-12-03T17:01:13+00:00\",\"breadcrumb\":{\"@id\":\"https:\/\/tierrasdecordoba.com\/en\/business\/lagar-la-primilla\/#breadcrumb\"},\"inLanguage\":\"en-US\",\"potentialAction\":[{\"@type\":\"ReadAction\",\"target\":[\"https:\/\/tierrasdecordoba.com\/en\/business\/lagar-la-primilla\/\"]}]},{\"@type\":\"ImageObject\",\"inLanguage\":\"en-US\",\"@id\":\"https:\/\/tierrasdecordoba.com\/en\/business\/lagar-la-primilla\/#primaryimage\",\"url\":\"https:\/\/tierrasdecordoba.com\/wp-content\/uploads\/2021\/06\/lagar-la-primilla-768x688-2.jpg\",\"contentUrl\":\"https:\/\/tierrasdecordoba.com\/wp-content\/uploads\/2021\/06\/lagar-la-primilla-768x688-2.jpg\",\"width\":768,\"height\":688},{\"@type\":\"BreadcrumbList\",\"@id\":\"https:\/\/tierrasdecordoba.com\/en\/business\/lagar-la-primilla\/#breadcrumb\",\"itemListElement\":[{\"@type\":\"ListItem\",\"position\":1,\"name\":\"Portada\",\"item\":\"https:\/\/tierrasdecordoba.com\/en\/\"},{\"@type\":\"ListItem\",\"position\":2,\"name\":\"Empresas\",\"item\":\"https:\/\/tierrasdecordoba.com\/en\/empresas\/\"},{\"@type\":\"ListItem\",\"position\":3,\"name\":\"Lagar La Primilla\"}]},{\"@type\":\"WebSite\",\"@id\":\"https:\/\/tierrasdecordoba.com\/en\/#website\",\"url\":\"https:\/\/tierrasdecordoba.com\/en\/\",\"name\":\"Tierras de C\u00f3rdoba\",\"description\":\"Casas Rurales C\u00f3rdoba, Actividades C\u00f3rdoba, Restaurantes C\u00f3rdoba\",\"publisher\":{\"@id\":\"https:\/\/tierrasdecordoba.com\/en\/#organization\"},\"potentialAction\":[{\"@type\":\"SearchAction\",\"target\":{\"@type\":\"EntryPoint\",\"urlTemplate\":\"https:\/\/tierrasdecordoba.com\/en\/?s={search_term_string}\"},\"query-input\":{\"@type\":\"PropertyValueSpecification\",\"valueRequired\":true,\"valueName\":\"search_term_string\"}}],\"inLanguage\":\"en-US\"},{\"@type\":\"Organization\",\"@id\":\"https:\/\/tierrasdecordoba.com\/en\/#organization\",\"name\":\"Tierras de C\u00f3rdoba\",\"url\":\"https:\/\/tierrasdecordoba.com\/en\/\",\"logo\":{\"@type\":\"ImageObject\",\"inLanguage\":\"en-US\",\"@id\":\"https:\/\/tierrasdecordoba.com\/en\/#\/schema\/logo\/image\/\",\"url\":\"https:\/\/tierrasdecordoba.com\/wp-content\/uploads\/2021\/05\/logo-header.png\",\"contentUrl\":\"https:\/\/tierrasdecordoba.com\/wp-content\/uploads\/2021\/05\/logo-header.png\",\"width\":191,\"height\":81,\"caption\":\"Tierras de C\u00f3rdoba\"},\"image\":{\"@id\":\"https:\/\/tierrasdecordoba.com\/en\/#\/schema\/logo\/image\/\"}}]}<\/script>\n<!-- \/ Yoast SEO plugin. -->","yoast_head_json":{"title":"Lagar La Primilla","robots":{"index":"index","follow":"follow","max-snippet":"max-snippet:-1","max-image-preview":"max-image-preview:large","max-video-preview":"max-video-preview:-1"},"canonical":"https:\/\/tierrasdecordoba.com\/en\/business\/lagar-la-primilla\/","og_locale":"en_US","og_type":"article","og_title":"Lagar La Primilla","og_description":"Guided tour of the winery with a tasting of five wines and a wine-making workshop, with a choice of tapas at the end of the visit. Ask for a quote and availability in advance by calling 680 46 40 97, contact Charo. Lagar La Primilla &#8211; Experts in wine production Lagar La Primilla is located...","og_url":"https:\/\/tierrasdecordoba.com\/en\/business\/lagar-la-primilla\/","og_site_name":"Tierras de C\u00f3rdoba","article_modified_time":"2021-12-03T17:01:13+00:00","og_image":[{"width":768,"height":688,"url":"https:\/\/tierrasdecordoba.com\/wp-content\/uploads\/2021\/06\/lagar-la-primilla-768x688-2.jpg","type":"image\/jpeg"}],"twitter_card":"summary_large_image","twitter_misc":{"Est. reading time":"2 minutes"},"schema":{"@context":"https:\/\/schema.org","@graph":[{"@type":"WebPage","@id":"https:\/\/tierrasdecordoba.com\/en\/business\/lagar-la-primilla\/","url":"https:\/\/tierrasdecordoba.com\/en\/business\/lagar-la-primilla\/","name":"Lagar La Primilla","isPartOf":{"@id":"https:\/\/tierrasdecordoba.com\/en\/#website"},"primaryImageOfPage":{"@id":"https:\/\/tierrasdecordoba.com\/en\/business\/lagar-la-primilla\/#primaryimage"},"image":{"@id":"https:\/\/tierrasdecordoba.com\/en\/business\/lagar-la-primilla\/#primaryimage"},"thumbnailUrl":"https:\/\/tierrasdecordoba.com\/wp-content\/uploads\/2021\/06\/lagar-la-primilla-768x688-2.jpg","datePublished":"2021-06-07T09:37:02+00:00","dateModified":"2021-12-03T17:01:13+00:00","breadcrumb":{"@id":"https:\/\/tierrasdecordoba.com\/en\/business\/lagar-la-primilla\/#breadcrumb"},"inLanguage":"en-US","potentialAction":[{"@type":"ReadAction","target":["https:\/\/tierrasdecordoba.com\/en\/business\/lagar-la-primilla\/"]}]},{"@type":"ImageObject","inLanguage":"en-US","@id":"https:\/\/tierrasdecordoba.com\/en\/business\/lagar-la-primilla\/#primaryimage","url":"https:\/\/tierrasdecordoba.com\/wp-content\/uploads\/2021\/06\/lagar-la-primilla-768x688-2.jpg","contentUrl":"https:\/\/tierrasdecordoba.com\/wp-content\/uploads\/2021\/06\/lagar-la-primilla-768x688-2.jpg","width":768,"height":688},{"@type":"BreadcrumbList","@id":"https:\/\/tierrasdecordoba.com\/en\/business\/lagar-la-primilla\/#breadcrumb","itemListElement":[{"@type":"ListItem","position":1,"name":"Portada","item":"https:\/\/tierrasdecordoba.com\/en\/"},{"@type":"ListItem","position":2,"name":"Empresas","item":"https:\/\/tierrasdecordoba.com\/en\/empresas\/"},{"@type":"ListItem","position":3,"name":"Lagar La Primilla"}]},{"@type":"WebSite","@id":"https:\/\/tierrasdecordoba.com\/en\/#website","url":"https:\/\/tierrasdecordoba.com\/en\/","name":"Tierras de C\u00f3rdoba","description":"Casas Rurales C\u00f3rdoba, Actividades C\u00f3rdoba, Restaurantes C\u00f3rdoba","publisher":{"@id":"https:\/\/tierrasdecordoba.com\/en\/#organization"},"potentialAction":[{"@type":"SearchAction","target":{"@type":"EntryPoint","urlTemplate":"https:\/\/tierrasdecordoba.com\/en\/?s={search_term_string}"},"query-input":{"@type":"PropertyValueSpecification","valueRequired":true,"valueName":"search_term_string"}}],"inLanguage":"en-US"},{"@type":"Organization","@id":"https:\/\/tierrasdecordoba.com\/en\/#organization","name":"Tierras de C\u00f3rdoba","url":"https:\/\/tierrasdecordoba.com\/en\/","logo":{"@type":"ImageObject","inLanguage":"en-US","@id":"https:\/\/tierrasdecordoba.com\/en\/#\/schema\/logo\/image\/","url":"https:\/\/tierrasdecordoba.com\/wp-content\/uploads\/2021\/05\/logo-header.png","contentUrl":"https:\/\/tierrasdecordoba.com\/wp-content\/uploads\/2021\/05\/logo-header.png","width":191,"height":81,"caption":"Tierras de C\u00f3rdoba"},"image":{"@id":"https:\/\/tierrasdecordoba.com\/en\/#\/schema\/logo\/image\/"}}]}},"taxonomy_info":[],"featured_image_src_large":["https:\/\/tierrasdecordoba.com\/wp-content\/uploads\/2021\/06\/lagar-la-primilla-768x688-2.jpg",768,688,false],"author_info":[],"comment_info":"","_links":{"self":[{"href":"https:\/\/tierrasdecordoba.com\/en\/wp-json\/wp\/v2\/empresa\/7083","targetHints":{"allow":["GET"]}}],"collection":[{"href":"https:\/\/tierrasdecordoba.com\/en\/wp-json\/wp\/v2\/empresa"}],"about":[{"href":"https:\/\/tierrasdecordoba.com\/en\/wp-json\/wp\/v2\/types\/empresa"}],"wp:featuredmedia":[{"embeddable":true,"href":"https:\/\/tierrasdecordoba.com\/en\/wp-json\/wp\/v2\/media\/7086"}],"wp:attachment":[{"href":"https:\/\/tierrasdecordoba.com\/en\/wp-json\/wp\/v2\/media?parent=7083"}],"curies":[{"name":"wp","href":"https:\/\/api.w.org\/{rel}","templated":true}]}}