{"id":7943,"date":"2021-06-07T12:54:00","date_gmt":"2021-06-07T10:54:00","guid":{"rendered":"https:\/\/tierrasdecordoba.com\/empresa\/casa-el-lago\/"},"modified":"2022-02-08T13:47:33","modified_gmt":"2022-02-08T12:47:33","slug":"casa-el-lago","status":"publish","type":"empresa","link":"https:\/\/tierrasdecordoba.com\/fr\/entreprise\/casa-el-lago\/","title":{"rendered":"Maison El Lago"},"content":{"rendered":"\n<p>Maison El Lago est un complexe touristique compos\u00e9 de 10 chalets ind\u00e9pendants situ\u00e9s sur les rives du lac et \u00e0 seulement 15 minutes de Cordoue, au c\u0153ur de la Sierra Morena.<\/p>\n\n\n\n<h2 class=\"wp-block-heading\">Les 7 maisons d&rsquo;El Lago &#8211; Logement rural dans la ville de C\u00f3rdoba<\/h2>\n\n\n\n<p>A continuaci\u00f3n, te presentamos las siete casas y las caracter\u00edsticas principales de las mismas. Lo m\u00e1s importante es que tu mascota podr\u00e1 acompa\u00f1arte en este viaje, ya que todas las viviendas admiten animales, y, adem\u00e1s, todas tienen conexi\u00f3n Wi.Fi.<\/p>\n\n\n\n<h3 class=\"wp-block-heading\">Maison du Lac<\/h3>\n\n\n\n<div class=\"wp-block-columns are-vertically-aligned-center is-layout-flex wp-container-core-columns-is-layout-9d6595d7 wp-block-columns-is-layout-flex\">\n<div class=\"wp-block-column is-vertically-aligned-center is-layout-flow wp-block-column-is-layout-flow\">\n<div class=\"wp-block-image\"><figure class=\"aligncenter size-full\"><img loading=\"lazy\" decoding=\"async\" width=\"450\" height=\"336\" src=\"https:\/\/tierrasdecordoba.com\/wp-content\/uploads\/2021\/10\/casa-el-lago.jpg\" alt=\"\" class=\"wp-image-5477\" srcset=\"https:\/\/tierrasdecordoba.com\/wp-content\/uploads\/2021\/10\/casa-el-lago.jpg 450w, https:\/\/tierrasdecordoba.com\/wp-content\/uploads\/2021\/10\/casa-el-lago-300x224.jpg 300w\" sizes=\"auto, (max-width: 450px) 100vw, 450px\" \/><\/figure><\/div>\n<\/div>\n\n\n\n<div class=\"wp-block-column is-vertically-aligned-center is-layout-flow wp-block-column-is-layout-flow\">\n<p>Cette maison comprend un salon, une salle \u00e0 manger, une cuisine avec un bar \u00e0 service rapide, des toilettes et une chambre double avec une salle de bain compl\u00e8te au rez-de-chauss\u00e9e.<\/p>\n\n\n\n<p>Au premier \u00e9tage, il y a une chambre avec un lit double, une autre chambre avec des lits jumeaux et une salle de bains compl\u00e8te.<\/p>\n\n\n\n<p>\u00c0 l&rsquo;ext\u00e9rieur, il y a une piscine, une terrasse avec barbecue et un acc\u00e8s direct au lac.<\/p>\n<\/div>\n<\/div>\n\n\n\n<h3 class=\"wp-block-heading\">Le Refuge du Lac<\/h3>\n\n\n\n<div class=\"wp-block-columns are-vertically-aligned-center is-layout-flex wp-container-core-columns-is-layout-9d6595d7 wp-block-columns-is-layout-flex\">\n<div class=\"wp-block-column is-vertically-aligned-center is-layout-flow wp-block-column-is-layout-flow\">\n<div class=\"wp-block-image\"><figure class=\"aligncenter size-full\"><img loading=\"lazy\" decoding=\"async\" width=\"450\" height=\"336\" src=\"https:\/\/tierrasdecordoba.com\/wp-content\/uploads\/2021\/10\/refugio-del-lago.jpg\" alt=\"\" class=\"wp-image-5481\" srcset=\"https:\/\/tierrasdecordoba.com\/wp-content\/uploads\/2021\/10\/refugio-del-lago.jpg 450w, https:\/\/tierrasdecordoba.com\/wp-content\/uploads\/2021\/10\/refugio-del-lago-300x224.jpg 300w\" sizes=\"auto, (max-width: 450px) 100vw, 450px\" \/><\/figure><\/div>\n<\/div>\n\n\n\n<div class=\"wp-block-column is-vertically-aligned-center is-layout-flow wp-block-column-is-layout-flow\">\n<p>Ce logement comprend au rez-de-chauss\u00e9e le salon, la salle \u00e0 manger, la cuisine avec un bar \u00e0 service rapide, des toilettes et une chambre double avec salle de bains.<\/p>\n\n\n\n<p>Au premier \u00e9tage, il y a une chambre avec un lit double, une autre chambre avec un lit superpos\u00e9 et une salle de bains compl\u00e8te avec double lavabo.<\/p>\n\n\n\n<p>\u00c0 l&rsquo;ext\u00e9rieur, il y a une terrasse couverte, une piscine, une terrasse avec barbecue et un acc\u00e8s direct au lac.<\/p>\n<\/div>\n<\/div>\n\n\n\n<h3 class=\"wp-block-heading\">L&rsquo;oasis du Lac<\/h3>\n\n\n\n<div class=\"wp-block-columns are-vertically-aligned-center is-layout-flex wp-container-core-columns-is-layout-9d6595d7 wp-block-columns-is-layout-flex\">\n<div class=\"wp-block-column is-vertically-aligned-center is-layout-flow wp-block-column-is-layout-flow\">\n<div class=\"wp-block-image\"><figure class=\"aligncenter size-full\"><img loading=\"lazy\" decoding=\"async\" width=\"450\" height=\"336\" src=\"https:\/\/tierrasdecordoba.com\/wp-content\/uploads\/2021\/10\/oasis-del-lago.jpg\" alt=\"\" class=\"wp-image-5486\" srcset=\"https:\/\/tierrasdecordoba.com\/wp-content\/uploads\/2021\/10\/oasis-del-lago.jpg 450w, https:\/\/tierrasdecordoba.com\/wp-content\/uploads\/2021\/10\/oasis-del-lago-300x224.jpg 300w\" sizes=\"auto, (max-width: 450px) 100vw, 450px\" \/><\/figure><\/div>\n<\/div>\n\n\n\n<div class=\"wp-block-column is-vertically-aligned-center is-layout-flow wp-block-column-is-layout-flow\">\n<p>Cette maison dispose d&rsquo;un salon, d&rsquo;une salle \u00e0 manger, d&rsquo;une cuisine avec bar \u00e0 service rapide, de toilettes et d&rsquo;une chambre double avec salle de bain compl\u00e8te au rez-de-chauss\u00e9e.<\/p>\n\n\n\n<p>Au premier \u00e9tage, il y a une chambre avec un lit double, une autre chambre avec un lit superpos\u00e9 et une salle de bains compl\u00e8te avec double lavabo.<\/p>\n\n\n\n<p>\u00c0 l&rsquo;ext\u00e9rieur, il y a une terrasse couverte, une piscine, un ch\u00e2teau en bois et des balan\u00e7oires, une terrasse avec barbecue et un acc\u00e8s direct au lac. <\/p>\n<\/div>\n<\/div>\n\n\n\n<h3 class=\"wp-block-heading\">Le Coin du Lac<\/h3>\n\n\n\n<div class=\"wp-block-columns are-vertically-aligned-center is-layout-flex wp-container-core-columns-is-layout-9d6595d7 wp-block-columns-is-layout-flex\">\n<div class=\"wp-block-column is-vertically-aligned-center is-layout-flow wp-block-column-is-layout-flow\">\n<div class=\"wp-block-image\"><figure class=\"aligncenter size-full\"><img loading=\"lazy\" decoding=\"async\" width=\"450\" height=\"337\" src=\"https:\/\/tierrasdecordoba.com\/wp-content\/uploads\/2021\/10\/rincon-del-lago.jpg\" alt=\"\" class=\"wp-image-5490\" srcset=\"https:\/\/tierrasdecordoba.com\/wp-content\/uploads\/2021\/10\/rincon-del-lago.jpg 450w, https:\/\/tierrasdecordoba.com\/wp-content\/uploads\/2021\/10\/rincon-del-lago-300x225.jpg 300w\" sizes=\"auto, (max-width: 450px) 100vw, 450px\" \/><\/figure><\/div>\n<\/div>\n\n\n\n<div class=\"wp-block-column is-vertically-aligned-center is-layout-flow wp-block-column-is-layout-flow\">\n<p>Le rez-de-chauss\u00e9e de la maison se compose d&rsquo;un salon, d&rsquo;une salle \u00e0 manger, d&rsquo;une cuisine avec bar pour le petit-d\u00e9jeuner, de toilettes et d&rsquo;une chambre double avec salle de bains.<\/p>\n\n\n\n<p>Au premier \u00e9tage, il y a deux chambres avec un lit double et une autre avec trois lits, dont un lit d&rsquo;appoint, ainsi qu&rsquo;une salle de bains compl\u00e8te avec double lavabo.<\/p>\n\n\n\n<p>\u00c0 l&rsquo;ext\u00e9rieur, il y a une terrasse couverte, une piscine, un ch\u00e2teau en bois avec balan\u00e7oires et toboggan, une terrasse avec barbecue et un acc\u00e8s direct au lac.<\/p>\n<\/div>\n<\/div>\n\n\n\n<h3 class=\"wp-block-heading\">Les Terrasses du Lac<\/h3>\n\n\n\n<div class=\"wp-block-columns are-vertically-aligned-center is-layout-flex wp-container-core-columns-is-layout-9d6595d7 wp-block-columns-is-layout-flex\">\n<div class=\"wp-block-column is-vertically-aligned-center is-layout-flow wp-block-column-is-layout-flow\">\n<div class=\"wp-block-image\"><figure class=\"aligncenter size-full\"><img loading=\"lazy\" decoding=\"async\" width=\"450\" height=\"336\" src=\"https:\/\/tierrasdecordoba.com\/wp-content\/uploads\/2021\/10\/terrazas-del-lago.jpg\" alt=\"\" class=\"wp-image-5494\" srcset=\"https:\/\/tierrasdecordoba.com\/wp-content\/uploads\/2021\/10\/terrazas-del-lago.jpg 450w, https:\/\/tierrasdecordoba.com\/wp-content\/uploads\/2021\/10\/terrazas-del-lago-300x224.jpg 300w\" sizes=\"auto, (max-width: 450px) 100vw, 450px\" \/><\/figure><\/div>\n<\/div>\n\n\n\n<div class=\"wp-block-column is-vertically-aligned-center is-layout-flow wp-block-column-is-layout-flow\">\n<p>L&rsquo;int\u00e9rieur se compose d&rsquo;un salon-salle \u00e0 manger et d&rsquo;une cuisine.<\/p>\n\n\n\n<p>Au premier \u00e9tage, vous trouverez une chambre avec un lit double, une autre chambre avec des lits jumeaux, ainsi qu&rsquo;une salle de bains compl\u00e8te.<\/p>\n\n\n\n<p>Il comprend un \u00e9tage inf\u00e9rieur avec une chambre \u00e0 coucher avec un lit double et une autre avec des lits jumeaux, une salle de bains et une zone de jeux avec un bar, un salon avec deux canap\u00e9s-lits doubles et une table de ping-pong.<\/p>\n\n\n\n<p>\u00c0 l&rsquo;ext\u00e9rieur, il y a une terrasse, une zone de barbecue, une piscine, des jardins, une aire de jeux pour enfants, une zone de solarium sup\u00e9rieure et un acc\u00e8s direct au lac avec une zone priv\u00e9e.<\/p>\n<\/div>\n<\/div>\n\n\n\n<h3 class=\"wp-block-heading\">Les jardins du Lac<\/h3>\n\n\n\n<div class=\"wp-block-columns are-vertically-aligned-center is-layout-flex wp-container-core-columns-is-layout-9d6595d7 wp-block-columns-is-layout-flex\">\n<div class=\"wp-block-column is-vertically-aligned-center is-layout-flow wp-block-column-is-layout-flow\">\n<div class=\"wp-block-image\"><figure class=\"aligncenter size-full\"><img loading=\"lazy\" decoding=\"async\" width=\"450\" height=\"336\" src=\"https:\/\/tierrasdecordoba.com\/wp-content\/uploads\/2021\/10\/jardines-del-lago.jpg\" alt=\"\" class=\"wp-image-5498\" srcset=\"https:\/\/tierrasdecordoba.com\/wp-content\/uploads\/2021\/10\/jardines-del-lago.jpg 450w, https:\/\/tierrasdecordoba.com\/wp-content\/uploads\/2021\/10\/jardines-del-lago-300x224.jpg 300w\" sizes=\"auto, (max-width: 450px) 100vw, 450px\" \/><\/figure><\/div>\n<\/div>\n\n\n\n<div class=\"wp-block-column is-vertically-aligned-center is-layout-flow wp-block-column-is-layout-flow\">\n<p>Compos\u00e9 d&rsquo;un salon-salle \u00e0 manger, d&rsquo;une cuisine avec bar \u00e0 service rapide, de toilettes et d&rsquo;une chambre double avec salle de bain compl\u00e8te.<\/p>\n\n\n\n<p>Au premier \u00e9tage, il y a une chambre avec un lit double, une autre chambre avec deux lits superpos\u00e9s, ainsi qu&rsquo;une salle de bains compl\u00e8te avec double lavabo.<\/p>\n\n\n\n<p>\u00c0 l&rsquo;ext\u00e9rieur, il y a une terrasse, un espace barbecue, une piscine, des jardins, une aire de jeux pour enfants et un acc\u00e8s direct au lac.<\/p>\n<\/div>\n<\/div>\n\n\n\n<h3 class=\"wp-block-heading\">Les Ondines du lac<\/h3>\n\n\n\n<div class=\"wp-block-columns are-vertically-aligned-center is-layout-flex wp-container-core-columns-is-layout-9d6595d7 wp-block-columns-is-layout-flex\">\n<div class=\"wp-block-column is-vertically-aligned-center is-layout-flow wp-block-column-is-layout-flow\">\n<div class=\"wp-block-image\"><figure class=\"aligncenter size-full\"><img loading=\"lazy\" decoding=\"async\" width=\"450\" height=\"336\" src=\"https:\/\/tierrasdecordoba.com\/wp-content\/uploads\/2021\/10\/ondinas-del-lago.jpg\" alt=\"\" class=\"wp-image-5502\" srcset=\"https:\/\/tierrasdecordoba.com\/wp-content\/uploads\/2021\/10\/ondinas-del-lago.jpg 450w, https:\/\/tierrasdecordoba.com\/wp-content\/uploads\/2021\/10\/ondinas-del-lago-300x224.jpg 300w\" sizes=\"auto, (max-width: 450px) 100vw, 450px\" \/><\/figure><\/div>\n<\/div>\n\n\n\n<div class=\"wp-block-column is-vertically-aligned-center is-layout-flow wp-block-column-is-layout-flow\">\n<p>Cette maison comprend un salon et une cuisine.<\/p>\n\n\n\n<p>Au premier \u00e9tage, il y a deux chambres \u00e0 coucher avec des lits doubles, l&rsquo;une d&rsquo;elles comprenant une salle de bain compl\u00e8te, une autre chambre \u00e0 coucher avec deux lits plus un lit suppl\u00e9mentaire, et une salle de bain compl\u00e8te.<\/p>\n\n\n\n<p>Il y a un \u00e9tage inf\u00e9rieur avec un salon de campagne comprenant un bar et un canap\u00e9-lit.<\/p>\n\n\n\n<p>\u00c0 l&rsquo;ext\u00e9rieur, il y a une terrasse, un coin barbecue, une piscine, un grand jardin avec vue sur le lac.<\/p>\n<\/div>\n<\/div>\n\n\n\n<h2 class=\"wp-block-heading\">Autres services de Casa El Lago<\/h2>\n\n\n\n<p>Avec la r\u00e9servation de ces maisons, un kayak double et tout l&rsquo;\u00e9quipement n\u00e9cessaire pour profiter du lac sont mis gratuitement \u00e0 disposition, ainsi que des VTT pour les parcours dans le paysage naturel de la Sierra Morena, o\u00f9 vous pouvez \u00e9galement faire des randonn\u00e9es.<\/p>\n\n\n\n<p>Et surtout, l&rsquo;acc\u00e8s \u00e0 La Granja, un lieu unique o\u00f9 les petits de la maison s&rsquo;amuseront et apprendront en observant les volailles, les paons et les cygnes, et d&rsquo;o\u00f9 vous pourrez r\u00e9colter chaque jour de magnifiques \u0153ufs biologiques totalement gratuits.<\/p>\n\n\n\n<p>Visitez le site officiel de Casa El Lago et tombez amoureux des photos de chacune des sept maisons et de l&rsquo;environnement dans lequel elles sont immerg\u00e9es. En outre, sur le site web, vous trouverez le num\u00e9ro de t\u00e9l\u00e9phone \u00e0 contacter pour demander des informations ou faire des r\u00e9servations, afin que vous puissiez vivre une exp\u00e9rience inoubliable.<\/p>\n","protected":false},"featured_media":7944,"template":"","meta":{"_acf_changed":false,"_kad_blocks_custom_css":"","_kad_blocks_head_custom_js":"","_kad_blocks_body_custom_js":"","_kad_blocks_footer_custom_js":"","_kad_post_transparent":"default","_kad_post_title":"default","_kad_post_layout":"default","_kad_post_sidebar_id":"","_kad_post_content_style":"default","_kad_post_vertical_padding":"default","_kad_post_feature":"","_kad_post_feature_position":"","_kad_post_header":false,"_kad_post_footer":false,"_kad_post_classname":""},"class_list":["post-7943","empresa","type-empresa","status-publish","has-post-thumbnail","hentry"],"acf":[],"yoast_head":"<!-- This site is optimized with the Yoast SEO plugin v26.4 - https:\/\/yoast.com\/wordpress\/plugins\/seo\/ -->\n<title>Maison El Lago<\/title>\n<meta name=\"robots\" content=\"index, follow, max-snippet:-1, max-image-preview:large, max-video-preview:-1\" \/>\n<link rel=\"canonical\" href=\"https:\/\/tierrasdecordoba.com\/fr\/entreprise\/casa-el-lago\/\" \/>\n<meta property=\"og:locale\" content=\"fr_FR\" \/>\n<meta property=\"og:type\" content=\"article\" \/>\n<meta property=\"og:title\" content=\"Maison El Lago\" \/>\n<meta property=\"og:description\" content=\"Maison El Lago est un complexe touristique compos\u00e9 de 10 chalets ind\u00e9pendants situ\u00e9s sur les rives du lac et \u00e0 seulement 15 minutes de Cordoue, au c\u0153ur de la Sierra Morena. Les 7 maisons d&rsquo;El Lago &#8211; Logement rural dans la ville de C\u00f3rdoba A continuaci\u00f3n, te presentamos las siete casas y las caracter\u00edsticas principales...\" \/>\n<meta property=\"og:url\" content=\"https:\/\/tierrasdecordoba.com\/fr\/entreprise\/casa-el-lago\/\" \/>\n<meta property=\"og:site_name\" content=\"Tierras de C\u00f3rdoba\" \/>\n<meta property=\"article:modified_time\" content=\"2022-02-08T12:47:33+00:00\" \/>\n<meta property=\"og:image\" content=\"https:\/\/tierrasdecordoba.com\/wp-content\/uploads\/2021\/06\/casa-el-lago-cordoba.png\" \/>\n\t<meta property=\"og:image:width\" content=\"323\" \/>\n\t<meta property=\"og:image:height\" content=\"231\" \/>\n\t<meta property=\"og:image:type\" content=\"image\/png\" \/>\n<meta name=\"twitter:card\" content=\"summary_large_image\" \/>\n<meta name=\"twitter:label1\" content=\"Dur\u00e9e de lecture estim\u00e9e\" \/>\n\t<meta name=\"twitter:data1\" content=\"6 minutes\" \/>\n<script type=\"application\/ld+json\" class=\"yoast-schema-graph\">{\"@context\":\"https:\/\/schema.org\",\"@graph\":[{\"@type\":\"WebPage\",\"@id\":\"https:\/\/tierrasdecordoba.com\/fr\/entreprise\/casa-el-lago\/\",\"url\":\"https:\/\/tierrasdecordoba.com\/fr\/entreprise\/casa-el-lago\/\",\"name\":\"Maison El Lago\",\"isPartOf\":{\"@id\":\"https:\/\/tierrasdecordoba.com\/fr\/#website\"},\"primaryImageOfPage\":{\"@id\":\"https:\/\/tierrasdecordoba.com\/fr\/entreprise\/casa-el-lago\/#primaryimage\"},\"image\":{\"@id\":\"https:\/\/tierrasdecordoba.com\/fr\/entreprise\/casa-el-lago\/#primaryimage\"},\"thumbnailUrl\":\"https:\/\/tierrasdecordoba.com\/wp-content\/uploads\/2021\/06\/casa-el-lago-cordoba.png\",\"datePublished\":\"2021-06-07T10:54:00+00:00\",\"dateModified\":\"2022-02-08T12:47:33+00:00\",\"breadcrumb\":{\"@id\":\"https:\/\/tierrasdecordoba.com\/fr\/entreprise\/casa-el-lago\/#breadcrumb\"},\"inLanguage\":\"fr-FR\",\"potentialAction\":[{\"@type\":\"ReadAction\",\"target\":[\"https:\/\/tierrasdecordoba.com\/fr\/entreprise\/casa-el-lago\/\"]}]},{\"@type\":\"ImageObject\",\"inLanguage\":\"fr-FR\",\"@id\":\"https:\/\/tierrasdecordoba.com\/fr\/entreprise\/casa-el-lago\/#primaryimage\",\"url\":\"https:\/\/tierrasdecordoba.com\/wp-content\/uploads\/2021\/06\/casa-el-lago-cordoba.png\",\"contentUrl\":\"https:\/\/tierrasdecordoba.com\/wp-content\/uploads\/2021\/06\/casa-el-lago-cordoba.png\",\"width\":323,\"height\":231},{\"@type\":\"BreadcrumbList\",\"@id\":\"https:\/\/tierrasdecordoba.com\/fr\/entreprise\/casa-el-lago\/#breadcrumb\",\"itemListElement\":[{\"@type\":\"ListItem\",\"position\":1,\"name\":\"Portada\",\"item\":\"https:\/\/tierrasdecordoba.com\/fr\/\"},{\"@type\":\"ListItem\",\"position\":2,\"name\":\"Empresas\",\"item\":\"https:\/\/tierrasdecordoba.com\/fr\/empresas\/\"},{\"@type\":\"ListItem\",\"position\":3,\"name\":\"Maison El Lago\"}]},{\"@type\":\"WebSite\",\"@id\":\"https:\/\/tierrasdecordoba.com\/fr\/#website\",\"url\":\"https:\/\/tierrasdecordoba.com\/fr\/\",\"name\":\"Tierras de C\u00f3rdoba\",\"description\":\"Casas Rurales C\u00f3rdoba, Actividades C\u00f3rdoba, Restaurantes C\u00f3rdoba\",\"publisher\":{\"@id\":\"https:\/\/tierrasdecordoba.com\/fr\/#organization\"},\"potentialAction\":[{\"@type\":\"SearchAction\",\"target\":{\"@type\":\"EntryPoint\",\"urlTemplate\":\"https:\/\/tierrasdecordoba.com\/fr\/?s={search_term_string}\"},\"query-input\":{\"@type\":\"PropertyValueSpecification\",\"valueRequired\":true,\"valueName\":\"search_term_string\"}}],\"inLanguage\":\"fr-FR\"},{\"@type\":\"Organization\",\"@id\":\"https:\/\/tierrasdecordoba.com\/fr\/#organization\",\"name\":\"Tierras de C\u00f3rdoba\",\"url\":\"https:\/\/tierrasdecordoba.com\/fr\/\",\"logo\":{\"@type\":\"ImageObject\",\"inLanguage\":\"fr-FR\",\"@id\":\"https:\/\/tierrasdecordoba.com\/fr\/#\/schema\/logo\/image\/\",\"url\":\"https:\/\/tierrasdecordoba.com\/wp-content\/uploads\/2021\/05\/logo-header.png\",\"contentUrl\":\"https:\/\/tierrasdecordoba.com\/wp-content\/uploads\/2021\/05\/logo-header.png\",\"width\":191,\"height\":81,\"caption\":\"Tierras de C\u00f3rdoba\"},\"image\":{\"@id\":\"https:\/\/tierrasdecordoba.com\/fr\/#\/schema\/logo\/image\/\"}}]}<\/script>\n<!-- \/ Yoast SEO plugin. -->","yoast_head_json":{"title":"Maison El Lago","robots":{"index":"index","follow":"follow","max-snippet":"max-snippet:-1","max-image-preview":"max-image-preview:large","max-video-preview":"max-video-preview:-1"},"canonical":"https:\/\/tierrasdecordoba.com\/fr\/entreprise\/casa-el-lago\/","og_locale":"fr_FR","og_type":"article","og_title":"Maison El Lago","og_description":"Maison El Lago est un complexe touristique compos\u00e9 de 10 chalets ind\u00e9pendants situ\u00e9s sur les rives du lac et \u00e0 seulement 15 minutes de Cordoue, au c\u0153ur de la Sierra Morena. Les 7 maisons d&rsquo;El Lago &#8211; Logement rural dans la ville de C\u00f3rdoba A continuaci\u00f3n, te presentamos las siete casas y las caracter\u00edsticas principales...","og_url":"https:\/\/tierrasdecordoba.com\/fr\/entreprise\/casa-el-lago\/","og_site_name":"Tierras de C\u00f3rdoba","article_modified_time":"2022-02-08T12:47:33+00:00","og_image":[{"width":323,"height":231,"url":"https:\/\/tierrasdecordoba.com\/wp-content\/uploads\/2021\/06\/casa-el-lago-cordoba.png","type":"image\/png"}],"twitter_card":"summary_large_image","twitter_misc":{"Dur\u00e9e de lecture estim\u00e9e":"6 minutes"},"schema":{"@context":"https:\/\/schema.org","@graph":[{"@type":"WebPage","@id":"https:\/\/tierrasdecordoba.com\/fr\/entreprise\/casa-el-lago\/","url":"https:\/\/tierrasdecordoba.com\/fr\/entreprise\/casa-el-lago\/","name":"Maison El Lago","isPartOf":{"@id":"https:\/\/tierrasdecordoba.com\/fr\/#website"},"primaryImageOfPage":{"@id":"https:\/\/tierrasdecordoba.com\/fr\/entreprise\/casa-el-lago\/#primaryimage"},"image":{"@id":"https:\/\/tierrasdecordoba.com\/fr\/entreprise\/casa-el-lago\/#primaryimage"},"thumbnailUrl":"https:\/\/tierrasdecordoba.com\/wp-content\/uploads\/2021\/06\/casa-el-lago-cordoba.png","datePublished":"2021-06-07T10:54:00+00:00","dateModified":"2022-02-08T12:47:33+00:00","breadcrumb":{"@id":"https:\/\/tierrasdecordoba.com\/fr\/entreprise\/casa-el-lago\/#breadcrumb"},"inLanguage":"fr-FR","potentialAction":[{"@type":"ReadAction","target":["https:\/\/tierrasdecordoba.com\/fr\/entreprise\/casa-el-lago\/"]}]},{"@type":"ImageObject","inLanguage":"fr-FR","@id":"https:\/\/tierrasdecordoba.com\/fr\/entreprise\/casa-el-lago\/#primaryimage","url":"https:\/\/tierrasdecordoba.com\/wp-content\/uploads\/2021\/06\/casa-el-lago-cordoba.png","contentUrl":"https:\/\/tierrasdecordoba.com\/wp-content\/uploads\/2021\/06\/casa-el-lago-cordoba.png","width":323,"height":231},{"@type":"BreadcrumbList","@id":"https:\/\/tierrasdecordoba.com\/fr\/entreprise\/casa-el-lago\/#breadcrumb","itemListElement":[{"@type":"ListItem","position":1,"name":"Portada","item":"https:\/\/tierrasdecordoba.com\/fr\/"},{"@type":"ListItem","position":2,"name":"Empresas","item":"https:\/\/tierrasdecordoba.com\/fr\/empresas\/"},{"@type":"ListItem","position":3,"name":"Maison El Lago"}]},{"@type":"WebSite","@id":"https:\/\/tierrasdecordoba.com\/fr\/#website","url":"https:\/\/tierrasdecordoba.com\/fr\/","name":"Tierras de C\u00f3rdoba","description":"Casas Rurales C\u00f3rdoba, Actividades C\u00f3rdoba, Restaurantes C\u00f3rdoba","publisher":{"@id":"https:\/\/tierrasdecordoba.com\/fr\/#organization"},"potentialAction":[{"@type":"SearchAction","target":{"@type":"EntryPoint","urlTemplate":"https:\/\/tierrasdecordoba.com\/fr\/?s={search_term_string}"},"query-input":{"@type":"PropertyValueSpecification","valueRequired":true,"valueName":"search_term_string"}}],"inLanguage":"fr-FR"},{"@type":"Organization","@id":"https:\/\/tierrasdecordoba.com\/fr\/#organization","name":"Tierras de C\u00f3rdoba","url":"https:\/\/tierrasdecordoba.com\/fr\/","logo":{"@type":"ImageObject","inLanguage":"fr-FR","@id":"https:\/\/tierrasdecordoba.com\/fr\/#\/schema\/logo\/image\/","url":"https:\/\/tierrasdecordoba.com\/wp-content\/uploads\/2021\/05\/logo-header.png","contentUrl":"https:\/\/tierrasdecordoba.com\/wp-content\/uploads\/2021\/05\/logo-header.png","width":191,"height":81,"caption":"Tierras de C\u00f3rdoba"},"image":{"@id":"https:\/\/tierrasdecordoba.com\/fr\/#\/schema\/logo\/image\/"}}]}},"taxonomy_info":[],"featured_image_src_large":["https:\/\/tierrasdecordoba.com\/wp-content\/uploads\/2021\/06\/casa-el-lago-cordoba.png",323,231,false],"author_info":[],"comment_info":"","_links":{"self":[{"href":"https:\/\/tierrasdecordoba.com\/fr\/wp-json\/wp\/v2\/empresa\/7943","targetHints":{"allow":["GET"]}}],"collection":[{"href":"https:\/\/tierrasdecordoba.com\/fr\/wp-json\/wp\/v2\/empresa"}],"about":[{"href":"https:\/\/tierrasdecordoba.com\/fr\/wp-json\/wp\/v2\/types\/empresa"}],"wp:featuredmedia":[{"embeddable":true,"href":"https:\/\/tierrasdecordoba.com\/fr\/wp-json\/wp\/v2\/media\/7944"}],"wp:attachment":[{"href":"https:\/\/tierrasdecordoba.com\/fr\/wp-json\/wp\/v2\/media?parent=7943"}],"curies":[{"name":"wp","href":"https:\/\/api.w.org\/{rel}","templated":true}]}}