{"id":8141,"date":"2021-06-07T12:08:37","date_gmt":"2021-06-07T10:08:37","guid":{"rendered":"https:\/\/tierrasdecordoba.com\/empresa\/cortijos-y-dehesa\/"},"modified":"2022-02-20T19:31:16","modified_gmt":"2022-02-20T18:31:16","slug":"cortijos-y-dehesa","status":"publish","type":"empresa","link":"https:\/\/tierrasdecordoba.com\/fr\/entreprise\/cortijos-y-dehesa\/","title":{"rendered":"H\u00e9bergement Rural de Cortijos y Dehesa"},"content":{"rendered":"<style>.wp-block-kadence-advancedheading.kt-adv-heading_88a1b0-80, .wp-block-kadence-advancedheading.kt-adv-heading_88a1b0-80[data-kb-block=\"kb-adv-heading_88a1b0-80\"]{font-style:normal;}.wp-block-kadence-advancedheading.kt-adv-heading_88a1b0-80 mark.kt-highlight, .wp-block-kadence-advancedheading.kt-adv-heading_88a1b0-80[data-kb-block=\"kb-adv-heading_88a1b0-80\"] mark.kt-highlight{font-style:normal;color:#f76a0c;-webkit-box-decoration-break:clone;box-decoration-break:clone;padding-top:0px;padding-right:0px;padding-bottom:0px;padding-left:0px;}<\/style>\n<h2 class=\"kt-adv-heading_88a1b0-80 wp-block-kadence-advancedheading\" data-kb-block=\"kb-adv-heading_88a1b0-80\">Cortijo Palomar de La Morra et Cortijo La Panadera<\/h2>\n\n\n<style>.wp-block-kadence-advancedheading.kt-adv-heading_d72064-db, .wp-block-kadence-advancedheading.kt-adv-heading_d72064-db[data-kb-block=\"kb-adv-heading_d72064-db\"]{font-style:normal;}.wp-block-kadence-advancedheading.kt-adv-heading_d72064-db mark.kt-highlight, .wp-block-kadence-advancedheading.kt-adv-heading_d72064-db[data-kb-block=\"kb-adv-heading_d72064-db\"] mark.kt-highlight{font-style:normal;color:#f76a0c;-webkit-box-decoration-break:clone;box-decoration-break:clone;padding-top:0px;padding-right:0px;padding-bottom:0px;padding-left:0px;}<\/style>\n<h2 class=\"kt-adv-heading_d72064-db wp-block-kadence-advancedheading\" data-kb-block=\"kb-adv-heading_d72064-db\">Cortijo Palomar De La Morra<\/h2>\n\n\n\n<p>Le Cortijo Palomar de la Morra est situ\u00e9 \u00e0 Pozoblanco, une municipalit\u00e9 de la province de Cordoue, \u00e0 3 km du centre de Pozoblanco, au c\u0153ur de la vall\u00e9e de Pedroches. Il est parfaitement accessible et bien reli\u00e9 \u00e0 la ville de Cordoue et \u00e0 la gare ferroviaire qui permet de rejoindre Cordoue et Madrid, entre autres destinations.<\/p>\n\n\n\n<div class=\"wp-block-image\"><figure class=\"aligncenter size-full\"><img loading=\"lazy\" decoding=\"async\" width=\"900\" height=\"546\" src=\"https:\/\/tierrasdecordoba.com\/wp-content\/uploads\/2021\/10\/palomar-de-la-morra-cordoba.jpg\" alt=\"\" class=\"wp-image-5143\" srcset=\"https:\/\/tierrasdecordoba.com\/wp-content\/uploads\/2021\/10\/palomar-de-la-morra-cordoba.jpg 900w, https:\/\/tierrasdecordoba.com\/wp-content\/uploads\/2021\/10\/palomar-de-la-morra-cordoba-300x182.jpg 300w, https:\/\/tierrasdecordoba.com\/wp-content\/uploads\/2021\/10\/palomar-de-la-morra-cordoba-768x466.jpg 768w\" sizes=\"auto, (max-width: 900px) 100vw, 900px\" \/><\/figure><\/div>\n\n\n\n<p>Il s&rsquo;agit d&rsquo;une zone de p\u00e2turages, la nature est donc le point fort de la maison de campagne Cortijo Palomar de la Morra, o\u00f9 vous pourrez profiter des animaux locaux tels que le mouton m\u00e9rinos, la vache Retinta et le porc ib\u00e9rique, ainsi que des vastes terrains de ch\u00eanes verts anciens, qui feront de votre s\u00e9jour un v\u00e9ritable plaisir au c\u0153ur de la nature.<\/p>\n\n\n\n<h3 class=\"wp-block-heading\">Chambres et espaces communs<\/h3>\n\n\n<style>.kb-advanced-slider-_1a6e63-70 .kb-slider-pause-button{color:#fff;background-color:rgba(0, 0, 0, 0.8);border:1px solid transparent;}<\/style>\n<div class=\"wp-block-kadence-slider kb-advanced-slider kb-advanced-slider-_1a6e63-70\"><div class=\"kb-advanced-slider-inner-contain\"><div class=\"kb-blocks-advanced-carousel kt-blocks-carousel kt-carousel-container-dotstyle-dark\"><div class=\"kb-blocks-advanced-slider-init kb-slider-loading kb-blocks-slider kt-carousel-arrowstyle-whiteondark kt-carousel-dotstyle-dark kb-slider-size-ratio kb-slider-ratio-4-3 kb-slider-tab-ratio-inherit kb-slider-mobile-ratio-inherit\" data-slider-anim-speed=\"400\" data-slider-type=\"slider\" data-slider-scroll=\"1\" data-slider-fade=\"true\" data-slider-arrows=\"true\" data-slider-dots=\"true\" data-slider-hover-pause=\"false\" data-slider-auto=\"true\" data-slider-speed=\"7000\">\n<div class=\"wp-block-kadence-slide kb-advanced-slide-item kb-slide-_3b1962-0f\"><div class=\"kb-advanced-slide\"><div class=\"kb-advanced-slide-inner-wrap\" style=\"background-image:url(https:\/\/tierrasdecordoba.com\/wp-content\/uploads\/2021\/06\/palomar-de-la-morra-habitaciones.jpg);background-size:cover;background-position:center center;background-repeat:no-repeat\"><div class=\"kb-advanced-slide-inner\"><\/div><\/div><\/div><\/div>\n\n\n\n<div class=\"wp-block-kadence-slide kb-advanced-slide-item kb-slide-_7fe5d2-a9\"><div class=\"kb-advanced-slide\"><div class=\"kb-advanced-slide-inner-wrap\" style=\"background-image:url(https:\/\/tierrasdecordoba.com\/wp-content\/uploads\/2021\/06\/palomar-de-la-morra-habitaciones-2.jpg);background-size:cover;background-position:center center;background-repeat:no-repeat\"><div class=\"kb-advanced-slide-inner\"><\/div><\/div><\/div><\/div>\n\n\n\n<div class=\"wp-block-kadence-slide kb-advanced-slide-item kb-slide-_4e2746-05\"><div class=\"kb-advanced-slide\"><div class=\"kb-advanced-slide-inner-wrap\" style=\"background-image:url(https:\/\/tierrasdecordoba.com\/wp-content\/uploads\/2021\/06\/palomar-de-la-morra-piscina.jpg);background-size:cover;background-position:center center;background-repeat:no-repeat\"><div class=\"kb-advanced-slide-inner\"><\/div><\/div><\/div><\/div>\n\n\n\n<div class=\"wp-block-kadence-slide kb-advanced-slide-item kb-slide-_cae3e3-cb\"><div class=\"kb-advanced-slide\"><div class=\"kb-advanced-slide-inner-wrap\" style=\"background-image:url(https:\/\/tierrasdecordoba.com\/wp-content\/uploads\/2021\/06\/palomar-de-la-morra-padel.jpg);background-size:cover;background-position:center center;background-repeat:no-repeat\"><div class=\"kb-advanced-slide-inner\"><\/div><\/div><\/div><\/div>\n\n\n\n<div class=\"wp-block-kadence-slide kb-advanced-slide-item kb-slide-_d7c562-98\"><div class=\"kb-advanced-slide\"><div class=\"kb-advanced-slide-inner-wrap\" style=\"background-image:url(https:\/\/tierrasdecordoba.com\/wp-content\/uploads\/2021\/06\/palomar-de-la-morra-futbol.jpg);background-size:cover;background-position:center center;background-repeat:no-repeat\"><div class=\"kb-advanced-slide-inner\"><\/div><\/div><\/div><\/div>\n\n\n\n<div class=\"wp-block-kadence-slide kb-advanced-slide-item kb-slide-_fa13c2-d2\"><div class=\"kb-advanced-slide\"><div class=\"kb-advanced-slide-inner-wrap\" style=\"background-image:url(https:\/\/tierrasdecordoba.com\/wp-content\/uploads\/2021\/06\/palomar-de-la-morra-cocina.jpg);background-size:cover;background-position:center center;background-repeat:no-repeat\"><div class=\"kb-advanced-slide-inner\"><\/div><\/div><\/div><\/div>\n<\/div><\/div><\/div><\/div>\n\n\n\n<p>Le logement a une capacit\u00e9 de 15 personnes, avec possibilit\u00e9 d&rsquo;extension jusqu&rsquo;\u00e0 20.<\/p>\n\n\n\n<p>Elle dispose de huit chambres, six salles de bains, une cuisine enti\u00e8rement \u00e9quip\u00e9e avec un authentique four \u00e0 bois et trois grands salons avec chemin\u00e9e, une ferme andalouse typique. La finca dispose du chauffage central, de la t\u00e9l\u00e9vision, d&rsquo;un lave-linge, d&rsquo;un lave-vaisselle, d&rsquo;un micro-ondes et d&rsquo;une connexion Wifi.<\/p>\n\n\n\n<p>La zone ext\u00e9rieure dispose de grands espaces verts, d&rsquo;une piscine avec jardin, de terrains de sport o\u00f9 vous pouvez jouer au padel, au football ou au basket et, \u00e0 moins d&rsquo;un kilom\u00e8tre, vous pouvez jouer au golf, faire de l&rsquo;\u00e9quitation ou du tir, car elle est proche des terrains de golf municipaux.<\/p>\n\n\n<style>.wp-block-kadence-advancedheading.kt-adv-heading_accdba-a0, .wp-block-kadence-advancedheading.kt-adv-heading_accdba-a0[data-kb-block=\"kb-adv-heading_accdba-a0\"]{font-style:normal;}.wp-block-kadence-advancedheading.kt-adv-heading_accdba-a0 mark.kt-highlight, .wp-block-kadence-advancedheading.kt-adv-heading_accdba-a0[data-kb-block=\"kb-adv-heading_accdba-a0\"] mark.kt-highlight{font-style:normal;color:#f76a0c;-webkit-box-decoration-break:clone;box-decoration-break:clone;padding-top:0px;padding-right:0px;padding-bottom:0px;padding-left:0px;}<\/style>\n<h2 class=\"kt-adv-heading_accdba-a0 wp-block-kadence-advancedheading\" data-kb-block=\"kb-adv-heading_accdba-a0\">Activit\u00e9s et \u00e9v\u00e9nements \u00e0 Palomar de la Morra<\/h2>\n\n\n\n<div class=\"wp-block-image\"><figure class=\"aligncenter size-full\"><img loading=\"lazy\" decoding=\"async\" width=\"1000\" height=\"556\" src=\"https:\/\/tierrasdecordoba.com\/wp-content\/uploads\/2021\/10\/palomar-de-la-morra-actividades.jpg\" alt=\"\" class=\"wp-image-5147\" srcset=\"https:\/\/tierrasdecordoba.com\/wp-content\/uploads\/2021\/10\/palomar-de-la-morra-actividades.jpg 1000w, https:\/\/tierrasdecordoba.com\/wp-content\/uploads\/2021\/10\/palomar-de-la-morra-actividades-300x167.jpg 300w, https:\/\/tierrasdecordoba.com\/wp-content\/uploads\/2021\/10\/palomar-de-la-morra-actividades-768x427.jpg 768w\" sizes=\"auto, (max-width: 1000px) 100vw, 1000px\" \/><\/figure><\/div>\n\n\n\n<p>Le domaine dispose de longs sentiers, con\u00e7us par l&rsquo;entreprise \u00ab\u00a0Monte Andaluz\u00a0\u00bb, offrant un parcours classique \u00e0 travers l&rsquo;environnement historique de Palomar et son p\u00e2turage populaire.<\/p>\n\n\n\n<p>Ce p\u00e2turage est c\u00e9l\u00e8bre pour ses jambons, avec l&rsquo;appellation d&rsquo;origine prot\u00e9g\u00e9e de Los Pedroches. Vous aurez l&rsquo;occasion de vous familiariser avec le monde du porc ib\u00e9rique pur gland, en d\u00e9couvrant sa naissance et son \u00e9levage dans la nature. L\u00e0, vous avez la possibilit\u00e9 d&rsquo;acheter des produits ib\u00e9riques fabriqu\u00e9s par la ferme.<\/p>\n\n\n\n<div class=\"wp-block-columns is-layout-flex wp-container-core-columns-is-layout-9d6595d7 wp-block-columns-is-layout-flex\">\n<div class=\"wp-block-column is-layout-flow wp-block-column-is-layout-flow\">\n<div class=\"wp-block-image\"><figure class=\"aligncenter size-full\"><img loading=\"lazy\" decoding=\"async\" width=\"450\" height=\"299\" src=\"https:\/\/tierrasdecordoba.com\/wp-content\/uploads\/2021\/10\/palomar-de-la-morra-eventos.jpg\" alt=\"\" class=\"wp-image-5175\" srcset=\"https:\/\/tierrasdecordoba.com\/wp-content\/uploads\/2021\/10\/palomar-de-la-morra-eventos.jpg 450w, https:\/\/tierrasdecordoba.com\/wp-content\/uploads\/2021\/10\/palomar-de-la-morra-eventos-300x199.jpg 300w\" sizes=\"auto, (max-width: 450px) 100vw, 450px\" \/><\/figure><\/div>\n<\/div>\n\n\n\n<div class=\"wp-block-column is-layout-flow wp-block-column-is-layout-flow\">\n<p>Le Cortijo Palomar de la Morra n&rsquo;offre pas seulement l&rsquo;h\u00e9bergement spectaculaire du domaine, vous pouvez \u00e9galement organiser tout type de c\u00e9l\u00e9bration comme des mariages, des communions, des bapt\u00eames, des r\u00e9unions de famille, une rencontre entre amis\u2026<\/p>\n\n\n\n<p>Il dispose d&rsquo;une grande salle d&rsquo;une capacit\u00e9 de 200 personnes et d&rsquo;une cuisine industrielle pour proposer la gastronomie typique de la r\u00e9gion.<\/p>\n\n\n\n<p>Ses espaces int\u00e9rieurs et ext\u00e9rieurs, ainsi que ses vues imprenables, font du cortijo un lieu qui surprendra vos invit\u00e9s.<\/p>\n<\/div>\n<\/div>\n\n\n<style>.wp-block-kadence-advancedheading.kt-adv-heading_ac05b8-d2, .wp-block-kadence-advancedheading.kt-adv-heading_ac05b8-d2[data-kb-block=\"kb-adv-heading_ac05b8-d2\"]{font-style:normal;}.wp-block-kadence-advancedheading.kt-adv-heading_ac05b8-d2 mark.kt-highlight, .wp-block-kadence-advancedheading.kt-adv-heading_ac05b8-d2[data-kb-block=\"kb-adv-heading_ac05b8-d2\"] mark.kt-highlight{font-style:normal;color:#f76a0c;-webkit-box-decoration-break:clone;box-decoration-break:clone;padding-top:0px;padding-right:0px;padding-bottom:0px;padding-left:0px;}<\/style>\n<h2 class=\"kt-adv-heading_ac05b8-d2 wp-block-kadence-advancedheading\" data-kb-block=\"kb-adv-heading_ac05b8-d2\">Cortijo La Panadera<\/h2>\n\n\n\n<p>Cortijo La Panadera est situ\u00e9 \u00e0 3 km de Pedroche, le village qui donne son nom \u00e0 la r\u00e9gion, et \u00e0 12 km de Pozoblanco, le principal village de la r\u00e9gion o\u00f9 l&rsquo;on peut pratiquer le golf, la p\u00eache, le tir, l&rsquo;\u00e9quitation, etc\u2026<\/p>\n\n\n\n<p>Il s&rsquo;agit d&rsquo;un Cortijo construit en 1920 et r\u00e9nov\u00e9 en 2009 avec grand soin pour respecter le confort exig\u00e9 par une maison moderne tout en respectant la tradition.<\/p>\n\n\n\n<div class=\"wp-block-image\"><figure class=\"aligncenter size-full is-resized\"><img loading=\"lazy\" decoding=\"async\" src=\"https:\/\/tierrasdecordoba.com\/wp-content\/uploads\/2021\/10\/panadera-nueva-03.png\" alt=\"\" class=\"wp-image-5888\" width=\"1000\" height=\"674\"\/><\/figure><\/div>\n\n\n<style>.wp-block-kadence-advancedheading.kt-adv-heading_fea965-9d, .wp-block-kadence-advancedheading.kt-adv-heading_fea965-9d[data-kb-block=\"kb-adv-heading_fea965-9d\"]{font-style:normal;}.wp-block-kadence-advancedheading.kt-adv-heading_fea965-9d mark.kt-highlight, .wp-block-kadence-advancedheading.kt-adv-heading_fea965-9d[data-kb-block=\"kb-adv-heading_fea965-9d\"] mark.kt-highlight{font-style:normal;color:#f76a0c;-webkit-box-decoration-break:clone;box-decoration-break:clone;padding-top:0px;padding-right:0px;padding-bottom:0px;padding-left:0px;}<\/style>\n<h2 class=\"kt-adv-heading_fea965-9d wp-block-kadence-advancedheading\" data-kb-block=\"kb-adv-heading_fea965-9d\">Chambres et espaces communs<\/h2>\n\n\n<style>.kb-advanced-slider-_7ed566-b9 .kb-slider-pause-button{color:#fff;background-color:rgba(0, 0, 0, 0.8);border:1px solid transparent;}<\/style>\n<div class=\"wp-block-kadence-slider kb-advanced-slider kb-advanced-slider-_7ed566-b9\"><div class=\"kb-advanced-slider-inner-contain\"><div class=\"kb-blocks-advanced-carousel kt-blocks-carousel kt-carousel-container-dotstyle-dark\"><div class=\"kb-blocks-advanced-slider-init kb-slider-loading kb-blocks-slider kt-carousel-arrowstyle-whiteondark kt-carousel-dotstyle-dark kb-slider-size-ratio kb-slider-ratio-12-5 kb-slider-tab-ratio-inherit kb-slider-mobile-ratio-inherit\" data-slider-anim-speed=\"400\" data-slider-type=\"slider\" data-slider-scroll=\"1\" data-slider-fade=\"true\" data-slider-arrows=\"true\" data-slider-dots=\"true\" data-slider-hover-pause=\"false\" data-slider-auto=\"true\" data-slider-speed=\"7000\">\n<div class=\"wp-block-kadence-slide kb-advanced-slide-item kb-slide-_8aad3e-14\"><div class=\"kb-advanced-slide\"><div class=\"kb-advanced-slide-inner-wrap\" style=\"background-image:url(https:\/\/tierrasdecordoba.com\/wp-content\/uploads\/2021\/06\/Panadera-VISTA-CORTIJO-Y-PISCINA.jpg);background-size:cover;background-position:center center;background-repeat:no-repeat\"><div class=\"kb-advanced-slide-inner\">\n<p><\/p>\n<\/div><\/div><\/div><\/div>\n\n\n\n<div class=\"wp-block-kadence-slide kb-advanced-slide-item kb-slide-_53fa2f-29\"><div class=\"kb-advanced-slide\"><div class=\"kb-advanced-slide-inner-wrap\" style=\"background-image:url(https:\/\/tierrasdecordoba.com\/wp-content\/uploads\/2021\/06\/Panadera-patio.jpg);background-size:cover;background-position:center center;background-repeat:no-repeat\"><div class=\"kb-advanced-slide-inner\"><\/div><\/div><\/div><\/div>\n\n\n\n<div class=\"wp-block-kadence-slide kb-advanced-slide-item kb-slide-_368209-3c\"><div class=\"kb-advanced-slide\"><div class=\"kb-advanced-slide-inner-wrap\" style=\"background-image:url(https:\/\/tierrasdecordoba.com\/wp-content\/uploads\/2021\/06\/panadera-dormitorio.jpg);background-size:cover;background-position:center center;background-repeat:no-repeat\"><div class=\"kb-advanced-slide-inner\">\n<p><\/p>\n<\/div><\/div><\/div><\/div>\n\n\n\n<div class=\"wp-block-kadence-slide kb-advanced-slide-item kb-slide-_990e6c-7d\"><div class=\"kb-advanced-slide\"><div class=\"kb-advanced-slide-inner-wrap\" style=\"background-image:url(https:\/\/tierrasdecordoba.com\/wp-content\/uploads\/2021\/06\/panadera-salon.png);background-size:cover;background-position:center center;background-repeat:no-repeat\"><div class=\"kb-advanced-slide-inner\"><\/div><\/div><\/div><\/div>\n\n\n\n<div class=\"wp-block-kadence-slide kb-advanced-slide-item kb-slide-_961956-e1\"><div class=\"kb-advanced-slide\"><div class=\"kb-advanced-slide-inner-wrap\" style=\"background-image:url(https:\/\/tierrasdecordoba.com\/wp-content\/uploads\/2021\/06\/panadera-cocina.png);background-size:cover;background-position:center center;background-repeat:no-repeat\"><div class=\"kb-advanced-slide-inner\"><\/div><\/div><\/div><\/div>\n\n\n\n<div class=\"wp-block-kadence-slide kb-advanced-slide-item kb-slide-_df1de4-1d\"><div class=\"kb-advanced-slide\"><div class=\"kb-advanced-slide-inner-wrap\" style=\"background-image:url(https:\/\/tierrasdecordoba.com\/wp-content\/uploads\/2021\/06\/Panadera-PATIO-ROSALES.jpg);background-size:cover;background-position:center center;background-repeat:no-repeat\"><div class=\"kb-advanced-slide-inner\"><\/div><\/div><\/div><\/div>\n<\/div><\/div><\/div><\/div>\n\n\n\n<p>La maison \u00e0 deux \u00e9tages est distribu\u00e9e autour d&rsquo;une cour centrale. \u00c0 l&rsquo;\u00e9tage sup\u00e9rieur, avec des plafonds \u00e0 poutres en bois, se trouvent les chambres et leurs salles de bains respectives. Au niveau inf\u00e9rieur, il y a d&rsquo;autres chambres et une salle \u00e0 manger vo\u00fbt\u00e9e lumineuse et spacieuse avec chemin\u00e9e. Au total, il y a 14 lits dans 6 chambres spacieuses, dont une est adapt\u00e9e.<\/p>\n\n\n\n<p>Le salon avec chemin\u00e9e contient une vo\u00fbte en briques, le tout avec des murs en pierre provenant de la construction initiale en 1920. Dans la cour de 150 m2, il y a une cuisine de campagne, un barbecue, un four \u00e0 bois et des toilettes. Il dispose \u00e9galement d&rsquo;une piscine avec un espace jardin et un gazon naturel.<\/p>\n\n\n<style>.wp-block-kadence-advancedheading.kt-adv-heading_487df1-4c, .wp-block-kadence-advancedheading.kt-adv-heading_487df1-4c[data-kb-block=\"kb-adv-heading_487df1-4c\"]{font-style:normal;}.wp-block-kadence-advancedheading.kt-adv-heading_487df1-4c mark.kt-highlight, .wp-block-kadence-advancedheading.kt-adv-heading_487df1-4c[data-kb-block=\"kb-adv-heading_487df1-4c\"] mark.kt-highlight{font-style:normal;color:#f76a0c;-webkit-box-decoration-break:clone;box-decoration-break:clone;padding-top:0px;padding-right:0px;padding-bottom:0px;padding-left:0px;}<\/style>\n<h3 class=\"kt-adv-heading_487df1-4c wp-block-kadence-advancedheading\" data-kb-block=\"kb-adv-heading_487df1-4c\">Environnement<\/h3>\n\n\n\n<div class=\"wp-block-image is-style-default\"><figure class=\"aligncenter size-full is-resized\"><img decoding=\"async\" src=\"https:\/\/tierrasdecordoba.com\/wp-content\/uploads\/2021\/06\/panadera-retintas.png\" alt=\"\" class=\"wp-image-5924\" width=\"1000\" srcset=\"https:\/\/tierrasdecordoba.com\/wp-content\/uploads\/2021\/06\/panadera-retintas.png 626w, https:\/\/tierrasdecordoba.com\/wp-content\/uploads\/2021\/06\/panadera-retintas-300x200.png 300w\" sizes=\"(max-width: 626px) 100vw, 626px\" \/><\/figure><\/div>\n\n\n\n<p>Comme son nom l&rsquo;indique, le Cortijo La Panadera poss\u00e9dait autrefois des champs de bl\u00e9 d&rsquo;o\u00f9 l&rsquo;on tirait une farine de qualit\u00e9 pour fabriquer un excellent pain cuit dans un four \u00e0 bois, que l&rsquo;on peut d\u00e9sormais acheter, comme par le pass\u00e9, dans le village voisin de Pedroche. Dans une ferme d&rsquo;\u00e9levage de 200 hectares o\u00f9 le b\u00e9tail pa\u00eet librement, on trouve des moutons m\u00e9rinos, des vaches Retinta et des porcs ib\u00e9riques dont les jambons sont commercialis\u00e9s sous l&rsquo;appellation d&rsquo;origine de Los Pedroches.<\/p>\n\n\n\n<div class=\"wp-block-columns is-layout-flex wp-container-core-columns-is-layout-9d6595d7 wp-block-columns-is-layout-flex\">\n<div class=\"wp-block-column is-layout-flow wp-block-column-is-layout-flow\">\n<figure class=\"wp-block-image size-large is-style-default\"><img loading=\"lazy\" decoding=\"async\" width=\"1024\" height=\"575\" src=\"https:\/\/tierrasdecordoba.com\/wp-content\/uploads\/2021\/10\/panadera-Dehesa-1024x575.jpg\" alt=\"\" class=\"wp-image-5941\" srcset=\"https:\/\/tierrasdecordoba.com\/wp-content\/uploads\/2021\/10\/panadera-Dehesa-1024x575.jpg 1024w, https:\/\/tierrasdecordoba.com\/wp-content\/uploads\/2021\/10\/panadera-Dehesa-300x169.jpg 300w, https:\/\/tierrasdecordoba.com\/wp-content\/uploads\/2021\/10\/panadera-Dehesa-768x432.jpg 768w, https:\/\/tierrasdecordoba.com\/wp-content\/uploads\/2021\/10\/panadera-Dehesa-1536x863.jpg 1536w, https:\/\/tierrasdecordoba.com\/wp-content\/uploads\/2021\/10\/panadera-Dehesa.jpg 1600w\" sizes=\"auto, (max-width: 1024px) 100vw, 1024px\" \/><\/figure>\n<\/div>\n\n\n\n<div class=\"wp-block-column is-layout-flow wp-block-column-is-layout-flow\">\n<p>La route royale Tol\u00e8de-Cordoue-Grenade, que les Rois Catholiques empruntaient lors de leur visite \u00e0 Grenade, se distingue par ses nombreux sentiers d&rsquo;\u00e9levage. Une route de transhumance qui a laiss\u00e9 un h\u00e9ritage de folklore, de coutumes et de culture, et qui peut \u00eatre parcourue \u00e0 pied, \u00e0 v\u00e9lo ou \u00e0 cheval.<\/p>\n\n\n\n<p>\u00c0 3 km de Pedroche, le village qui donne son nom \u00e0 la r\u00e9gion, avec son \u00e9glise et sa tour construite par la g\u00e9n\u00e9ration d&rsquo;architectes Hern\u00e1n Ruiz. Et \u00e0 12 km de Pozoblanco, chef-lieu de la r\u00e9gion, o\u00f9 l&rsquo;on peut pratiquer le golf, la p\u00eache, le tir, l&rsquo;\u00e9quitation, etc.<\/p>\n<\/div>\n<\/div>\n\n\n\n<p><\/p>\n\n\n\n<p><\/p>\n","protected":false},"featured_media":5945,"template":"","meta":{"_acf_changed":false,"_kad_blocks_custom_css":"","_kad_blocks_head_custom_js":"","_kad_blocks_body_custom_js":"","_kad_blocks_footer_custom_js":"","_kad_post_transparent":"default","_kad_post_title":"default","_kad_post_layout":"default","_kad_post_sidebar_id":"","_kad_post_content_style":"default","_kad_post_vertical_padding":"default","_kad_post_feature":"","_kad_post_feature_position":"","_kad_post_header":false,"_kad_post_footer":false,"_kad_post_classname":""},"class_list":["post-8141","empresa","type-empresa","status-publish","has-post-thumbnail","hentry"],"acf":[],"yoast_head":"<!-- This site is optimized with the Yoast SEO plugin v26.4 - https:\/\/yoast.com\/wordpress\/plugins\/seo\/ -->\n<title>H\u00e9bergement Rural de Cortijos y Dehesa<\/title>\n<meta name=\"robots\" content=\"index, follow, max-snippet:-1, max-image-preview:large, max-video-preview:-1\" \/>\n<link rel=\"canonical\" href=\"https:\/\/tierrasdecordoba.com\/fr\/entreprise\/cortijos-y-dehesa\/\" \/>\n<meta property=\"og:locale\" content=\"fr_FR\" \/>\n<meta property=\"og:type\" content=\"article\" \/>\n<meta property=\"og:title\" content=\"H\u00e9bergement Rural de Cortijos y Dehesa\" \/>\n<meta property=\"og:description\" content=\"Cortijo Palomar de La Morra et Cortijo La Panadera Cortijo Palomar De La Morra Le Cortijo Palomar de la Morra est situ\u00e9 \u00e0 Pozoblanco, une municipalit\u00e9 de la province de Cordoue, \u00e0 3 km du centre de Pozoblanco, au c\u0153ur de la vall\u00e9e de Pedroches. Il est parfaitement accessible et bien reli\u00e9 \u00e0 la ville...\" \/>\n<meta property=\"og:url\" content=\"https:\/\/tierrasdecordoba.com\/fr\/entreprise\/cortijos-y-dehesa\/\" \/>\n<meta property=\"og:site_name\" content=\"Tierras de C\u00f3rdoba\" \/>\n<meta property=\"article:modified_time\" content=\"2022-02-20T18:31:16+00:00\" \/>\n<meta property=\"og:image\" content=\"https:\/\/tierrasdecordoba.com\/wp-content\/uploads\/2021\/06\/Cortijos-y-Dehesas.jpg\" \/>\n\t<meta property=\"og:image:width\" content=\"1600\" \/>\n\t<meta property=\"og:image:height\" content=\"376\" \/>\n\t<meta property=\"og:image:type\" content=\"image\/jpeg\" \/>\n<meta name=\"twitter:card\" content=\"summary_large_image\" \/>\n<meta name=\"twitter:label1\" content=\"Dur\u00e9e de lecture estim\u00e9e\" \/>\n\t<meta name=\"twitter:data1\" content=\"5 minutes\" \/>\n<script type=\"application\/ld+json\" class=\"yoast-schema-graph\">{\"@context\":\"https:\/\/schema.org\",\"@graph\":[{\"@type\":\"WebPage\",\"@id\":\"https:\/\/tierrasdecordoba.com\/fr\/entreprise\/cortijos-y-dehesa\/\",\"url\":\"https:\/\/tierrasdecordoba.com\/fr\/entreprise\/cortijos-y-dehesa\/\",\"name\":\"H\u00e9bergement Rural de Cortijos y Dehesa\",\"isPartOf\":{\"@id\":\"https:\/\/tierrasdecordoba.com\/fr\/#website\"},\"primaryImageOfPage\":{\"@id\":\"https:\/\/tierrasdecordoba.com\/fr\/entreprise\/cortijos-y-dehesa\/#primaryimage\"},\"image\":{\"@id\":\"https:\/\/tierrasdecordoba.com\/fr\/entreprise\/cortijos-y-dehesa\/#primaryimage\"},\"thumbnailUrl\":\"https:\/\/tierrasdecordoba.com\/wp-content\/uploads\/2021\/06\/Cortijos-y-Dehesas.jpg\",\"datePublished\":\"2021-06-07T10:08:37+00:00\",\"dateModified\":\"2022-02-20T18:31:16+00:00\",\"breadcrumb\":{\"@id\":\"https:\/\/tierrasdecordoba.com\/fr\/entreprise\/cortijos-y-dehesa\/#breadcrumb\"},\"inLanguage\":\"fr-FR\",\"potentialAction\":[{\"@type\":\"ReadAction\",\"target\":[\"https:\/\/tierrasdecordoba.com\/fr\/entreprise\/cortijos-y-dehesa\/\"]}]},{\"@type\":\"ImageObject\",\"inLanguage\":\"fr-FR\",\"@id\":\"https:\/\/tierrasdecordoba.com\/fr\/entreprise\/cortijos-y-dehesa\/#primaryimage\",\"url\":\"https:\/\/tierrasdecordoba.com\/wp-content\/uploads\/2021\/06\/Cortijos-y-Dehesas.jpg\",\"contentUrl\":\"https:\/\/tierrasdecordoba.com\/wp-content\/uploads\/2021\/06\/Cortijos-y-Dehesas.jpg\",\"width\":1600,\"height\":376},{\"@type\":\"BreadcrumbList\",\"@id\":\"https:\/\/tierrasdecordoba.com\/fr\/entreprise\/cortijos-y-dehesa\/#breadcrumb\",\"itemListElement\":[{\"@type\":\"ListItem\",\"position\":1,\"name\":\"Portada\",\"item\":\"https:\/\/tierrasdecordoba.com\/fr\/\"},{\"@type\":\"ListItem\",\"position\":2,\"name\":\"Empresas\",\"item\":\"https:\/\/tierrasdecordoba.com\/fr\/empresas\/\"},{\"@type\":\"ListItem\",\"position\":3,\"name\":\"H\u00e9bergement Rural de Cortijos y Dehesa\"}]},{\"@type\":\"WebSite\",\"@id\":\"https:\/\/tierrasdecordoba.com\/fr\/#website\",\"url\":\"https:\/\/tierrasdecordoba.com\/fr\/\",\"name\":\"Tierras de C\u00f3rdoba\",\"description\":\"Casas Rurales C\u00f3rdoba, Actividades C\u00f3rdoba, Restaurantes C\u00f3rdoba\",\"publisher\":{\"@id\":\"https:\/\/tierrasdecordoba.com\/fr\/#organization\"},\"potentialAction\":[{\"@type\":\"SearchAction\",\"target\":{\"@type\":\"EntryPoint\",\"urlTemplate\":\"https:\/\/tierrasdecordoba.com\/fr\/?s={search_term_string}\"},\"query-input\":{\"@type\":\"PropertyValueSpecification\",\"valueRequired\":true,\"valueName\":\"search_term_string\"}}],\"inLanguage\":\"fr-FR\"},{\"@type\":\"Organization\",\"@id\":\"https:\/\/tierrasdecordoba.com\/fr\/#organization\",\"name\":\"Tierras de C\u00f3rdoba\",\"url\":\"https:\/\/tierrasdecordoba.com\/fr\/\",\"logo\":{\"@type\":\"ImageObject\",\"inLanguage\":\"fr-FR\",\"@id\":\"https:\/\/tierrasdecordoba.com\/fr\/#\/schema\/logo\/image\/\",\"url\":\"https:\/\/tierrasdecordoba.com\/wp-content\/uploads\/2021\/05\/logo-header.png\",\"contentUrl\":\"https:\/\/tierrasdecordoba.com\/wp-content\/uploads\/2021\/05\/logo-header.png\",\"width\":191,\"height\":81,\"caption\":\"Tierras de C\u00f3rdoba\"},\"image\":{\"@id\":\"https:\/\/tierrasdecordoba.com\/fr\/#\/schema\/logo\/image\/\"}}]}<\/script>\n<!-- \/ Yoast SEO plugin. -->","yoast_head_json":{"title":"H\u00e9bergement Rural de Cortijos y Dehesa","robots":{"index":"index","follow":"follow","max-snippet":"max-snippet:-1","max-image-preview":"max-image-preview:large","max-video-preview":"max-video-preview:-1"},"canonical":"https:\/\/tierrasdecordoba.com\/fr\/entreprise\/cortijos-y-dehesa\/","og_locale":"fr_FR","og_type":"article","og_title":"H\u00e9bergement Rural de Cortijos y Dehesa","og_description":"Cortijo Palomar de La Morra et Cortijo La Panadera Cortijo Palomar De La Morra Le Cortijo Palomar de la Morra est situ\u00e9 \u00e0 Pozoblanco, une municipalit\u00e9 de la province de Cordoue, \u00e0 3 km du centre de Pozoblanco, au c\u0153ur de la vall\u00e9e de Pedroches. Il est parfaitement accessible et bien reli\u00e9 \u00e0 la ville...","og_url":"https:\/\/tierrasdecordoba.com\/fr\/entreprise\/cortijos-y-dehesa\/","og_site_name":"Tierras de C\u00f3rdoba","article_modified_time":"2022-02-20T18:31:16+00:00","og_image":[{"width":1600,"height":376,"url":"https:\/\/tierrasdecordoba.com\/wp-content\/uploads\/2021\/06\/Cortijos-y-Dehesas.jpg","type":"image\/jpeg"}],"twitter_card":"summary_large_image","twitter_misc":{"Dur\u00e9e de lecture estim\u00e9e":"5 minutes"},"schema":{"@context":"https:\/\/schema.org","@graph":[{"@type":"WebPage","@id":"https:\/\/tierrasdecordoba.com\/fr\/entreprise\/cortijos-y-dehesa\/","url":"https:\/\/tierrasdecordoba.com\/fr\/entreprise\/cortijos-y-dehesa\/","name":"H\u00e9bergement Rural de Cortijos y Dehesa","isPartOf":{"@id":"https:\/\/tierrasdecordoba.com\/fr\/#website"},"primaryImageOfPage":{"@id":"https:\/\/tierrasdecordoba.com\/fr\/entreprise\/cortijos-y-dehesa\/#primaryimage"},"image":{"@id":"https:\/\/tierrasdecordoba.com\/fr\/entreprise\/cortijos-y-dehesa\/#primaryimage"},"thumbnailUrl":"https:\/\/tierrasdecordoba.com\/wp-content\/uploads\/2021\/06\/Cortijos-y-Dehesas.jpg","datePublished":"2021-06-07T10:08:37+00:00","dateModified":"2022-02-20T18:31:16+00:00","breadcrumb":{"@id":"https:\/\/tierrasdecordoba.com\/fr\/entreprise\/cortijos-y-dehesa\/#breadcrumb"},"inLanguage":"fr-FR","potentialAction":[{"@type":"ReadAction","target":["https:\/\/tierrasdecordoba.com\/fr\/entreprise\/cortijos-y-dehesa\/"]}]},{"@type":"ImageObject","inLanguage":"fr-FR","@id":"https:\/\/tierrasdecordoba.com\/fr\/entreprise\/cortijos-y-dehesa\/#primaryimage","url":"https:\/\/tierrasdecordoba.com\/wp-content\/uploads\/2021\/06\/Cortijos-y-Dehesas.jpg","contentUrl":"https:\/\/tierrasdecordoba.com\/wp-content\/uploads\/2021\/06\/Cortijos-y-Dehesas.jpg","width":1600,"height":376},{"@type":"BreadcrumbList","@id":"https:\/\/tierrasdecordoba.com\/fr\/entreprise\/cortijos-y-dehesa\/#breadcrumb","itemListElement":[{"@type":"ListItem","position":1,"name":"Portada","item":"https:\/\/tierrasdecordoba.com\/fr\/"},{"@type":"ListItem","position":2,"name":"Empresas","item":"https:\/\/tierrasdecordoba.com\/fr\/empresas\/"},{"@type":"ListItem","position":3,"name":"H\u00e9bergement Rural de Cortijos y Dehesa"}]},{"@type":"WebSite","@id":"https:\/\/tierrasdecordoba.com\/fr\/#website","url":"https:\/\/tierrasdecordoba.com\/fr\/","name":"Tierras de C\u00f3rdoba","description":"Casas Rurales C\u00f3rdoba, Actividades C\u00f3rdoba, Restaurantes C\u00f3rdoba","publisher":{"@id":"https:\/\/tierrasdecordoba.com\/fr\/#organization"},"potentialAction":[{"@type":"SearchAction","target":{"@type":"EntryPoint","urlTemplate":"https:\/\/tierrasdecordoba.com\/fr\/?s={search_term_string}"},"query-input":{"@type":"PropertyValueSpecification","valueRequired":true,"valueName":"search_term_string"}}],"inLanguage":"fr-FR"},{"@type":"Organization","@id":"https:\/\/tierrasdecordoba.com\/fr\/#organization","name":"Tierras de C\u00f3rdoba","url":"https:\/\/tierrasdecordoba.com\/fr\/","logo":{"@type":"ImageObject","inLanguage":"fr-FR","@id":"https:\/\/tierrasdecordoba.com\/fr\/#\/schema\/logo\/image\/","url":"https:\/\/tierrasdecordoba.com\/wp-content\/uploads\/2021\/05\/logo-header.png","contentUrl":"https:\/\/tierrasdecordoba.com\/wp-content\/uploads\/2021\/05\/logo-header.png","width":191,"height":81,"caption":"Tierras de C\u00f3rdoba"},"image":{"@id":"https:\/\/tierrasdecordoba.com\/fr\/#\/schema\/logo\/image\/"}}]}},"taxonomy_info":[],"featured_image_src_large":["https:\/\/tierrasdecordoba.com\/wp-content\/uploads\/2021\/06\/Cortijos-y-Dehesas-1024x241.jpg",1024,241,true],"author_info":[],"comment_info":"","_links":{"self":[{"href":"https:\/\/tierrasdecordoba.com\/fr\/wp-json\/wp\/v2\/empresa\/8141","targetHints":{"allow":["GET"]}}],"collection":[{"href":"https:\/\/tierrasdecordoba.com\/fr\/wp-json\/wp\/v2\/empresa"}],"about":[{"href":"https:\/\/tierrasdecordoba.com\/fr\/wp-json\/wp\/v2\/types\/empresa"}],"wp:featuredmedia":[{"embeddable":true,"href":"https:\/\/tierrasdecordoba.com\/fr\/wp-json\/wp\/v2\/media\/5945"}],"wp:attachment":[{"href":"https:\/\/tierrasdecordoba.com\/fr\/wp-json\/wp\/v2\/media?parent=8141"}],"curies":[{"name":"wp","href":"https:\/\/api.w.org\/{rel}","templated":true}]}}