{"id":8182,"date":"2021-06-07T11:59:24","date_gmt":"2021-06-07T09:59:24","guid":{"rendered":"https:\/\/tierrasdecordoba.com\/empresa\/ceramica-alfar-escuela\/"},"modified":"2022-02-21T10:32:55","modified_gmt":"2022-02-21T09:32:55","slug":"ceramica-alfar-escuela","status":"publish","type":"empresa","link":"https:\/\/tierrasdecordoba.com\/fr\/entreprise\/ceramica-alfar-escuela\/","title":{"rendered":"C\u00e9ramique \u00c9cole Alfar"},"content":{"rendered":"\n<p>Alfar Escuela est un projet promu par l&rsquo;atelier de c\u00e9ramique de San Jos\u00e9. Cet atelier, situ\u00e9 \u00e0 La Rambla, \u00e0 Cordoue, travaille l&rsquo;argile de mani\u00e8re artisanale depuis 6 g\u00e9n\u00e9rations, et comme beaucoup d&rsquo;autres ateliers, ils proviennent du botijo. Cer\u00e1mica San Jos\u00e9 est une entreprise familiale qui pr\u00e9serve le savoir-faire du potier sur le tour et le go\u00fbt de la d\u00e9coration au pinceau. Aujourd&rsquo;hui, elle dispose d&rsquo;une large gamme de pi\u00e8ces, tant pratiques que d\u00e9coratives.<\/p>\n\n\n\n<p>Alfar Escuela a pour objectif de montrer l&rsquo;art du potier sur le tour de potier. Pour ce faire, ils organisent des ateliers \u00e9ducatifs destin\u00e9s aux \u00e9coliers et aux visiteurs en g\u00e9n\u00e9ral. Ainsi, la Cer\u00e1mica San Jos\u00e9 vous donne la possibilit\u00e9 de devenir un potier.<\/p>\n\n\n\n<h2 class=\"wp-block-heading\">Ateliers didactiques et visite guid\u00e9e de l&rsquo;atelier de c\u00e9ramique de San Jos\u00e9 et de l&rsquo;\u00e9cole Alfar.<\/h2>\n\n\n\n<div class=\"wp-block-image\"><figure class=\"aligncenter size-large\"><img loading=\"lazy\" decoding=\"async\" width=\"1024\" height=\"538\" src=\"https:\/\/tierrasdecordoba.com\/wp-content\/uploads\/2021\/06\/Alfarescuela-de-Ceramica-1024x538.jpg\" alt=\"\" class=\"wp-image-8186\" srcset=\"https:\/\/tierrasdecordoba.com\/wp-content\/uploads\/2021\/06\/Alfarescuela-de-Ceramica-1024x538.jpg 1024w, https:\/\/tierrasdecordoba.com\/wp-content\/uploads\/2021\/06\/Alfarescuela-de-Ceramica-300x158.jpg 300w, https:\/\/tierrasdecordoba.com\/wp-content\/uploads\/2021\/06\/Alfarescuela-de-Ceramica-768x403.jpg 768w, https:\/\/tierrasdecordoba.com\/wp-content\/uploads\/2021\/06\/Alfarescuela-de-Ceramica-1536x807.jpg 1536w, https:\/\/tierrasdecordoba.com\/wp-content\/uploads\/2021\/06\/Alfarescuela-de-Ceramica-2048x1075.jpg 2048w, https:\/\/tierrasdecordoba.com\/wp-content\/uploads\/2021\/06\/Alfarescuela-de-Ceramica.jpg 1600w\" sizes=\"auto, (max-width: 1024px) 100vw, 1024px\" \/><\/figure><\/div>\n\n\n\n<p>Actuellement, Cer\u00e1mica San Jos\u00e9 a lanc\u00e9 une nouvelle initiative destin\u00e9e aux associations, aux mairies et aux groupes : \u00ab\u00a0Amusez-vous avec l&rsquo;argile\u00a0\u00bb. L&rsquo;objectif principal de ce projet est de profiter d&rsquo;une journ\u00e9e unique et originale et de d\u00e9couvrir le monde inconnu de la c\u00e9ramique et de l&rsquo;argile.<\/p>\n\n\n\n<p>En plus de proposer ces ateliers \u00e9ducatifs ax\u00e9s sur la culture et l&rsquo;art de l&rsquo;argile, la Cer\u00e1mica San Jos\u00e9 vous offre la possibilit\u00e9 d&rsquo;effectuer une visite guid\u00e9e de l&rsquo;atelier. Lors de la visite de ses installations, vous pourrez appr\u00e9cier l&rsquo;art du potier au tour et l&rsquo;habilet\u00e9 des d\u00e9corateurs. Vous d\u00e9couvrirez \u00e9galement le processus de fabrication de la c\u00e9ramique, apprendrez l&rsquo;\u00e9volution de la c\u00e9ramique et de la poterie depuis les Ramblas jusqu&rsquo;\u00e0 aujourd&rsquo;hui et bien plus encore.<\/p>\n\n\n\n<p>La meilleure chose est que cette exp\u00e9rience ne s&rsquo;arr\u00eate pas l\u00e0. Apr\u00e8s la visite guid\u00e9e de tous les coins et recoins de l&rsquo;Alfar Escuela Talle, vous pourrez participer \u00e0 trois ateliers diff\u00e9rents : Modelage, tour et d\u00e9coration.<\/p>\n\n\n\n<p>En plus de la visite, les instructeurs d&rsquo;Alfar Escuela vous guideront avec des instructions sur la fa\u00e7on de fabriquer tout ce que vous pouvez imaginer sur la table de travail. Ils vous apprendront les diff\u00e9rentes techniques telles que le creusement, les churros ou colombins, les fers, la d\u00e9coration, etc\u2026 Et, bien s\u00fbr, tout ce que vous ferez de vos mains pendant l&rsquo;atelier, vous pourrez l&#8217;emporter chez vous.<\/p>\n\n\n\n<p>Alfar Escuela propose d&rsquo;autres activit\u00e9s destin\u00e9es \u00e0 des publics diff\u00e9rents. Voici ses propositions :\u00a0<\/p>\n\n\n\n<ul class=\"wp-block-list\"><li>Ateliers pour les centres \u00e9ducatifs. L&rsquo;Escuela Alfar de Cer\u00e1micas San Jos\u00e9 offre la possibilit\u00e9 de transf\u00e9rer les ateliers didactiques au centre m\u00eame.<\/li><li>Les f\u00eates d&rsquo;enfants. Imaginez que vous f\u00eatez l&rsquo;anniversaire du petit dernier de la maison en vous amusant avec ses amis et en jouant avec de la p\u00e2te \u00e0 modeler\u2026 \u00c7a a l&rsquo;air bien, non ?<\/li><li>Cours personnalis\u00e9s. Ces cours vous permettront d&rsquo;apprendre une grande vari\u00e9t\u00e9 de techniques de poterie.<\/li><\/ul>\n\n\n\n<h2 class=\"wp-block-heading\">C\u00e9ramique de Taller San Jos\u00e9<\/h2>\n\n\n\n<div class=\"wp-block-columns is-layout-flex wp-container-core-columns-is-layout-9d6595d7 wp-block-columns-is-layout-flex\">\n<div class=\"wp-block-column is-layout-flow wp-block-column-is-layout-flow\">\n<figure class=\"wp-block-image size-full\"><img loading=\"lazy\" decoding=\"async\" width=\"640\" height=\"960\" src=\"https:\/\/tierrasdecordoba.com\/wp-content\/uploads\/2021\/06\/alfar-9.jpg\" alt=\"\" class=\"wp-image-8189\" srcset=\"https:\/\/tierrasdecordoba.com\/wp-content\/uploads\/2021\/06\/alfar-9.jpg 640w, https:\/\/tierrasdecordoba.com\/wp-content\/uploads\/2021\/06\/alfar-9-200x300.jpg 200w\" sizes=\"auto, (max-width: 640px) 100vw, 640px\" \/><\/figure>\n<\/div>\n\n\n\n<div class=\"wp-block-column is-layout-flow wp-block-column-is-layout-flow\">\n<p>Toutes les pi\u00e8ces de la Cer\u00e1mica San Jos\u00e9 sont fabriqu\u00e9es \u00e0 la main sur le tour du potier avec diff\u00e9rents types d&rsquo;argile en fonction de l&rsquo;usage auquel elles sont destin\u00e9es :<\/p>\n\n\n\n<ul class=\"wp-block-list\"><li>Vaisselle<\/li><li>C\u00e9ramique utilitaire<\/li><li>C\u00e9ramique d\u00e9corative<\/li><li>C\u00e9ramique religieuse<\/li><\/ul>\n\n\n\n<p>Les techniques r\u00e9alis\u00e9es dans l&rsquo;atelier d&rsquo;Alfar Escuela sont des techniques traditionnelles bas\u00e9es sur la tradition familiale.<\/p>\n\n\n\n<p>Ces techniques sont en sous-gla\u00e7age ou en sur-gla\u00e7age avec leurs propres d\u00e9corations inspir\u00e9es des c\u00e9ramiques d&rsquo;Al-Andalus.<\/p>\n\n\n\n<p>Ils sont ensuite finis avec des \u00e9maux, qui peuvent \u00eatre mats, opaques et transparents, et cuits \u00e0 basse temp\u00e9rature.<\/p>\n<\/div>\n<\/div>\n\n\n\n<h2 class=\"wp-block-heading\">Boutique en ligne Cer\u00e1mica San Jos\u00e9<\/h2>\n\n\n\n<p>Cer\u00e1mica San Jos\u00e9 franchit une nouvelle \u00e9tape et lance sa boutique en ligne. Avec cette nouvelle aventure, ils souhaitent que leurs c\u00e9ramiques artisanales, fabriqu\u00e9es comme le veut la tradition familiale et avec beaucoup d&rsquo;amour et d&rsquo;enthousiasme, atteignent tous les foyers.<\/p>\n\n\n\n<div class=\"wp-block-columns is-layout-flex wp-container-core-columns-is-layout-9d6595d7 wp-block-columns-is-layout-flex\">\n<div class=\"wp-block-column is-layout-flow wp-block-column-is-layout-flow\">\n<div class=\"wp-block-image\"><figure class=\"aligncenter size-full\"><a href=\"https:\/\/ceramicasanjose.es\/tienda\/\" target=\"_blank\" rel=\"noopener\"><img loading=\"lazy\" decoding=\"async\" width=\"837\" height=\"609\" src=\"https:\/\/tierrasdecordoba.com\/wp-content\/uploads\/2021\/10\/alfar-escuela-tienda-online.jpg\" alt=\"\" class=\"wp-image-5115\" srcset=\"https:\/\/tierrasdecordoba.com\/wp-content\/uploads\/2021\/10\/alfar-escuela-tienda-online.jpg 837w, https:\/\/tierrasdecordoba.com\/wp-content\/uploads\/2021\/10\/alfar-escuela-tienda-online-300x218.jpg 300w, https:\/\/tierrasdecordoba.com\/wp-content\/uploads\/2021\/10\/alfar-escuela-tienda-online-768x559.jpg 768w\" sizes=\"auto, (max-width: 837px) 100vw, 837px\" \/><\/a><\/figure><\/div>\n<\/div>\n\n\n\n<div class=\"wp-block-column is-layout-flow wp-block-column-is-layout-flow\">\n<p>Parmi les articles que vous pourrez trouver dans la boutique en ligne de Cer\u00e1micas San Jos\u00e9, on trouve.. :\u00a0<\/p>\n\n\n\n<ul class=\"wp-block-list\"><li>Lampes en c\u00e9ramique, avec des motifs originaux faits \u00e0 la main<\/li><li>Assiettes d\u00e9coratives en c\u00e9ramique faites \u00e0 la main<\/li><li>Encensoir en c\u00e9ramique de la Vierge du Carmen<\/li><li>Encensoir nazar\u00e9en blanc et vert<\/li><li>Encensoir en c\u00e9ramique Je suis un contrema\u00eetre<\/li><li>Encensoir Virgen del Roc\u00edo en c\u00e9ramique<\/li><\/ul>\n<\/div>\n<\/div>\n\n\n\n<p>Si vous souhaitez acheter l&rsquo;un de leurs produits, rendez-vous sur la boutique en ligne de Cer\u00e1mica San Jos\u00e9. Vous pouvez \u00e9galement utiliser le formulaire de contact, que vous trouverez sur leur site officiel, pour toute question ou requ\u00eate que vous pourriez avoir.<\/p>\n","protected":false},"featured_media":8184,"template":"","meta":{"_acf_changed":false,"_kad_blocks_custom_css":"","_kad_blocks_head_custom_js":"","_kad_blocks_body_custom_js":"","_kad_blocks_footer_custom_js":"","_kad_post_transparent":"default","_kad_post_title":"default","_kad_post_layout":"default","_kad_post_sidebar_id":"","_kad_post_content_style":"default","_kad_post_vertical_padding":"default","_kad_post_feature":"","_kad_post_feature_position":"","_kad_post_header":false,"_kad_post_footer":false,"_kad_post_classname":""},"class_list":["post-8182","empresa","type-empresa","status-publish","has-post-thumbnail","hentry"],"acf":[],"yoast_head":"<!-- This site is optimized with the Yoast SEO plugin v26.4 - https:\/\/yoast.com\/wordpress\/plugins\/seo\/ -->\n<title>C\u00e9ramique \u00c9cole Alfar<\/title>\n<meta name=\"robots\" content=\"index, follow, max-snippet:-1, max-image-preview:large, max-video-preview:-1\" \/>\n<link rel=\"canonical\" href=\"https:\/\/tierrasdecordoba.com\/fr\/entreprise\/ceramica-alfar-escuela\/\" \/>\n<meta property=\"og:locale\" content=\"fr_FR\" \/>\n<meta property=\"og:type\" content=\"article\" \/>\n<meta property=\"og:title\" content=\"C\u00e9ramique \u00c9cole Alfar\" \/>\n<meta property=\"og:description\" content=\"Alfar Escuela est un projet promu par l&rsquo;atelier de c\u00e9ramique de San Jos\u00e9. Cet atelier, situ\u00e9 \u00e0 La Rambla, \u00e0 Cordoue, travaille l&rsquo;argile de mani\u00e8re artisanale depuis 6 g\u00e9n\u00e9rations, et comme beaucoup d&rsquo;autres ateliers, ils proviennent du botijo. Cer\u00e1mica San Jos\u00e9 est une entreprise familiale qui pr\u00e9serve le savoir-faire du potier sur le tour et...\" \/>\n<meta property=\"og:url\" content=\"https:\/\/tierrasdecordoba.com\/fr\/entreprise\/ceramica-alfar-escuela\/\" \/>\n<meta property=\"og:site_name\" content=\"Tierras de C\u00f3rdoba\" \/>\n<meta property=\"article:modified_time\" content=\"2022-02-21T09:32:55+00:00\" \/>\n<meta property=\"og:image\" content=\"https:\/\/tierrasdecordoba.com\/wp-content\/uploads\/2021\/06\/alfar-san-jose.jpg\" \/>\n\t<meta property=\"og:image:width\" content=\"132\" \/>\n\t<meta property=\"og:image:height\" content=\"130\" \/>\n\t<meta property=\"og:image:type\" content=\"image\/jpeg\" \/>\n<meta name=\"twitter:card\" content=\"summary_large_image\" \/>\n<meta name=\"twitter:label1\" content=\"Dur\u00e9e de lecture estim\u00e9e\" \/>\n\t<meta name=\"twitter:data1\" content=\"4 minutes\" \/>\n<script type=\"application\/ld+json\" class=\"yoast-schema-graph\">{\"@context\":\"https:\/\/schema.org\",\"@graph\":[{\"@type\":\"WebPage\",\"@id\":\"https:\/\/tierrasdecordoba.com\/fr\/entreprise\/ceramica-alfar-escuela\/\",\"url\":\"https:\/\/tierrasdecordoba.com\/fr\/entreprise\/ceramica-alfar-escuela\/\",\"name\":\"C\u00e9ramique \u00c9cole Alfar\",\"isPartOf\":{\"@id\":\"https:\/\/tierrasdecordoba.com\/fr\/#website\"},\"primaryImageOfPage\":{\"@id\":\"https:\/\/tierrasdecordoba.com\/fr\/entreprise\/ceramica-alfar-escuela\/#primaryimage\"},\"image\":{\"@id\":\"https:\/\/tierrasdecordoba.com\/fr\/entreprise\/ceramica-alfar-escuela\/#primaryimage\"},\"thumbnailUrl\":\"https:\/\/tierrasdecordoba.com\/wp-content\/uploads\/2021\/06\/alfar-san-jose.jpg\",\"datePublished\":\"2021-06-07T09:59:24+00:00\",\"dateModified\":\"2022-02-21T09:32:55+00:00\",\"breadcrumb\":{\"@id\":\"https:\/\/tierrasdecordoba.com\/fr\/entreprise\/ceramica-alfar-escuela\/#breadcrumb\"},\"inLanguage\":\"fr-FR\",\"potentialAction\":[{\"@type\":\"ReadAction\",\"target\":[\"https:\/\/tierrasdecordoba.com\/fr\/entreprise\/ceramica-alfar-escuela\/\"]}]},{\"@type\":\"ImageObject\",\"inLanguage\":\"fr-FR\",\"@id\":\"https:\/\/tierrasdecordoba.com\/fr\/entreprise\/ceramica-alfar-escuela\/#primaryimage\",\"url\":\"https:\/\/tierrasdecordoba.com\/wp-content\/uploads\/2021\/06\/alfar-san-jose.jpg\",\"contentUrl\":\"https:\/\/tierrasdecordoba.com\/wp-content\/uploads\/2021\/06\/alfar-san-jose.jpg\",\"width\":132,\"height\":130},{\"@type\":\"BreadcrumbList\",\"@id\":\"https:\/\/tierrasdecordoba.com\/fr\/entreprise\/ceramica-alfar-escuela\/#breadcrumb\",\"itemListElement\":[{\"@type\":\"ListItem\",\"position\":1,\"name\":\"Portada\",\"item\":\"https:\/\/tierrasdecordoba.com\/fr\/\"},{\"@type\":\"ListItem\",\"position\":2,\"name\":\"Empresas\",\"item\":\"https:\/\/tierrasdecordoba.com\/fr\/empresas\/\"},{\"@type\":\"ListItem\",\"position\":3,\"name\":\"C\u00e9ramique \u00c9cole Alfar\"}]},{\"@type\":\"WebSite\",\"@id\":\"https:\/\/tierrasdecordoba.com\/fr\/#website\",\"url\":\"https:\/\/tierrasdecordoba.com\/fr\/\",\"name\":\"Tierras de C\u00f3rdoba\",\"description\":\"Casas Rurales C\u00f3rdoba, Actividades C\u00f3rdoba, Restaurantes C\u00f3rdoba\",\"publisher\":{\"@id\":\"https:\/\/tierrasdecordoba.com\/fr\/#organization\"},\"potentialAction\":[{\"@type\":\"SearchAction\",\"target\":{\"@type\":\"EntryPoint\",\"urlTemplate\":\"https:\/\/tierrasdecordoba.com\/fr\/?s={search_term_string}\"},\"query-input\":{\"@type\":\"PropertyValueSpecification\",\"valueRequired\":true,\"valueName\":\"search_term_string\"}}],\"inLanguage\":\"fr-FR\"},{\"@type\":\"Organization\",\"@id\":\"https:\/\/tierrasdecordoba.com\/fr\/#organization\",\"name\":\"Tierras de C\u00f3rdoba\",\"url\":\"https:\/\/tierrasdecordoba.com\/fr\/\",\"logo\":{\"@type\":\"ImageObject\",\"inLanguage\":\"fr-FR\",\"@id\":\"https:\/\/tierrasdecordoba.com\/fr\/#\/schema\/logo\/image\/\",\"url\":\"https:\/\/tierrasdecordoba.com\/wp-content\/uploads\/2021\/05\/logo-header.png\",\"contentUrl\":\"https:\/\/tierrasdecordoba.com\/wp-content\/uploads\/2021\/05\/logo-header.png\",\"width\":191,\"height\":81,\"caption\":\"Tierras de C\u00f3rdoba\"},\"image\":{\"@id\":\"https:\/\/tierrasdecordoba.com\/fr\/#\/schema\/logo\/image\/\"}}]}<\/script>\n<!-- \/ Yoast SEO plugin. -->","yoast_head_json":{"title":"C\u00e9ramique \u00c9cole Alfar","robots":{"index":"index","follow":"follow","max-snippet":"max-snippet:-1","max-image-preview":"max-image-preview:large","max-video-preview":"max-video-preview:-1"},"canonical":"https:\/\/tierrasdecordoba.com\/fr\/entreprise\/ceramica-alfar-escuela\/","og_locale":"fr_FR","og_type":"article","og_title":"C\u00e9ramique \u00c9cole Alfar","og_description":"Alfar Escuela est un projet promu par l&rsquo;atelier de c\u00e9ramique de San Jos\u00e9. Cet atelier, situ\u00e9 \u00e0 La Rambla, \u00e0 Cordoue, travaille l&rsquo;argile de mani\u00e8re artisanale depuis 6 g\u00e9n\u00e9rations, et comme beaucoup d&rsquo;autres ateliers, ils proviennent du botijo. Cer\u00e1mica San Jos\u00e9 est une entreprise familiale qui pr\u00e9serve le savoir-faire du potier sur le tour et...","og_url":"https:\/\/tierrasdecordoba.com\/fr\/entreprise\/ceramica-alfar-escuela\/","og_site_name":"Tierras de C\u00f3rdoba","article_modified_time":"2022-02-21T09:32:55+00:00","og_image":[{"width":132,"height":130,"url":"https:\/\/tierrasdecordoba.com\/wp-content\/uploads\/2021\/06\/alfar-san-jose.jpg","type":"image\/jpeg"}],"twitter_card":"summary_large_image","twitter_misc":{"Dur\u00e9e de lecture estim\u00e9e":"4 minutes"},"schema":{"@context":"https:\/\/schema.org","@graph":[{"@type":"WebPage","@id":"https:\/\/tierrasdecordoba.com\/fr\/entreprise\/ceramica-alfar-escuela\/","url":"https:\/\/tierrasdecordoba.com\/fr\/entreprise\/ceramica-alfar-escuela\/","name":"C\u00e9ramique \u00c9cole Alfar","isPartOf":{"@id":"https:\/\/tierrasdecordoba.com\/fr\/#website"},"primaryImageOfPage":{"@id":"https:\/\/tierrasdecordoba.com\/fr\/entreprise\/ceramica-alfar-escuela\/#primaryimage"},"image":{"@id":"https:\/\/tierrasdecordoba.com\/fr\/entreprise\/ceramica-alfar-escuela\/#primaryimage"},"thumbnailUrl":"https:\/\/tierrasdecordoba.com\/wp-content\/uploads\/2021\/06\/alfar-san-jose.jpg","datePublished":"2021-06-07T09:59:24+00:00","dateModified":"2022-02-21T09:32:55+00:00","breadcrumb":{"@id":"https:\/\/tierrasdecordoba.com\/fr\/entreprise\/ceramica-alfar-escuela\/#breadcrumb"},"inLanguage":"fr-FR","potentialAction":[{"@type":"ReadAction","target":["https:\/\/tierrasdecordoba.com\/fr\/entreprise\/ceramica-alfar-escuela\/"]}]},{"@type":"ImageObject","inLanguage":"fr-FR","@id":"https:\/\/tierrasdecordoba.com\/fr\/entreprise\/ceramica-alfar-escuela\/#primaryimage","url":"https:\/\/tierrasdecordoba.com\/wp-content\/uploads\/2021\/06\/alfar-san-jose.jpg","contentUrl":"https:\/\/tierrasdecordoba.com\/wp-content\/uploads\/2021\/06\/alfar-san-jose.jpg","width":132,"height":130},{"@type":"BreadcrumbList","@id":"https:\/\/tierrasdecordoba.com\/fr\/entreprise\/ceramica-alfar-escuela\/#breadcrumb","itemListElement":[{"@type":"ListItem","position":1,"name":"Portada","item":"https:\/\/tierrasdecordoba.com\/fr\/"},{"@type":"ListItem","position":2,"name":"Empresas","item":"https:\/\/tierrasdecordoba.com\/fr\/empresas\/"},{"@type":"ListItem","position":3,"name":"C\u00e9ramique \u00c9cole Alfar"}]},{"@type":"WebSite","@id":"https:\/\/tierrasdecordoba.com\/fr\/#website","url":"https:\/\/tierrasdecordoba.com\/fr\/","name":"Tierras de C\u00f3rdoba","description":"Casas Rurales C\u00f3rdoba, Actividades C\u00f3rdoba, Restaurantes C\u00f3rdoba","publisher":{"@id":"https:\/\/tierrasdecordoba.com\/fr\/#organization"},"potentialAction":[{"@type":"SearchAction","target":{"@type":"EntryPoint","urlTemplate":"https:\/\/tierrasdecordoba.com\/fr\/?s={search_term_string}"},"query-input":{"@type":"PropertyValueSpecification","valueRequired":true,"valueName":"search_term_string"}}],"inLanguage":"fr-FR"},{"@type":"Organization","@id":"https:\/\/tierrasdecordoba.com\/fr\/#organization","name":"Tierras de C\u00f3rdoba","url":"https:\/\/tierrasdecordoba.com\/fr\/","logo":{"@type":"ImageObject","inLanguage":"fr-FR","@id":"https:\/\/tierrasdecordoba.com\/fr\/#\/schema\/logo\/image\/","url":"https:\/\/tierrasdecordoba.com\/wp-content\/uploads\/2021\/05\/logo-header.png","contentUrl":"https:\/\/tierrasdecordoba.com\/wp-content\/uploads\/2021\/05\/logo-header.png","width":191,"height":81,"caption":"Tierras de C\u00f3rdoba"},"image":{"@id":"https:\/\/tierrasdecordoba.com\/fr\/#\/schema\/logo\/image\/"}}]}},"taxonomy_info":[],"featured_image_src_large":["https:\/\/tierrasdecordoba.com\/wp-content\/uploads\/2021\/06\/alfar-san-jose.jpg",132,130,false],"author_info":[],"comment_info":"","_links":{"self":[{"href":"https:\/\/tierrasdecordoba.com\/fr\/wp-json\/wp\/v2\/empresa\/8182","targetHints":{"allow":["GET"]}}],"collection":[{"href":"https:\/\/tierrasdecordoba.com\/fr\/wp-json\/wp\/v2\/empresa"}],"about":[{"href":"https:\/\/tierrasdecordoba.com\/fr\/wp-json\/wp\/v2\/types\/empresa"}],"wp:featuredmedia":[{"embeddable":true,"href":"https:\/\/tierrasdecordoba.com\/fr\/wp-json\/wp\/v2\/media\/8184"}],"wp:attachment":[{"href":"https:\/\/tierrasdecordoba.com\/fr\/wp-json\/wp\/v2\/media?parent=8182"}],"curies":[{"name":"wp","href":"https:\/\/api.w.org\/{rel}","templated":true}]}}