{"id":8541,"date":"2021-06-07T11:49:15","date_gmt":"2021-06-07T09:49:15","guid":{"rendered":"https:\/\/tierrasdecordoba.com\/empresa\/argot-flamenco\/"},"modified":"2022-02-24T16:46:29","modified_gmt":"2022-02-24T15:46:29","slug":"argot-flamenco","status":"publish","type":"empresa","link":"https:\/\/tierrasdecordoba.com\/fr\/entreprise\/argot-flamenco\/","title":{"rendered":"Argot Flamenco"},"content":{"rendered":"\n<p>Organisation d&rsquo;exp\u00e9riences touristiques personnalis\u00e9es \u00e0 travers le flamenco dans toutes ses expressions artistiques : chant, guitare et danse, en \u00e9tablissant des synergies avec d&rsquo;autres secteurs tels que la gastronomie, l&rsquo;astronomie, l&rsquo;\u0153nologie et le secteur \u00e9questre.<\/p>\n\n\n\n<h2 class=\"wp-block-heading\">Argot Flamenco Services<\/h2>\n\n\n\n<div class=\"wp-block-image\"><figure class=\"aligncenter size-full\"><img loading=\"lazy\" decoding=\"async\" width=\"960\" height=\"480\" src=\"https:\/\/tierrasdecordoba.com\/wp-content\/uploads\/2021\/10\/argot-flamenco-cordoba.jpg\" alt=\"\" class=\"wp-image-4239\" srcset=\"https:\/\/tierrasdecordoba.com\/wp-content\/uploads\/2021\/10\/argot-flamenco-cordoba.jpg 960w, https:\/\/tierrasdecordoba.com\/wp-content\/uploads\/2021\/10\/argot-flamenco-cordoba-300x150.jpg 300w, https:\/\/tierrasdecordoba.com\/wp-content\/uploads\/2021\/10\/argot-flamenco-cordoba-768x384.jpg 768w\" sizes=\"auto, (max-width: 960px) 100vw, 960px\" \/><\/figure><\/div>\n\n\n\n<p>Argot Flamenco propose une grande vari\u00e9t\u00e9 de services, tous li\u00e9s au flamenco dans toutes ses expressions artistiques, c&rsquo;est-\u00e0-dire le chant, la danse et la guitare :<\/p>\n\n\n\n<ul class=\"wp-block-list\"><li>Festivals : Concours, festivals de flamenco, concours et autres spectacles.<\/li><li>R\u00e9citals : Soir\u00e9es flamenco, r\u00e9citals et cycles flamenco.<\/li><li>Formation : Conf\u00e9rences, cours, conf\u00e9rences, ateliers \u00e9ducatifs sur le flamenco.<\/li><li>Spectacles : Spectacles d&rsquo;art flamenco, art \u00e9questre et autres.<\/li><li>Tradition : Nous organisons des Saetas, des congr\u00e8s et d&rsquo;autres \u00e9v\u00e9nements ainsi que le No\u00ebl flamenco.<\/li><li>Mariages : c\u00e9l\u00e9bration de c\u00e9r\u00e9monies civiles et religieuses.<\/li><\/ul>\n\n\n\n<h2 class=\"wp-block-heading\">Organisation d&rsquo;activit\u00e9s et d&rsquo;\u00e9v\u00e9nements avec Argot Flamenco<\/h2>\n\n\n\n<figure class=\"wp-block-embed is-type-video is-provider-youtube wp-block-embed-youtube wp-embed-aspect-16-9 wp-has-aspect-ratio\"><div class=\"wp-block-embed__wrapper\">\n<iframe loading=\"lazy\" title=\"Argot Flamenco Experiencias.\" width=\"720\" height=\"405\" src=\"https:\/\/www.youtube.com\/embed\/512V6ec3nyk?feature=oembed\" frameborder=\"0\" allow=\"accelerometer; autoplay; clipboard-write; encrypted-media; gyroscope; picture-in-picture\" allowfullscreen><\/iframe>\n<\/div><\/figure>\n\n\n\n<p>Argot Flamenco vous offre la possibilit\u00e9 d&rsquo;organiser tout type d&rsquo;\u00e9v\u00e9nement : festival, r\u00e9cital ou cycle de flamenco traditionnel par diff\u00e9rents artistes.<\/p>\n\n\n\n<p>Ils organisent \u00e9galement des spectacles de flamenco de moyenne, grande et petite envergure, alliant musicalit\u00e9, th\u00e9\u00e2tre et flamenco. Un autre type de spectacle qu&rsquo;ils proposent est celui qui fusionne l&rsquo;art flamenco et l&rsquo;art \u00e9questre, mettant en sc\u00e8ne le cheval et le danseur.<\/p>\n\n\n\n<p>Ils organisent \u00e9galement des journ\u00e9es flamencas, des cours, des conf\u00e9rences et des ateliers \u00e9ducatifs dans le but de faire conna\u00eetre l&rsquo;art du flamenco, le tout \u00e0 travers des cours th\u00e9oriques et pratiques donn\u00e9s par des professionnels du chant et de la danse flamenco, de la guitare flamenca et de la percussion flamenca.<\/p>\n\n\n\n<p>Argot Flamenco propose \u00e9galement diff\u00e9rentes activit\u00e9s visant \u00e0 la pr\u00e9servation de la tradition flamenca li\u00e9es aux c\u00e9l\u00e9brations des f\u00eates taurines, de P\u00e2ques, de la semaine culturelle, de No\u00ebl\u2026<\/p>\n\n\n\n<p>Ils peuvent vous accompagner lors d&rsquo;un jour aussi sp\u00e9cial que celui de votre mariage, \u00e0 travers une messe flamenca ou rociera, ou dans le cas d&rsquo;une c\u00e9r\u00e9monie civile, ils peuvent animer ce moment inoubliable avec de la musique flamenca.<\/p>\n\n\n\n<h2 class=\"wp-block-heading\">Exp\u00e9rience de flamenco en \u00e9toile \u00e0 Dehesa de Los Pedroches<\/h2>\n\n\n\n<div class=\"wp-block-image\"><figure class=\"aligncenter size-large\"><img loading=\"lazy\" decoding=\"async\" width=\"1024\" height=\"585\" src=\"https:\/\/tierrasdecordoba.com\/wp-content\/uploads\/2021\/10\/argot-flamenco-starlight-1024x585.jpg\" alt=\"\" class=\"wp-image-4243\" srcset=\"https:\/\/tierrasdecordoba.com\/wp-content\/uploads\/2021\/10\/argot-flamenco-starlight-1024x585.jpg 1024w, https:\/\/tierrasdecordoba.com\/wp-content\/uploads\/2021\/10\/argot-flamenco-starlight-300x171.jpg 300w, https:\/\/tierrasdecordoba.com\/wp-content\/uploads\/2021\/10\/argot-flamenco-starlight-768x439.jpg 768w, https:\/\/tierrasdecordoba.com\/wp-content\/uploads\/2021\/10\/argot-flamenco-starlight.jpg 1050w\" sizes=\"auto, (max-width: 1024px) 100vw, 1024px\" \/><\/figure><\/div>\n\n\n\n<p>L&rsquo;une des activit\u00e9s les mieux not\u00e9es de la compagnie Argot Flamenco est l&rsquo;exp\u00e9rience Flamenco Starlight, dans la Dehesa de Los Pedroches, \u00e0 Cordoue. Cette exp\u00e9rience consiste en une fusion de la gastronomie typique de Cordoue, du ciel \u00e9toil\u00e9 d\u00e9clar\u00e9 R\u00e9serve Starlight, et des accords de flamenco de grandes stars de la musique : une nuit que vous ne voudrez pas terminer. Cette exp\u00e9rience astro-gastro-musicale sera inoubliable.<\/p>\n\n\n\n<p>Cette activit\u00e9 dure 90 minutes et est con\u00e7ue pour des groupes d&rsquo;au moins 10 personnes. Elle a lieu au printemps-\u00e9t\u00e9, \u00e0 la tomb\u00e9e de la nuit.<\/p>\n\n\n\n<p>Nous vous recommandons de visiter le site officiel de Argot Flamenco, SL pour consulter tous les services qu&rsquo;ils proposent.<\/p>\n\n\n<style>.wp-block-kadence-advancedheading.kt-adv-heading_d37521-70, .wp-block-kadence-advancedheading.kt-adv-heading_d37521-70[data-kb-block=\"kb-adv-heading_d37521-70\"]{font-style:normal;}.wp-block-kadence-advancedheading.kt-adv-heading_d37521-70 mark.kt-highlight, .wp-block-kadence-advancedheading.kt-adv-heading_d37521-70[data-kb-block=\"kb-adv-heading_d37521-70\"] mark.kt-highlight{font-style:normal;color:#f76a0c;-webkit-box-decoration-break:clone;box-decoration-break:clone;padding-top:0px;padding-right:0px;padding-bottom:0px;padding-left:0px;}<\/style>\n<h2 class=\"kt-adv-heading_d37521-70 wp-block-kadence-advancedheading\" data-kb-block=\"kb-adv-heading_d37521-70\">Vente de disques de flamenco<\/h2>\n\n\n\n<p>Sur le site web d&rsquo;Argot Flamenco, vous pouvez acheter les disques des artistes avec lesquels ils collaborent et qui participent aux \u00e9v\u00e9nements. Vous pouvez passer votre commande sur le m\u00eame site web et vous la recevrez rapidement chez vous. Les disques sont :\u00a0\u00a0<\/p>\n\n\n\n<ul class=\"wp-block-list\"><li>Disque \u00ab\u00a0De Cante Vengo\u00a0\u00bb (11,00\u20ac)<\/li><li>Disco Flamenco Presente (16,00\u20ac)<\/li><li>Disque \u00ab\u00a0C\u00f3rdoba \u00danica\u00a0\u00bb (12,00\u20ac)<\/li><\/ul>\n\n\n\n<p>Consultez le site web pour tout cela, et aussi pour \u00eatre au courant de tous les \u00e9v\u00e9nements qu&rsquo;ils organisent, et vous pouvez m\u00eame r\u00e9server votre billet depuis leur site web.<\/p>\n\n\n\n<h2 class=\"wp-block-heading\">Argot Flamenco &#8211; Histoire et engagement culturel<\/h2>\n\n\n\n<div class=\"wp-block-image\"><figure class=\"aligncenter size-full\"><img loading=\"lazy\" decoding=\"async\" width=\"1000\" height=\"666\" src=\"https:\/\/tierrasdecordoba.com\/wp-content\/uploads\/2021\/10\/argot-flamenco.jpg\" alt=\"\" class=\"wp-image-4247\" srcset=\"https:\/\/tierrasdecordoba.com\/wp-content\/uploads\/2021\/10\/argot-flamenco.jpg 1000w, https:\/\/tierrasdecordoba.com\/wp-content\/uploads\/2021\/10\/argot-flamenco-300x200.jpg 300w, https:\/\/tierrasdecordoba.com\/wp-content\/uploads\/2021\/10\/argot-flamenco-768x511.jpg 768w\" sizes=\"auto, (max-width: 1000px) 100vw, 1000px\" \/><\/figure><\/div>\n\n\n\n<p>Argot Flamenco est une compagnie n\u00e9e dans le Valle de los Pedroches, dans la province de Cordoue, dirig\u00e9e par Pilar Fern\u00e1ndez, passionn\u00e9e de musique, en particulier de flamenco.<\/p>\n\n\n\n<p>L&rsquo;objectif principal de l&rsquo;Argot Flamenco est la m\u00e9diation entre les professionnels du secteur artistique, ainsi que l&rsquo;organisation d&rsquo;\u00e9v\u00e9nements festifs, de congr\u00e8s, de festivals et de spectacles artistiques en g\u00e9n\u00e9ral, en plus de la location de mat\u00e9riel, du montage de sc\u00e8nes, etc.<\/p>\n\n\n\n<p>Pour Argot Flamenco, le flamenco est la culture qui nous identifie \u00e0 l&rsquo;int\u00e9rieur et \u00e0 l&rsquo;ext\u00e9rieur de nos fronti\u00e8res. Il est \u00e0 la fois pr\u00e9sent, pass\u00e9 et futur, tradition et avant-garde, et constitue l&rsquo;une des manifestations culturelles les plus riches et les plus complexes au monde. Une expression artistique r\u00e9sultant de la fusion de la musique vocale, de l&rsquo;art de la danse et de l&rsquo;accompagnement musical, respectivement appel\u00e9s : cante, baile et toque. En effet, en 2010, le flamenco a \u00e9t\u00e9 inscrit au patrimoine culturel immat\u00e9riel de l&rsquo;humanit\u00e9 par l&rsquo;UNESCO.<\/p>\n\n\n\n<p>Cette entreprise collabore avec toutes les personnes et entit\u00e9s du monde du flamenco, amateurs, artistes, clubs de flamenco, associations culturelles et administrations publiques et priv\u00e9es.<\/p>\n\n\n\n<p>Tout au long de son histoire, Argot Flamenco a particip\u00e9 \u00e0 d&rsquo;innombrables \u00e9v\u00e9nements et activit\u00e9s flamenco avec diff\u00e9rentes entit\u00e9s publiques telles que les mairies, les conseils provinciaux, les associations, les pe\u00f1as, etc. Ils ont \u00e9galement organis\u00e9 des \u00e9v\u00e9nements priv\u00e9s tels que des d\u00e9jeuners d&rsquo;affaires, des c\u00e9l\u00e9brations de mariage, des visites touristiques, des r\u00e9unions de famille, etc.<\/p>\n","protected":false},"featured_media":8542,"template":"","meta":{"_acf_changed":false,"_kad_blocks_custom_css":"","_kad_blocks_head_custom_js":"","_kad_blocks_body_custom_js":"","_kad_blocks_footer_custom_js":"","_kad_post_transparent":"default","_kad_post_title":"default","_kad_post_layout":"default","_kad_post_sidebar_id":"","_kad_post_content_style":"default","_kad_post_vertical_padding":"default","_kad_post_feature":"","_kad_post_feature_position":"","_kad_post_header":false,"_kad_post_footer":false,"_kad_post_classname":""},"class_list":["post-8541","empresa","type-empresa","status-publish","has-post-thumbnail","hentry"],"acf":[],"yoast_head":"<!-- This site is optimized with the Yoast SEO plugin v26.4 - https:\/\/yoast.com\/wordpress\/plugins\/seo\/ -->\n<title>Argot Flamenco<\/title>\n<meta name=\"robots\" content=\"index, follow, max-snippet:-1, max-image-preview:large, max-video-preview:-1\" \/>\n<link rel=\"canonical\" href=\"https:\/\/tierrasdecordoba.com\/fr\/entreprise\/argot-flamenco\/\" \/>\n<meta property=\"og:locale\" content=\"fr_FR\" \/>\n<meta property=\"og:type\" content=\"article\" \/>\n<meta property=\"og:title\" content=\"Argot Flamenco\" \/>\n<meta property=\"og:description\" content=\"Organisation d&rsquo;exp\u00e9riences touristiques personnalis\u00e9es \u00e0 travers le flamenco dans toutes ses expressions artistiques : chant, guitare et danse, en \u00e9tablissant des synergies avec d&rsquo;autres secteurs tels que la gastronomie, l&rsquo;astronomie, l&rsquo;\u0153nologie et le secteur \u00e9questre. Argot Flamenco Services Argot Flamenco propose une grande vari\u00e9t\u00e9 de services, tous li\u00e9s au flamenco dans toutes ses expressions artistiques,...\" \/>\n<meta property=\"og:url\" content=\"https:\/\/tierrasdecordoba.com\/fr\/entreprise\/argot-flamenco\/\" \/>\n<meta property=\"og:site_name\" content=\"Tierras de C\u00f3rdoba\" \/>\n<meta property=\"article:modified_time\" content=\"2022-02-24T15:46:29+00:00\" \/>\n<meta property=\"og:image\" content=\"https:\/\/tierrasdecordoba.com\/wp-content\/uploads\/2021\/06\/logo-argot-flamenco.jpg\" \/>\n\t<meta property=\"og:image:width\" content=\"1600\" \/>\n\t<meta property=\"og:image:height\" content=\"1156\" \/>\n\t<meta property=\"og:image:type\" content=\"image\/jpeg\" \/>\n<meta name=\"twitter:card\" content=\"summary_large_image\" \/>\n<meta name=\"twitter:label1\" content=\"Dur\u00e9e de lecture estim\u00e9e\" \/>\n\t<meta name=\"twitter:data1\" content=\"5 minutes\" \/>\n<script type=\"application\/ld+json\" class=\"yoast-schema-graph\">{\"@context\":\"https:\/\/schema.org\",\"@graph\":[{\"@type\":\"WebPage\",\"@id\":\"https:\/\/tierrasdecordoba.com\/fr\/entreprise\/argot-flamenco\/\",\"url\":\"https:\/\/tierrasdecordoba.com\/fr\/entreprise\/argot-flamenco\/\",\"name\":\"Argot Flamenco\",\"isPartOf\":{\"@id\":\"https:\/\/tierrasdecordoba.com\/fr\/#website\"},\"primaryImageOfPage\":{\"@id\":\"https:\/\/tierrasdecordoba.com\/fr\/entreprise\/argot-flamenco\/#primaryimage\"},\"image\":{\"@id\":\"https:\/\/tierrasdecordoba.com\/fr\/entreprise\/argot-flamenco\/#primaryimage\"},\"thumbnailUrl\":\"https:\/\/tierrasdecordoba.com\/wp-content\/uploads\/2021\/06\/logo-argot-flamenco.jpg\",\"datePublished\":\"2021-06-07T09:49:15+00:00\",\"dateModified\":\"2022-02-24T15:46:29+00:00\",\"breadcrumb\":{\"@id\":\"https:\/\/tierrasdecordoba.com\/fr\/entreprise\/argot-flamenco\/#breadcrumb\"},\"inLanguage\":\"fr-FR\",\"potentialAction\":[{\"@type\":\"ReadAction\",\"target\":[\"https:\/\/tierrasdecordoba.com\/fr\/entreprise\/argot-flamenco\/\"]}]},{\"@type\":\"ImageObject\",\"inLanguage\":\"fr-FR\",\"@id\":\"https:\/\/tierrasdecordoba.com\/fr\/entreprise\/argot-flamenco\/#primaryimage\",\"url\":\"https:\/\/tierrasdecordoba.com\/wp-content\/uploads\/2021\/06\/logo-argot-flamenco.jpg\",\"contentUrl\":\"https:\/\/tierrasdecordoba.com\/wp-content\/uploads\/2021\/06\/logo-argot-flamenco.jpg\",\"width\":1600,\"height\":1156},{\"@type\":\"BreadcrumbList\",\"@id\":\"https:\/\/tierrasdecordoba.com\/fr\/entreprise\/argot-flamenco\/#breadcrumb\",\"itemListElement\":[{\"@type\":\"ListItem\",\"position\":1,\"name\":\"Portada\",\"item\":\"https:\/\/tierrasdecordoba.com\/fr\/\"},{\"@type\":\"ListItem\",\"position\":2,\"name\":\"Empresas\",\"item\":\"https:\/\/tierrasdecordoba.com\/fr\/empresas\/\"},{\"@type\":\"ListItem\",\"position\":3,\"name\":\"Argot Flamenco\"}]},{\"@type\":\"WebSite\",\"@id\":\"https:\/\/tierrasdecordoba.com\/fr\/#website\",\"url\":\"https:\/\/tierrasdecordoba.com\/fr\/\",\"name\":\"Tierras de C\u00f3rdoba\",\"description\":\"Casas Rurales C\u00f3rdoba, Actividades C\u00f3rdoba, Restaurantes C\u00f3rdoba\",\"publisher\":{\"@id\":\"https:\/\/tierrasdecordoba.com\/fr\/#organization\"},\"potentialAction\":[{\"@type\":\"SearchAction\",\"target\":{\"@type\":\"EntryPoint\",\"urlTemplate\":\"https:\/\/tierrasdecordoba.com\/fr\/?s={search_term_string}\"},\"query-input\":{\"@type\":\"PropertyValueSpecification\",\"valueRequired\":true,\"valueName\":\"search_term_string\"}}],\"inLanguage\":\"fr-FR\"},{\"@type\":\"Organization\",\"@id\":\"https:\/\/tierrasdecordoba.com\/fr\/#organization\",\"name\":\"Tierras de C\u00f3rdoba\",\"url\":\"https:\/\/tierrasdecordoba.com\/fr\/\",\"logo\":{\"@type\":\"ImageObject\",\"inLanguage\":\"fr-FR\",\"@id\":\"https:\/\/tierrasdecordoba.com\/fr\/#\/schema\/logo\/image\/\",\"url\":\"https:\/\/tierrasdecordoba.com\/wp-content\/uploads\/2021\/05\/logo-header.png\",\"contentUrl\":\"https:\/\/tierrasdecordoba.com\/wp-content\/uploads\/2021\/05\/logo-header.png\",\"width\":191,\"height\":81,\"caption\":\"Tierras de C\u00f3rdoba\"},\"image\":{\"@id\":\"https:\/\/tierrasdecordoba.com\/fr\/#\/schema\/logo\/image\/\"}}]}<\/script>\n<!-- \/ Yoast SEO plugin. -->","yoast_head_json":{"title":"Argot Flamenco","robots":{"index":"index","follow":"follow","max-snippet":"max-snippet:-1","max-image-preview":"max-image-preview:large","max-video-preview":"max-video-preview:-1"},"canonical":"https:\/\/tierrasdecordoba.com\/fr\/entreprise\/argot-flamenco\/","og_locale":"fr_FR","og_type":"article","og_title":"Argot Flamenco","og_description":"Organisation d&rsquo;exp\u00e9riences touristiques personnalis\u00e9es \u00e0 travers le flamenco dans toutes ses expressions artistiques : chant, guitare et danse, en \u00e9tablissant des synergies avec d&rsquo;autres secteurs tels que la gastronomie, l&rsquo;astronomie, l&rsquo;\u0153nologie et le secteur \u00e9questre. Argot Flamenco Services Argot Flamenco propose une grande vari\u00e9t\u00e9 de services, tous li\u00e9s au flamenco dans toutes ses expressions artistiques,...","og_url":"https:\/\/tierrasdecordoba.com\/fr\/entreprise\/argot-flamenco\/","og_site_name":"Tierras de C\u00f3rdoba","article_modified_time":"2022-02-24T15:46:29+00:00","og_image":[{"width":1600,"height":1156,"url":"https:\/\/tierrasdecordoba.com\/wp-content\/uploads\/2021\/06\/logo-argot-flamenco.jpg","type":"image\/jpeg"}],"twitter_card":"summary_large_image","twitter_misc":{"Dur\u00e9e de lecture estim\u00e9e":"5 minutes"},"schema":{"@context":"https:\/\/schema.org","@graph":[{"@type":"WebPage","@id":"https:\/\/tierrasdecordoba.com\/fr\/entreprise\/argot-flamenco\/","url":"https:\/\/tierrasdecordoba.com\/fr\/entreprise\/argot-flamenco\/","name":"Argot Flamenco","isPartOf":{"@id":"https:\/\/tierrasdecordoba.com\/fr\/#website"},"primaryImageOfPage":{"@id":"https:\/\/tierrasdecordoba.com\/fr\/entreprise\/argot-flamenco\/#primaryimage"},"image":{"@id":"https:\/\/tierrasdecordoba.com\/fr\/entreprise\/argot-flamenco\/#primaryimage"},"thumbnailUrl":"https:\/\/tierrasdecordoba.com\/wp-content\/uploads\/2021\/06\/logo-argot-flamenco.jpg","datePublished":"2021-06-07T09:49:15+00:00","dateModified":"2022-02-24T15:46:29+00:00","breadcrumb":{"@id":"https:\/\/tierrasdecordoba.com\/fr\/entreprise\/argot-flamenco\/#breadcrumb"},"inLanguage":"fr-FR","potentialAction":[{"@type":"ReadAction","target":["https:\/\/tierrasdecordoba.com\/fr\/entreprise\/argot-flamenco\/"]}]},{"@type":"ImageObject","inLanguage":"fr-FR","@id":"https:\/\/tierrasdecordoba.com\/fr\/entreprise\/argot-flamenco\/#primaryimage","url":"https:\/\/tierrasdecordoba.com\/wp-content\/uploads\/2021\/06\/logo-argot-flamenco.jpg","contentUrl":"https:\/\/tierrasdecordoba.com\/wp-content\/uploads\/2021\/06\/logo-argot-flamenco.jpg","width":1600,"height":1156},{"@type":"BreadcrumbList","@id":"https:\/\/tierrasdecordoba.com\/fr\/entreprise\/argot-flamenco\/#breadcrumb","itemListElement":[{"@type":"ListItem","position":1,"name":"Portada","item":"https:\/\/tierrasdecordoba.com\/fr\/"},{"@type":"ListItem","position":2,"name":"Empresas","item":"https:\/\/tierrasdecordoba.com\/fr\/empresas\/"},{"@type":"ListItem","position":3,"name":"Argot Flamenco"}]},{"@type":"WebSite","@id":"https:\/\/tierrasdecordoba.com\/fr\/#website","url":"https:\/\/tierrasdecordoba.com\/fr\/","name":"Tierras de C\u00f3rdoba","description":"Casas Rurales C\u00f3rdoba, Actividades C\u00f3rdoba, Restaurantes C\u00f3rdoba","publisher":{"@id":"https:\/\/tierrasdecordoba.com\/fr\/#organization"},"potentialAction":[{"@type":"SearchAction","target":{"@type":"EntryPoint","urlTemplate":"https:\/\/tierrasdecordoba.com\/fr\/?s={search_term_string}"},"query-input":{"@type":"PropertyValueSpecification","valueRequired":true,"valueName":"search_term_string"}}],"inLanguage":"fr-FR"},{"@type":"Organization","@id":"https:\/\/tierrasdecordoba.com\/fr\/#organization","name":"Tierras de C\u00f3rdoba","url":"https:\/\/tierrasdecordoba.com\/fr\/","logo":{"@type":"ImageObject","inLanguage":"fr-FR","@id":"https:\/\/tierrasdecordoba.com\/fr\/#\/schema\/logo\/image\/","url":"https:\/\/tierrasdecordoba.com\/wp-content\/uploads\/2021\/05\/logo-header.png","contentUrl":"https:\/\/tierrasdecordoba.com\/wp-content\/uploads\/2021\/05\/logo-header.png","width":191,"height":81,"caption":"Tierras de C\u00f3rdoba"},"image":{"@id":"https:\/\/tierrasdecordoba.com\/fr\/#\/schema\/logo\/image\/"}}]}},"taxonomy_info":[],"featured_image_src_large":["https:\/\/tierrasdecordoba.com\/wp-content\/uploads\/2021\/06\/logo-argot-flamenco-1024x740.jpg",1024,740,true],"author_info":[],"comment_info":"","_links":{"self":[{"href":"https:\/\/tierrasdecordoba.com\/fr\/wp-json\/wp\/v2\/empresa\/8541","targetHints":{"allow":["GET"]}}],"collection":[{"href":"https:\/\/tierrasdecordoba.com\/fr\/wp-json\/wp\/v2\/empresa"}],"about":[{"href":"https:\/\/tierrasdecordoba.com\/fr\/wp-json\/wp\/v2\/types\/empresa"}],"wp:featuredmedia":[{"embeddable":true,"href":"https:\/\/tierrasdecordoba.com\/fr\/wp-json\/wp\/v2\/media\/8542"}],"wp:attachment":[{"href":"https:\/\/tierrasdecordoba.com\/fr\/wp-json\/wp\/v2\/media?parent=8541"}],"curies":[{"name":"wp","href":"https:\/\/api.w.org\/{rel}","templated":true}]}}