{"id":8546,"date":"2021-06-07T11:46:43","date_gmt":"2021-06-07T09:46:43","guid":{"rendered":"https:\/\/tierrasdecordoba.com\/empresa\/casa-rural-el-trillo\/"},"modified":"2022-02-24T16:56:31","modified_gmt":"2022-02-24T15:56:31","slug":"casa-rural-el-trillo","status":"publish","type":"empresa","link":"https:\/\/tierrasdecordoba.com\/fr\/entreprise\/casa-rural-el-trillo\/","title":{"rendered":"Maison rurale El Trillo"},"content":{"rendered":"\n<p>Le logement rural \u00ab\u00a0El Trillo\u00a0\u00bb est situ\u00e9 \u00e0 El Alcornocal, l&rsquo;un des 14 villages bien pr\u00e9serv\u00e9s de Fuente Obejuna, dans la province de Cordoue. La r\u00e9gion o\u00f9 il est situ\u00e9 est un cadre parfait dans lequel la beaut\u00e9 du paysage encourage un tourisme rural actif et des loisirs dans la nature. Vous pouvez profiter de vacances o\u00f9 la tranquillit\u00e9, la tradition et la nature r\u00e8gnent en ma\u00eetre.<\/p>\n\n\n\n<h2 class=\"wp-block-heading\">Casa Rural El Trillo del Alcorconal &#8211; Logement rural \u00e0 Fuente Obejuna<\/h2>\n\n\n\n<div class=\"wp-block-image\"><figure class=\"aligncenter size-full\"><img loading=\"lazy\" decoding=\"async\" width=\"1000\" height=\"661\" src=\"https:\/\/tierrasdecordoba.com\/wp-content\/uploads\/2021\/10\/casa-rural-el-trillo.jpeg\" alt=\"\" class=\"wp-image-4205\" srcset=\"https:\/\/tierrasdecordoba.com\/wp-content\/uploads\/2021\/10\/casa-rural-el-trillo.jpeg 1000w, https:\/\/tierrasdecordoba.com\/wp-content\/uploads\/2021\/10\/casa-rural-el-trillo-300x198.jpeg 300w, https:\/\/tierrasdecordoba.com\/wp-content\/uploads\/2021\/10\/casa-rural-el-trillo-768x508.jpeg 768w\" sizes=\"auto, (max-width: 1000px) 100vw, 1000px\" \/><\/figure><\/div>\n\n\n\n<p>Le logement rural a \u00e9t\u00e9 r\u00e9nov\u00e9 en 2003 et est lou\u00e9 comme une unit\u00e9 compl\u00e8te. Elle a une capacit\u00e9 maximale de 10 personnes, r\u00e9parties en un lit double et huit lits simples. Le prix est d&rsquo;environ 25\u20ac par nuit et par personne. Si vous \u00eates int\u00e9ress\u00e9, consultez le site officiel de Casa Rural El Trillo et lisez les d\u00e9tails des prix.<\/p>\n\n\n\n<h3 class=\"wp-block-heading\">Chambres et espaces communs<\/h3>\n\n\n<style>.kb-advanced-slider-_0ddbe6-be .kb-slider-pause-button{color:#fff;background-color:rgba(0, 0, 0, 0.8);border:1px solid transparent;}<\/style>\n<div class=\"wp-block-kadence-slider kb-advanced-slider kb-advanced-slider-_0ddbe6-be\"><div class=\"kb-advanced-slider-inner-contain\"><div class=\"kb-blocks-advanced-carousel kt-blocks-carousel kt-carousel-container-dotstyle-dark\"><div class=\"kb-blocks-advanced-slider-init kb-slider-loading kb-blocks-slider kt-carousel-arrowstyle-whiteondark kt-carousel-dotstyle-dark kb-slider-size-ratio kb-slider-ratio-4-3 kb-slider-tab-ratio-inherit kb-slider-mobile-ratio-inherit\" data-slider-anim-speed=\"400\" data-slider-type=\"slider\" data-slider-scroll=\"1\" data-slider-fade=\"true\" data-slider-arrows=\"true\" data-slider-dots=\"true\" data-slider-hover-pause=\"false\" data-slider-auto=\"true\" data-slider-speed=\"7000\">\n<div class=\"wp-block-kadence-slide kb-advanced-slide-item kb-slide-_0639f6-7e\"><div class=\"kb-advanced-slide\"><div class=\"kb-advanced-slide-inner-wrap\" style=\"background-image:url(https:\/\/tierrasdecordoba.com\/wp-content\/uploads\/2021\/06\/casa-rural-el-trillo-piscina.jpg);background-size:cover;background-position:center center;background-repeat:no-repeat\"><div class=\"kb-advanced-slide-inner\"><\/div><\/div><\/div><\/div>\n\n\n\n<div class=\"wp-block-kadence-slide kb-advanced-slide-item kb-slide-_20c9d4-ba\"><div class=\"kb-advanced-slide\"><div class=\"kb-advanced-slide-inner-wrap\" style=\"background-image:url(https:\/\/tierrasdecordoba.com\/wp-content\/uploads\/2021\/06\/casa-rural-el-trillo-10.jpeg);background-size:cover;background-position:center center;background-repeat:no-repeat\"><div class=\"kb-advanced-slide-inner\"><\/div><\/div><\/div><\/div>\n\n\n\n<div class=\"wp-block-kadence-slide kb-advanced-slide-item kb-slide-_1285c2-0d\"><div class=\"kb-advanced-slide\"><div class=\"kb-advanced-slide-inner-wrap\" style=\"background-image:url(https:\/\/tierrasdecordoba.com\/wp-content\/uploads\/2021\/06\/casa-rural-el-trillo-2.jpeg);background-size:cover;background-position:center center;background-repeat:no-repeat\"><div class=\"kb-advanced-slide-inner\"><\/div><\/div><\/div><\/div>\n\n\n\n<div class=\"wp-block-kadence-slide kb-advanced-slide-item kb-slide-_b99b98-dc\"><div class=\"kb-advanced-slide\"><div class=\"kb-advanced-slide-inner-wrap\" style=\"background-image:url(https:\/\/tierrasdecordoba.com\/wp-content\/uploads\/2021\/06\/casa-rural-el-trillo-2.jpg);background-size:cover;background-position:center center;background-repeat:no-repeat\"><div class=\"kb-advanced-slide-inner\"><\/div><\/div><\/div><\/div>\n\n\n\n<div class=\"wp-block-kadence-slide kb-advanced-slide-item kb-slide-_34ead4-0d\"><div class=\"kb-advanced-slide\"><div class=\"kb-advanced-slide-inner-wrap\" style=\"background-image:url(https:\/\/tierrasdecordoba.com\/wp-content\/uploads\/2021\/06\/casa-rural-el-trillo-3.jpeg);background-size:cover;background-position:center center;background-repeat:no-repeat\"><div class=\"kb-advanced-slide-inner\"><\/div><\/div><\/div><\/div>\n\n\n\n<div class=\"wp-block-kadence-slide kb-advanced-slide-item kb-slide-_e75a5c-0c\"><div class=\"kb-advanced-slide\"><div class=\"kb-advanced-slide-inner-wrap\" style=\"background-image:url(https:\/\/tierrasdecordoba.com\/wp-content\/uploads\/2021\/06\/casa-rural-el-trillo-8.jpeg);background-size:cover;background-position:center center;background-repeat:no-repeat\"><div class=\"kb-advanced-slide-inner\"><\/div><\/div><\/div><\/div>\n\n\n\n<div class=\"wp-block-kadence-slide kb-advanced-slide-item kb-slide-_f412be-40\"><div class=\"kb-advanced-slide\"><div class=\"kb-advanced-slide-inner-wrap\" style=\"background-image:url(https:\/\/tierrasdecordoba.com\/wp-content\/uploads\/2021\/06\/casa-rural-el-trillo-9.jpeg);background-size:cover;background-position:center center;background-repeat:no-repeat\"><div class=\"kb-advanced-slide-inner\"><\/div><\/div><\/div><\/div>\n<\/div><\/div><\/div><\/div>\n\n\n\n<p>\u00c0 l&rsquo;int\u00e9rieur de la maison, vous trouverez : 5 chambres doubles, 3 salles de bains communes, salon, salle de jeux, salle \u00e0 manger, cuisine, chauffage, chemin\u00e9e, lave-linge, lave-vaisselle, micro-ondes, four, t\u00e9l\u00e9vision et connexion Wi-Fi.<\/p>\n\n\n\n<p>La cuisine et les salles de bains sont d\u00e9cor\u00e9es de c\u00e9ramiques provenant de c\u00e9l\u00e8bres artisans de diff\u00e9rentes r\u00e9gions d&rsquo;Andalousie. \u00c0 l&rsquo;ext\u00e9rieur : parking, piscine, terrasse, espace barbecue et un grand porche qui rendra vos journ\u00e9es d&rsquo;\u00e9t\u00e9 inoubliables.\u00a0<\/p>\n\n\n\n<p>Les animaux domestiques sont autoris\u00e9s \u00e0 la Casa Rural El Trillo, et si n\u00e9cessaire, un lit b\u00e9b\u00e9 est disponible. Le logement est \u00e9quip\u00e9 de l&rsquo;eau chaude et du chauffage central avec des radiateurs dans toutes les pi\u00e8ces. Vous trouverez \u00e9galement du linge de lit. Il est situ\u00e9 dans le centre ville, pr\u00e8s d&rsquo;un lac, et l&rsquo;acc\u00e8s est asphalt\u00e9.\u00a0<\/p>\n\n\n\n<h3 class=\"wp-block-heading\">Activit\u00e9s dans la r\u00e9gion<\/h3>\n\n\n\n<p>Parmi les activit\u00e9s que vous pouvez pratiquer dans les environs, citons : le VTT &#8211; BTT, la randonn\u00e9e &#8211; trekking, la p\u00eache, l&rsquo;escalade, le cano\u00eb, la voile, etc. En outre, ils vous sugg\u00e8rent de visiter les lieux suivants : Sierra Cordobesa, Posadilla, Las Erillas, ch\u00e2teau de Belmez, r\u00e9servoir de Sierra Boyera, parc naturel de Hornachuelos, r\u00e9servoir de Bemb\u00e9zar.<\/p>\n\n\n\n<p>Consultez leur site web officiel si vous voulez en savoir plus sur la Casa Rural \u00ab\u00a0El Trillo\u00a0\u00bb et faire votre r\u00e9servation.<\/p>\n","protected":false},"featured_media":8548,"template":"","meta":{"_acf_changed":false,"_kad_blocks_custom_css":"","_kad_blocks_head_custom_js":"","_kad_blocks_body_custom_js":"","_kad_blocks_footer_custom_js":"","_kad_post_transparent":"default","_kad_post_title":"default","_kad_post_layout":"default","_kad_post_sidebar_id":"","_kad_post_content_style":"default","_kad_post_vertical_padding":"default","_kad_post_feature":"","_kad_post_feature_position":"","_kad_post_header":false,"_kad_post_footer":false,"_kad_post_classname":""},"class_list":["post-8546","empresa","type-empresa","status-publish","has-post-thumbnail","hentry"],"acf":[],"yoast_head":"<!-- This site is optimized with the Yoast SEO plugin v26.4 - https:\/\/yoast.com\/wordpress\/plugins\/seo\/ -->\n<title>Maison rurale El Trillo<\/title>\n<meta name=\"robots\" content=\"index, follow, max-snippet:-1, max-image-preview:large, max-video-preview:-1\" \/>\n<link rel=\"canonical\" href=\"https:\/\/tierrasdecordoba.com\/fr\/entreprise\/casa-rural-el-trillo\/\" \/>\n<meta property=\"og:locale\" content=\"fr_FR\" \/>\n<meta property=\"og:type\" content=\"article\" \/>\n<meta property=\"og:title\" content=\"Maison rurale El Trillo\" \/>\n<meta property=\"og:description\" content=\"Le logement rural \u00ab\u00a0El Trillo\u00a0\u00bb est situ\u00e9 \u00e0 El Alcornocal, l&rsquo;un des 14 villages bien pr\u00e9serv\u00e9s de Fuente Obejuna, dans la province de Cordoue. La r\u00e9gion o\u00f9 il est situ\u00e9 est un cadre parfait dans lequel la beaut\u00e9 du paysage encourage un tourisme rural actif et des loisirs dans la nature. Vous pouvez profiter de...\" \/>\n<meta property=\"og:url\" content=\"https:\/\/tierrasdecordoba.com\/fr\/entreprise\/casa-rural-el-trillo\/\" \/>\n<meta property=\"og:site_name\" content=\"Tierras de C\u00f3rdoba\" \/>\n<meta property=\"article:modified_time\" content=\"2022-02-24T15:56:31+00:00\" \/>\n<meta property=\"og:image\" content=\"https:\/\/tierrasdecordoba.com\/wp-content\/uploads\/2021\/06\/logo-casa-el-trillo.jpg\" \/>\n\t<meta property=\"og:image:width\" content=\"874\" \/>\n\t<meta property=\"og:image:height\" content=\"619\" \/>\n\t<meta property=\"og:image:type\" content=\"image\/jpeg\" \/>\n<meta name=\"twitter:card\" content=\"summary_large_image\" \/>\n<meta name=\"twitter:label1\" content=\"Dur\u00e9e de lecture estim\u00e9e\" \/>\n\t<meta name=\"twitter:data1\" content=\"2 minutes\" \/>\n<script type=\"application\/ld+json\" class=\"yoast-schema-graph\">{\"@context\":\"https:\/\/schema.org\",\"@graph\":[{\"@type\":\"WebPage\",\"@id\":\"https:\/\/tierrasdecordoba.com\/fr\/entreprise\/casa-rural-el-trillo\/\",\"url\":\"https:\/\/tierrasdecordoba.com\/fr\/entreprise\/casa-rural-el-trillo\/\",\"name\":\"Maison rurale El Trillo\",\"isPartOf\":{\"@id\":\"https:\/\/tierrasdecordoba.com\/fr\/#website\"},\"primaryImageOfPage\":{\"@id\":\"https:\/\/tierrasdecordoba.com\/fr\/entreprise\/casa-rural-el-trillo\/#primaryimage\"},\"image\":{\"@id\":\"https:\/\/tierrasdecordoba.com\/fr\/entreprise\/casa-rural-el-trillo\/#primaryimage\"},\"thumbnailUrl\":\"https:\/\/tierrasdecordoba.com\/wp-content\/uploads\/2021\/06\/logo-casa-el-trillo.jpg\",\"datePublished\":\"2021-06-07T09:46:43+00:00\",\"dateModified\":\"2022-02-24T15:56:31+00:00\",\"breadcrumb\":{\"@id\":\"https:\/\/tierrasdecordoba.com\/fr\/entreprise\/casa-rural-el-trillo\/#breadcrumb\"},\"inLanguage\":\"fr-FR\",\"potentialAction\":[{\"@type\":\"ReadAction\",\"target\":[\"https:\/\/tierrasdecordoba.com\/fr\/entreprise\/casa-rural-el-trillo\/\"]}]},{\"@type\":\"ImageObject\",\"inLanguage\":\"fr-FR\",\"@id\":\"https:\/\/tierrasdecordoba.com\/fr\/entreprise\/casa-rural-el-trillo\/#primaryimage\",\"url\":\"https:\/\/tierrasdecordoba.com\/wp-content\/uploads\/2021\/06\/logo-casa-el-trillo.jpg\",\"contentUrl\":\"https:\/\/tierrasdecordoba.com\/wp-content\/uploads\/2021\/06\/logo-casa-el-trillo.jpg\",\"width\":874,\"height\":619},{\"@type\":\"BreadcrumbList\",\"@id\":\"https:\/\/tierrasdecordoba.com\/fr\/entreprise\/casa-rural-el-trillo\/#breadcrumb\",\"itemListElement\":[{\"@type\":\"ListItem\",\"position\":1,\"name\":\"Portada\",\"item\":\"https:\/\/tierrasdecordoba.com\/fr\/\"},{\"@type\":\"ListItem\",\"position\":2,\"name\":\"Empresas\",\"item\":\"https:\/\/tierrasdecordoba.com\/fr\/empresas\/\"},{\"@type\":\"ListItem\",\"position\":3,\"name\":\"Maison rurale El Trillo\"}]},{\"@type\":\"WebSite\",\"@id\":\"https:\/\/tierrasdecordoba.com\/fr\/#website\",\"url\":\"https:\/\/tierrasdecordoba.com\/fr\/\",\"name\":\"Tierras de C\u00f3rdoba\",\"description\":\"Casas Rurales C\u00f3rdoba, Actividades C\u00f3rdoba, Restaurantes C\u00f3rdoba\",\"publisher\":{\"@id\":\"https:\/\/tierrasdecordoba.com\/fr\/#organization\"},\"potentialAction\":[{\"@type\":\"SearchAction\",\"target\":{\"@type\":\"EntryPoint\",\"urlTemplate\":\"https:\/\/tierrasdecordoba.com\/fr\/?s={search_term_string}\"},\"query-input\":{\"@type\":\"PropertyValueSpecification\",\"valueRequired\":true,\"valueName\":\"search_term_string\"}}],\"inLanguage\":\"fr-FR\"},{\"@type\":\"Organization\",\"@id\":\"https:\/\/tierrasdecordoba.com\/fr\/#organization\",\"name\":\"Tierras de C\u00f3rdoba\",\"url\":\"https:\/\/tierrasdecordoba.com\/fr\/\",\"logo\":{\"@type\":\"ImageObject\",\"inLanguage\":\"fr-FR\",\"@id\":\"https:\/\/tierrasdecordoba.com\/fr\/#\/schema\/logo\/image\/\",\"url\":\"https:\/\/tierrasdecordoba.com\/wp-content\/uploads\/2021\/05\/logo-header.png\",\"contentUrl\":\"https:\/\/tierrasdecordoba.com\/wp-content\/uploads\/2021\/05\/logo-header.png\",\"width\":191,\"height\":81,\"caption\":\"Tierras de C\u00f3rdoba\"},\"image\":{\"@id\":\"https:\/\/tierrasdecordoba.com\/fr\/#\/schema\/logo\/image\/\"}}]}<\/script>\n<!-- \/ Yoast SEO plugin. -->","yoast_head_json":{"title":"Maison rurale El Trillo","robots":{"index":"index","follow":"follow","max-snippet":"max-snippet:-1","max-image-preview":"max-image-preview:large","max-video-preview":"max-video-preview:-1"},"canonical":"https:\/\/tierrasdecordoba.com\/fr\/entreprise\/casa-rural-el-trillo\/","og_locale":"fr_FR","og_type":"article","og_title":"Maison rurale El Trillo","og_description":"Le logement rural \u00ab\u00a0El Trillo\u00a0\u00bb est situ\u00e9 \u00e0 El Alcornocal, l&rsquo;un des 14 villages bien pr\u00e9serv\u00e9s de Fuente Obejuna, dans la province de Cordoue. La r\u00e9gion o\u00f9 il est situ\u00e9 est un cadre parfait dans lequel la beaut\u00e9 du paysage encourage un tourisme rural actif et des loisirs dans la nature. Vous pouvez profiter de...","og_url":"https:\/\/tierrasdecordoba.com\/fr\/entreprise\/casa-rural-el-trillo\/","og_site_name":"Tierras de C\u00f3rdoba","article_modified_time":"2022-02-24T15:56:31+00:00","og_image":[{"width":874,"height":619,"url":"https:\/\/tierrasdecordoba.com\/wp-content\/uploads\/2021\/06\/logo-casa-el-trillo.jpg","type":"image\/jpeg"}],"twitter_card":"summary_large_image","twitter_misc":{"Dur\u00e9e de lecture estim\u00e9e":"2 minutes"},"schema":{"@context":"https:\/\/schema.org","@graph":[{"@type":"WebPage","@id":"https:\/\/tierrasdecordoba.com\/fr\/entreprise\/casa-rural-el-trillo\/","url":"https:\/\/tierrasdecordoba.com\/fr\/entreprise\/casa-rural-el-trillo\/","name":"Maison rurale El Trillo","isPartOf":{"@id":"https:\/\/tierrasdecordoba.com\/fr\/#website"},"primaryImageOfPage":{"@id":"https:\/\/tierrasdecordoba.com\/fr\/entreprise\/casa-rural-el-trillo\/#primaryimage"},"image":{"@id":"https:\/\/tierrasdecordoba.com\/fr\/entreprise\/casa-rural-el-trillo\/#primaryimage"},"thumbnailUrl":"https:\/\/tierrasdecordoba.com\/wp-content\/uploads\/2021\/06\/logo-casa-el-trillo.jpg","datePublished":"2021-06-07T09:46:43+00:00","dateModified":"2022-02-24T15:56:31+00:00","breadcrumb":{"@id":"https:\/\/tierrasdecordoba.com\/fr\/entreprise\/casa-rural-el-trillo\/#breadcrumb"},"inLanguage":"fr-FR","potentialAction":[{"@type":"ReadAction","target":["https:\/\/tierrasdecordoba.com\/fr\/entreprise\/casa-rural-el-trillo\/"]}]},{"@type":"ImageObject","inLanguage":"fr-FR","@id":"https:\/\/tierrasdecordoba.com\/fr\/entreprise\/casa-rural-el-trillo\/#primaryimage","url":"https:\/\/tierrasdecordoba.com\/wp-content\/uploads\/2021\/06\/logo-casa-el-trillo.jpg","contentUrl":"https:\/\/tierrasdecordoba.com\/wp-content\/uploads\/2021\/06\/logo-casa-el-trillo.jpg","width":874,"height":619},{"@type":"BreadcrumbList","@id":"https:\/\/tierrasdecordoba.com\/fr\/entreprise\/casa-rural-el-trillo\/#breadcrumb","itemListElement":[{"@type":"ListItem","position":1,"name":"Portada","item":"https:\/\/tierrasdecordoba.com\/fr\/"},{"@type":"ListItem","position":2,"name":"Empresas","item":"https:\/\/tierrasdecordoba.com\/fr\/empresas\/"},{"@type":"ListItem","position":3,"name":"Maison rurale El Trillo"}]},{"@type":"WebSite","@id":"https:\/\/tierrasdecordoba.com\/fr\/#website","url":"https:\/\/tierrasdecordoba.com\/fr\/","name":"Tierras de C\u00f3rdoba","description":"Casas Rurales C\u00f3rdoba, Actividades C\u00f3rdoba, Restaurantes C\u00f3rdoba","publisher":{"@id":"https:\/\/tierrasdecordoba.com\/fr\/#organization"},"potentialAction":[{"@type":"SearchAction","target":{"@type":"EntryPoint","urlTemplate":"https:\/\/tierrasdecordoba.com\/fr\/?s={search_term_string}"},"query-input":{"@type":"PropertyValueSpecification","valueRequired":true,"valueName":"search_term_string"}}],"inLanguage":"fr-FR"},{"@type":"Organization","@id":"https:\/\/tierrasdecordoba.com\/fr\/#organization","name":"Tierras de C\u00f3rdoba","url":"https:\/\/tierrasdecordoba.com\/fr\/","logo":{"@type":"ImageObject","inLanguage":"fr-FR","@id":"https:\/\/tierrasdecordoba.com\/fr\/#\/schema\/logo\/image\/","url":"https:\/\/tierrasdecordoba.com\/wp-content\/uploads\/2021\/05\/logo-header.png","contentUrl":"https:\/\/tierrasdecordoba.com\/wp-content\/uploads\/2021\/05\/logo-header.png","width":191,"height":81,"caption":"Tierras de C\u00f3rdoba"},"image":{"@id":"https:\/\/tierrasdecordoba.com\/fr\/#\/schema\/logo\/image\/"}}]}},"taxonomy_info":[],"featured_image_src_large":["https:\/\/tierrasdecordoba.com\/wp-content\/uploads\/2021\/06\/logo-casa-el-trillo.jpg",874,619,false],"author_info":[],"comment_info":"","_links":{"self":[{"href":"https:\/\/tierrasdecordoba.com\/fr\/wp-json\/wp\/v2\/empresa\/8546","targetHints":{"allow":["GET"]}}],"collection":[{"href":"https:\/\/tierrasdecordoba.com\/fr\/wp-json\/wp\/v2\/empresa"}],"about":[{"href":"https:\/\/tierrasdecordoba.com\/fr\/wp-json\/wp\/v2\/types\/empresa"}],"wp:featuredmedia":[{"embeddable":true,"href":"https:\/\/tierrasdecordoba.com\/fr\/wp-json\/wp\/v2\/media\/8548"}],"wp:attachment":[{"href":"https:\/\/tierrasdecordoba.com\/fr\/wp-json\/wp\/v2\/media?parent=8546"}],"curies":[{"name":"wp","href":"https:\/\/api.w.org\/{rel}","templated":true}]}}