{"id":8555,"date":"2021-06-07T11:44:16","date_gmt":"2021-06-07T09:44:16","guid":{"rendered":"https:\/\/tierrasdecordoba.com\/empresa\/miguel-ruiz\/"},"modified":"2022-02-24T17:23:41","modified_gmt":"2022-02-24T16:23:41","slug":"miguel-ruiz","status":"publish","type":"empresa","link":"https:\/\/tierrasdecordoba.com\/fr\/entreprise\/miguel-ruiz\/","title":{"rendered":"Maisons rurales D\u00aa Ver\u00f3nica et D\u00aa Paula"},"content":{"rendered":"\n<p>Les Casas Rurales D\u00aa Paula y D\u00aa Ver\u00f3nica sont situ\u00e9es \u00e0 Fuente Obejuna, une municipalit\u00e9 de la province de Cordoue. Ce lieu est c\u00e9l\u00e8bre pour plusieurs \u00e9v\u00e9nements historiques qui se sont d\u00e9roul\u00e9s au 15e si\u00e8cle et qui ont inspir\u00e9 la pi\u00e8ce Fuenteovejuna \u00e9crite par Lope de Vega. Dans ces maisons rurales, vous trouverez un espace paisible au c\u0153ur de la nature pour faire une pause dans le bruit de la ville.<\/p>\n\n\n\n<h2 class=\"wp-block-heading\">Maison rurale Do\u00f1a Ver\u00f3nica<\/h2>\n\n\n<style>.kb-advanced-slider-_3338f0-57 .kb-slider-pause-button{color:#fff;background-color:rgba(0, 0, 0, 0.8);border:1px solid transparent;}<\/style>\n<div class=\"wp-block-kadence-slider kb-advanced-slider kb-advanced-slider-_3338f0-57\"><div class=\"kb-advanced-slider-inner-contain\"><div class=\"kb-blocks-advanced-carousel kt-blocks-carousel kt-carousel-container-dotstyle-dark\"><div class=\"kb-blocks-advanced-slider-init kb-slider-loading kb-blocks-slider kt-carousel-arrowstyle-whiteondark kt-carousel-dotstyle-dark kb-slider-size-ratio kb-slider-ratio-4-3 kb-slider-tab-ratio-inherit kb-slider-mobile-ratio-inherit\" data-slider-anim-speed=\"400\" data-slider-type=\"slider\" data-slider-scroll=\"1\" data-slider-fade=\"true\" data-slider-arrows=\"true\" data-slider-dots=\"true\" data-slider-hover-pause=\"false\" data-slider-auto=\"true\" data-slider-speed=\"7000\">\n<div class=\"wp-block-kadence-slide kb-advanced-slide-item kb-slide-_622f7a-8c\"><div class=\"kb-advanced-slide\"><div class=\"kb-advanced-slide-inner-wrap\" style=\"background-image:url(https:\/\/tierrasdecordoba.com\/wp-content\/uploads\/2021\/10\/casa-rural-dona-veronica.jpg);background-size:cover;background-position:center center;background-repeat:no-repeat\"><div class=\"kb-advanced-slide-inner\"><\/div><\/div><\/div><\/div>\n\n\n\n<div class=\"wp-block-kadence-slide kb-advanced-slide-item kb-slide-_ffe220-b4\"><div class=\"kb-advanced-slide\"><div class=\"kb-advanced-slide-inner-wrap\" style=\"background-image:url(https:\/\/tierrasdecordoba.com\/wp-content\/uploads\/2021\/10\/casa-rural-dona-veronica-atico.jpg);background-size:cover;background-position:center center;background-repeat:no-repeat\"><div class=\"kb-advanced-slide-inner\"><\/div><\/div><\/div><\/div>\n\n\n\n<div class=\"wp-block-kadence-slide kb-advanced-slide-item kb-slide-_33dea6-b1\"><div class=\"kb-advanced-slide\"><div class=\"kb-advanced-slide-inner-wrap\" style=\"background-image:url(https:\/\/tierrasdecordoba.com\/wp-content\/uploads\/2021\/10\/casa-rural-dona-veronica-piscina.jpg);background-size:cover;background-position:center center;background-repeat:no-repeat\"><div class=\"kb-advanced-slide-inner\"><\/div><\/div><\/div><\/div>\n\n\n\n<div class=\"wp-block-kadence-slide kb-advanced-slide-item kb-slide-_929536-49\"><div class=\"kb-advanced-slide\"><div class=\"kb-advanced-slide-inner-wrap\" style=\"background-image:url(https:\/\/tierrasdecordoba.com\/wp-content\/uploads\/2021\/10\/casa-rural-dona-veronica-salon-1.jpg);background-size:cover;background-position:center center;background-repeat:no-repeat\"><div class=\"kb-advanced-slide-inner\"><\/div><\/div><\/div><\/div>\n\n\n\n<div class=\"wp-block-kadence-slide kb-advanced-slide-item kb-slide-_823b4b-00\"><div class=\"kb-advanced-slide\"><div class=\"kb-advanced-slide-inner-wrap\" style=\"background-image:url(https:\/\/tierrasdecordoba.com\/wp-content\/uploads\/2021\/10\/casa-rural-dona-veronica-habitacion-3.jpg);background-size:cover;background-position:center center;background-repeat:no-repeat\"><div class=\"kb-advanced-slide-inner\"><\/div><\/div><\/div><\/div>\n\n\n\n<div class=\"wp-block-kadence-slide kb-advanced-slide-item kb-slide-_43f2e1-19\"><div class=\"kb-advanced-slide\"><div class=\"kb-advanced-slide-inner-wrap\" style=\"background-image:url(https:\/\/tierrasdecordoba.com\/wp-content\/uploads\/2021\/10\/casa-rural-dona-veronica-habitacion-2.jpg);background-size:cover;background-position:center center;background-repeat:no-repeat\"><div class=\"kb-advanced-slide-inner\"><\/div><\/div><\/div><\/div>\n\n\n\n<div class=\"wp-block-kadence-slide kb-advanced-slide-item kb-slide-_5efe46-b5\"><div class=\"kb-advanced-slide\"><div class=\"kb-advanced-slide-inner-wrap\" style=\"background-image:url(https:\/\/tierrasdecordoba.com\/wp-content\/uploads\/2021\/10\/casa-rural-dona-veronica-bano-2.jpg);background-size:cover;background-position:center center;background-repeat:no-repeat\"><div class=\"kb-advanced-slide-inner\"><\/div><\/div><\/div><\/div>\n\n\n\n<div class=\"wp-block-kadence-slide kb-advanced-slide-item kb-slide-_6ee6f1-69\"><div class=\"kb-advanced-slide\"><div class=\"kb-advanced-slide-inner-wrap\" style=\"background-image:url(https:\/\/tierrasdecordoba.com\/wp-content\/uploads\/2021\/10\/casa-rural-dona-veronica-bano-4.jpg);background-size:cover;background-position:center center;background-repeat:no-repeat\"><div class=\"kb-advanced-slide-inner\">\n<p><\/p>\n<\/div><\/div><\/div><\/div>\n\n\n\n<div class=\"wp-block-kadence-slide kb-advanced-slide-item kb-slide-_b57945-27\"><div class=\"kb-advanced-slide\"><div class=\"kb-advanced-slide-inner-wrap\" style=\"background-image:url(https:\/\/tierrasdecordoba.com\/wp-content\/uploads\/2021\/10\/casa-rural-dona-veronica-cocina.jpg);background-size:cover;background-position:center center;background-repeat:no-repeat\"><div class=\"kb-advanced-slide-inner\"><\/div><\/div><\/div><\/div>\n\n\n\n<div class=\"wp-block-kadence-slide kb-advanced-slide-item kb-slide-_b82485-93\"><div class=\"kb-advanced-slide\"><div class=\"kb-advanced-slide-inner-wrap\" style=\"background-image:url(https:\/\/tierrasdecordoba.com\/wp-content\/uploads\/2021\/10\/casa-rural-dona-veronica-entrada-2.jpg);background-size:cover;background-position:center center;background-repeat:no-repeat\"><div class=\"kb-advanced-slide-inner\"><\/div><\/div><\/div><\/div>\n\n\n\n<div class=\"wp-block-kadence-slide kb-advanced-slide-item kb-slide-_1fcb3e-34\"><div class=\"kb-advanced-slide\"><div class=\"kb-advanced-slide-inner-wrap\" style=\"background-image:url(https:\/\/tierrasdecordoba.com\/wp-content\/uploads\/2021\/10\/casa-rural-dona-veronica-los-morenos.jpg);background-size:cover;background-position:center center;background-repeat:no-repeat\"><div class=\"kb-advanced-slide-inner\"><\/div><\/div><\/div><\/div>\n<\/div><\/div><\/div><\/div>\n\n\n\n<p>Ce logement est situ\u00e9 \u00e0 Los Morenos. Elle fait partie d&rsquo;un groupe de maisons blanches et poss\u00e8de une grande fa\u00e7ade d&rsquo;angle, blanchie \u00e0 la chaux, avec des pierres et une grande grille du d\u00e9but du si\u00e8cle dernier.<\/p>\n\n\n\n<p>La maison D\u00aa Ver\u00f3nica dispose de 7 chambres et 5 salles de bains, ainsi que d&rsquo;un appartement individuel. Au total, cette maison peut accueillir entre 14 et 18 personnes. La maison est lou\u00e9e pour un minimum de six personnes.<\/p>\n\n\n\n<p>Cette maison dispose \u00e9galement de deux salons avec des plafonds vo\u00fbt\u00e9s, une chemin\u00e9e, une cuisine compl\u00e8te et une v\u00e9randa offrant une vue spectaculaire sur le village et son lever de soleil.<\/p>\n\n\n\n<p>A l&rsquo;ext\u00e9rieur, deux patios avec espace barbecue, piscine, solarium et terrasse. Le prix de l&rsquo;h\u00e9bergement varie entre 20\u20ac et 30\u20ac par personne et par nuit.&nbsp;<\/p>\n\n\n\n<h2 class=\"wp-block-heading\">Casa Rural Do\u00f1a Paula<\/h2>\n\n\n<style>.kb-advanced-slider-_698255-a1 .kb-slider-pause-button{color:#fff;background-color:rgba(0, 0, 0, 0.8);border:1px solid transparent;}<\/style>\n<div class=\"wp-block-kadence-slider kb-advanced-slider kb-advanced-slider-_698255-a1\"><div class=\"kb-advanced-slider-inner-contain\"><div class=\"kb-blocks-advanced-carousel kt-blocks-carousel kt-carousel-container-dotstyle-dark\"><div class=\"kb-blocks-advanced-slider-init kb-slider-loading kb-blocks-slider kt-carousel-arrowstyle-whiteondark kt-carousel-dotstyle-dark kb-slider-size-ratio kb-slider-ratio-4-3 kb-slider-tab-ratio-inherit kb-slider-mobile-ratio-inherit\" data-slider-anim-speed=\"400\" data-slider-type=\"slider\" data-slider-scroll=\"1\" data-slider-fade=\"true\" data-slider-arrows=\"true\" data-slider-dots=\"true\" data-slider-hover-pause=\"false\" data-slider-auto=\"true\" data-slider-speed=\"7000\">\n<div class=\"wp-block-kadence-slide kb-advanced-slide-item kb-slide-_cd3eda-ea\"><div class=\"kb-advanced-slide\"><div class=\"kb-advanced-slide-inner-wrap\" style=\"background-image:url(https:\/\/tierrasdecordoba.com\/wp-content\/uploads\/2021\/10\/casa-rural-dona-paula-terraza.jpg);background-size:cover;background-position:center center;background-repeat:no-repeat\"><div class=\"kb-advanced-slide-inner\"><\/div><\/div><\/div><\/div>\n\n\n\n<div class=\"wp-block-kadence-slide kb-advanced-slide-item kb-slide-_b150fb-9f\"><div class=\"kb-advanced-slide\"><div class=\"kb-advanced-slide-inner-wrap\" style=\"background-image:url(https:\/\/tierrasdecordoba.com\/wp-content\/uploads\/2021\/10\/casa-rural-dona-paula-terraza-2.jpg);background-size:cover;background-position:center center;background-repeat:no-repeat\"><div class=\"kb-advanced-slide-inner\"><\/div><\/div><\/div><\/div>\n\n\n\n<div class=\"wp-block-kadence-slide kb-advanced-slide-item kb-slide-_b2ca2d-7c\"><div class=\"kb-advanced-slide\"><div class=\"kb-advanced-slide-inner-wrap\" style=\"background-image:url(https:\/\/tierrasdecordoba.com\/wp-content\/uploads\/2021\/10\/casa-rural-dona-paula-piscina.jpg);background-size:cover;background-position:center center;background-repeat:no-repeat\"><div class=\"kb-advanced-slide-inner\"><\/div><\/div><\/div><\/div>\n\n\n\n<div class=\"wp-block-kadence-slide kb-advanced-slide-item kb-slide-_62c75c-ef\"><div class=\"kb-advanced-slide\"><div class=\"kb-advanced-slide-inner-wrap\" style=\"background-image:url(https:\/\/tierrasdecordoba.com\/wp-content\/uploads\/2021\/10\/casa-rural-dona-paula-salon-3.jpg);background-size:cover;background-position:center center;background-repeat:no-repeat\"><div class=\"kb-advanced-slide-inner\"><\/div><\/div><\/div><\/div>\n\n\n\n<div class=\"wp-block-kadence-slide kb-advanced-slide-item kb-slide-_b91f20-ab\"><div class=\"kb-advanced-slide\"><div class=\"kb-advanced-slide-inner-wrap\" style=\"background-image:url(https:\/\/tierrasdecordoba.com\/wp-content\/uploads\/2021\/10\/casa-rural-dona-paula-salon-2.jpg);background-size:cover;background-position:center center;background-repeat:no-repeat\"><div class=\"kb-advanced-slide-inner\"><\/div><\/div><\/div><\/div>\n\n\n\n<div class=\"wp-block-kadence-slide kb-advanced-slide-item kb-slide-_af1e2f-d6\"><div class=\"kb-advanced-slide\"><div class=\"kb-advanced-slide-inner-wrap\" style=\"background-image:url(https:\/\/tierrasdecordoba.com\/wp-content\/uploads\/2021\/10\/casa-rural-dona-paula-habitacion-1.jpg);background-size:cover;background-position:center center;background-repeat:no-repeat\"><div class=\"kb-advanced-slide-inner\"><\/div><\/div><\/div><\/div>\n\n\n\n<div class=\"wp-block-kadence-slide kb-advanced-slide-item kb-slide-_5149c3-18\"><div class=\"kb-advanced-slide\"><div class=\"kb-advanced-slide-inner-wrap\" style=\"background-image:url(https:\/\/tierrasdecordoba.com\/wp-content\/uploads\/2021\/10\/casa-rural-dona-paula-habitacion-4.jpg);background-size:cover;background-position:center center;background-repeat:no-repeat\"><div class=\"kb-advanced-slide-inner\"><\/div><\/div><\/div><\/div>\n\n\n\n<div class=\"wp-block-kadence-slide kb-advanced-slide-item kb-slide-_629e65-ef\"><div class=\"kb-advanced-slide\"><div class=\"kb-advanced-slide-inner-wrap\" style=\"background-image:url(https:\/\/tierrasdecordoba.com\/wp-content\/uploads\/2021\/10\/casa-rural-dona-paula-bano-1.jpg);background-size:cover;background-position:center center;background-repeat:no-repeat\"><div class=\"kb-advanced-slide-inner\"><\/div><\/div><\/div><\/div>\n\n\n\n<div class=\"wp-block-kadence-slide kb-advanced-slide-item kb-slide-_05f201-c7\"><div class=\"kb-advanced-slide\"><div class=\"kb-advanced-slide-inner-wrap\" style=\"background-image:url(https:\/\/tierrasdecordoba.com\/wp-content\/uploads\/2021\/10\/casa-rural-dona-paula-cocina.jpg);background-size:cover;background-position:center center;background-repeat:no-repeat\"><div class=\"kb-advanced-slide-inner\"><\/div><\/div><\/div><\/div>\n\n\n\n<div class=\"wp-block-kadence-slide kb-advanced-slide-item kb-slide-_42e337-1f\"><div class=\"kb-advanced-slide\"><div class=\"kb-advanced-slide-inner-wrap\" style=\"background-image:url(https:\/\/tierrasdecordoba.com\/wp-content\/uploads\/2021\/10\/casa-rural-dona-paula-atico-2.jpg);background-size:cover;background-position:center center;background-repeat:no-repeat\"><div class=\"kb-advanced-slide-inner\"><\/div><\/div><\/div><\/div>\n<\/div><\/div><\/div><\/div>\n\n\n\n<p>Cet h\u00e9bergement de style XIXe si\u00e8cle est situ\u00e9 \u00e0 La Cardenchosa, un hameau entour\u00e9 de ch\u00eanes verts, d&rsquo;oliviers sauvages et de pins.<\/p>\n\n\n\n<p>La maison de campagne D\u00aa Paula dispose de 5 chambres et de 3 salles de bains. Cette maison a une capacit\u00e9 de 10 personnes et la maison est lou\u00e9e pour un minimum de six personnes.<\/p>\n\n\n\n<p>Do\u00f1a Paula poss\u00e8de \u00e9galement une piscine, un barbecue, une chemin\u00e9e, une salle \u00e0 manger et une cuisine compl\u00e8te. Le prix de l&rsquo;h\u00e9bergement varie entre 20\u20ac et 30\u20ac par personne et par nuit.\u00a0<\/p>\n\n\n\n<p>Les deux cottages sont entour\u00e9s de sentiers de randonn\u00e9e pour la marche ou le v\u00e9lo et d&rsquo;un lieu d&rsquo;une beaut\u00e9 naturelle indescriptible par les mots.<\/p>\n\n\n\n<p>Pour effectuer une r\u00e9servation dans l&rsquo;une des maisons rurales, consultez le site officiel et remplissez le formulaire.<\/p>\n","protected":false},"featured_media":4177,"template":"","meta":{"_acf_changed":false,"_kad_blocks_custom_css":"","_kad_blocks_head_custom_js":"","_kad_blocks_body_custom_js":"","_kad_blocks_footer_custom_js":"","_kad_post_transparent":"default","_kad_post_title":"default","_kad_post_layout":"default","_kad_post_sidebar_id":"","_kad_post_content_style":"default","_kad_post_vertical_padding":"default","_kad_post_feature":"","_kad_post_feature_position":"","_kad_post_header":false,"_kad_post_footer":false,"_kad_post_classname":""},"class_list":["post-8555","empresa","type-empresa","status-publish","has-post-thumbnail","hentry"],"acf":[],"yoast_head":"<!-- This site is optimized with the Yoast SEO plugin v26.4 - https:\/\/yoast.com\/wordpress\/plugins\/seo\/ -->\n<title>Maisons rurales D\u00aa Ver\u00f3nica et D\u00aa Paula<\/title>\n<meta name=\"robots\" content=\"index, follow, max-snippet:-1, max-image-preview:large, max-video-preview:-1\" \/>\n<link rel=\"canonical\" href=\"https:\/\/tierrasdecordoba.com\/fr\/entreprise\/miguel-ruiz\/\" \/>\n<meta property=\"og:locale\" content=\"fr_FR\" \/>\n<meta property=\"og:type\" content=\"article\" \/>\n<meta property=\"og:title\" content=\"Maisons rurales D\u00aa Ver\u00f3nica et D\u00aa Paula\" \/>\n<meta property=\"og:description\" content=\"Les Casas Rurales D\u00aa Paula y D\u00aa Ver\u00f3nica sont situ\u00e9es \u00e0 Fuente Obejuna, une municipalit\u00e9 de la province de Cordoue. Ce lieu est c\u00e9l\u00e8bre pour plusieurs \u00e9v\u00e9nements historiques qui se sont d\u00e9roul\u00e9s au 15e si\u00e8cle et qui ont inspir\u00e9 la pi\u00e8ce Fuenteovejuna \u00e9crite par Lope de Vega. Dans ces maisons rurales, vous trouverez un espace...\" \/>\n<meta property=\"og:url\" content=\"https:\/\/tierrasdecordoba.com\/fr\/entreprise\/miguel-ruiz\/\" \/>\n<meta property=\"og:site_name\" content=\"Tierras de C\u00f3rdoba\" \/>\n<meta property=\"article:modified_time\" content=\"2022-02-24T16:23:41+00:00\" \/>\n<meta property=\"og:image\" content=\"https:\/\/tierrasdecordoba.com\/wp-content\/uploads\/2021\/06\/casas-rurales-dona-veronica-dona-paula.png\" \/>\n\t<meta property=\"og:image:width\" content=\"500\" \/>\n\t<meta property=\"og:image:height\" content=\"500\" \/>\n\t<meta property=\"og:image:type\" content=\"image\/png\" \/>\n<meta name=\"twitter:card\" content=\"summary_large_image\" \/>\n<meta name=\"twitter:label1\" content=\"Dur\u00e9e de lecture estim\u00e9e\" \/>\n\t<meta name=\"twitter:data1\" content=\"2 minutes\" \/>\n<script type=\"application\/ld+json\" class=\"yoast-schema-graph\">{\"@context\":\"https:\/\/schema.org\",\"@graph\":[{\"@type\":\"WebPage\",\"@id\":\"https:\/\/tierrasdecordoba.com\/fr\/entreprise\/miguel-ruiz\/\",\"url\":\"https:\/\/tierrasdecordoba.com\/fr\/entreprise\/miguel-ruiz\/\",\"name\":\"Maisons rurales D\u00aa Ver\u00f3nica et D\u00aa Paula\",\"isPartOf\":{\"@id\":\"https:\/\/tierrasdecordoba.com\/fr\/#website\"},\"primaryImageOfPage\":{\"@id\":\"https:\/\/tierrasdecordoba.com\/fr\/entreprise\/miguel-ruiz\/#primaryimage\"},\"image\":{\"@id\":\"https:\/\/tierrasdecordoba.com\/fr\/entreprise\/miguel-ruiz\/#primaryimage\"},\"thumbnailUrl\":\"https:\/\/tierrasdecordoba.com\/wp-content\/uploads\/2021\/06\/casas-rurales-dona-veronica-dona-paula.png\",\"datePublished\":\"2021-06-07T09:44:16+00:00\",\"dateModified\":\"2022-02-24T16:23:41+00:00\",\"breadcrumb\":{\"@id\":\"https:\/\/tierrasdecordoba.com\/fr\/entreprise\/miguel-ruiz\/#breadcrumb\"},\"inLanguage\":\"fr-FR\",\"potentialAction\":[{\"@type\":\"ReadAction\",\"target\":[\"https:\/\/tierrasdecordoba.com\/fr\/entreprise\/miguel-ruiz\/\"]}]},{\"@type\":\"ImageObject\",\"inLanguage\":\"fr-FR\",\"@id\":\"https:\/\/tierrasdecordoba.com\/fr\/entreprise\/miguel-ruiz\/#primaryimage\",\"url\":\"https:\/\/tierrasdecordoba.com\/wp-content\/uploads\/2021\/06\/casas-rurales-dona-veronica-dona-paula.png\",\"contentUrl\":\"https:\/\/tierrasdecordoba.com\/wp-content\/uploads\/2021\/06\/casas-rurales-dona-veronica-dona-paula.png\",\"width\":500,\"height\":500},{\"@type\":\"BreadcrumbList\",\"@id\":\"https:\/\/tierrasdecordoba.com\/fr\/entreprise\/miguel-ruiz\/#breadcrumb\",\"itemListElement\":[{\"@type\":\"ListItem\",\"position\":1,\"name\":\"Portada\",\"item\":\"https:\/\/tierrasdecordoba.com\/fr\/\"},{\"@type\":\"ListItem\",\"position\":2,\"name\":\"Empresas\",\"item\":\"https:\/\/tierrasdecordoba.com\/fr\/empresas\/\"},{\"@type\":\"ListItem\",\"position\":3,\"name\":\"Maisons rurales D\u00aa Ver\u00f3nica et D\u00aa Paula\"}]},{\"@type\":\"WebSite\",\"@id\":\"https:\/\/tierrasdecordoba.com\/fr\/#website\",\"url\":\"https:\/\/tierrasdecordoba.com\/fr\/\",\"name\":\"Tierras de C\u00f3rdoba\",\"description\":\"Casas Rurales C\u00f3rdoba, Actividades C\u00f3rdoba, Restaurantes C\u00f3rdoba\",\"publisher\":{\"@id\":\"https:\/\/tierrasdecordoba.com\/fr\/#organization\"},\"potentialAction\":[{\"@type\":\"SearchAction\",\"target\":{\"@type\":\"EntryPoint\",\"urlTemplate\":\"https:\/\/tierrasdecordoba.com\/fr\/?s={search_term_string}\"},\"query-input\":{\"@type\":\"PropertyValueSpecification\",\"valueRequired\":true,\"valueName\":\"search_term_string\"}}],\"inLanguage\":\"fr-FR\"},{\"@type\":\"Organization\",\"@id\":\"https:\/\/tierrasdecordoba.com\/fr\/#organization\",\"name\":\"Tierras de C\u00f3rdoba\",\"url\":\"https:\/\/tierrasdecordoba.com\/fr\/\",\"logo\":{\"@type\":\"ImageObject\",\"inLanguage\":\"fr-FR\",\"@id\":\"https:\/\/tierrasdecordoba.com\/fr\/#\/schema\/logo\/image\/\",\"url\":\"https:\/\/tierrasdecordoba.com\/wp-content\/uploads\/2021\/05\/logo-header.png\",\"contentUrl\":\"https:\/\/tierrasdecordoba.com\/wp-content\/uploads\/2021\/05\/logo-header.png\",\"width\":191,\"height\":81,\"caption\":\"Tierras de C\u00f3rdoba\"},\"image\":{\"@id\":\"https:\/\/tierrasdecordoba.com\/fr\/#\/schema\/logo\/image\/\"}}]}<\/script>\n<!-- \/ Yoast SEO plugin. -->","yoast_head_json":{"title":"Maisons rurales D\u00aa Ver\u00f3nica et D\u00aa Paula","robots":{"index":"index","follow":"follow","max-snippet":"max-snippet:-1","max-image-preview":"max-image-preview:large","max-video-preview":"max-video-preview:-1"},"canonical":"https:\/\/tierrasdecordoba.com\/fr\/entreprise\/miguel-ruiz\/","og_locale":"fr_FR","og_type":"article","og_title":"Maisons rurales D\u00aa Ver\u00f3nica et D\u00aa Paula","og_description":"Les Casas Rurales D\u00aa Paula y D\u00aa Ver\u00f3nica sont situ\u00e9es \u00e0 Fuente Obejuna, une municipalit\u00e9 de la province de Cordoue. Ce lieu est c\u00e9l\u00e8bre pour plusieurs \u00e9v\u00e9nements historiques qui se sont d\u00e9roul\u00e9s au 15e si\u00e8cle et qui ont inspir\u00e9 la pi\u00e8ce Fuenteovejuna \u00e9crite par Lope de Vega. Dans ces maisons rurales, vous trouverez un espace...","og_url":"https:\/\/tierrasdecordoba.com\/fr\/entreprise\/miguel-ruiz\/","og_site_name":"Tierras de C\u00f3rdoba","article_modified_time":"2022-02-24T16:23:41+00:00","og_image":[{"width":500,"height":500,"url":"https:\/\/tierrasdecordoba.com\/wp-content\/uploads\/2021\/06\/casas-rurales-dona-veronica-dona-paula.png","type":"image\/png"}],"twitter_card":"summary_large_image","twitter_misc":{"Dur\u00e9e de lecture estim\u00e9e":"2 minutes"},"schema":{"@context":"https:\/\/schema.org","@graph":[{"@type":"WebPage","@id":"https:\/\/tierrasdecordoba.com\/fr\/entreprise\/miguel-ruiz\/","url":"https:\/\/tierrasdecordoba.com\/fr\/entreprise\/miguel-ruiz\/","name":"Maisons rurales D\u00aa Ver\u00f3nica et D\u00aa Paula","isPartOf":{"@id":"https:\/\/tierrasdecordoba.com\/fr\/#website"},"primaryImageOfPage":{"@id":"https:\/\/tierrasdecordoba.com\/fr\/entreprise\/miguel-ruiz\/#primaryimage"},"image":{"@id":"https:\/\/tierrasdecordoba.com\/fr\/entreprise\/miguel-ruiz\/#primaryimage"},"thumbnailUrl":"https:\/\/tierrasdecordoba.com\/wp-content\/uploads\/2021\/06\/casas-rurales-dona-veronica-dona-paula.png","datePublished":"2021-06-07T09:44:16+00:00","dateModified":"2022-02-24T16:23:41+00:00","breadcrumb":{"@id":"https:\/\/tierrasdecordoba.com\/fr\/entreprise\/miguel-ruiz\/#breadcrumb"},"inLanguage":"fr-FR","potentialAction":[{"@type":"ReadAction","target":["https:\/\/tierrasdecordoba.com\/fr\/entreprise\/miguel-ruiz\/"]}]},{"@type":"ImageObject","inLanguage":"fr-FR","@id":"https:\/\/tierrasdecordoba.com\/fr\/entreprise\/miguel-ruiz\/#primaryimage","url":"https:\/\/tierrasdecordoba.com\/wp-content\/uploads\/2021\/06\/casas-rurales-dona-veronica-dona-paula.png","contentUrl":"https:\/\/tierrasdecordoba.com\/wp-content\/uploads\/2021\/06\/casas-rurales-dona-veronica-dona-paula.png","width":500,"height":500},{"@type":"BreadcrumbList","@id":"https:\/\/tierrasdecordoba.com\/fr\/entreprise\/miguel-ruiz\/#breadcrumb","itemListElement":[{"@type":"ListItem","position":1,"name":"Portada","item":"https:\/\/tierrasdecordoba.com\/fr\/"},{"@type":"ListItem","position":2,"name":"Empresas","item":"https:\/\/tierrasdecordoba.com\/fr\/empresas\/"},{"@type":"ListItem","position":3,"name":"Maisons rurales D\u00aa Ver\u00f3nica et D\u00aa Paula"}]},{"@type":"WebSite","@id":"https:\/\/tierrasdecordoba.com\/fr\/#website","url":"https:\/\/tierrasdecordoba.com\/fr\/","name":"Tierras de C\u00f3rdoba","description":"Casas Rurales C\u00f3rdoba, Actividades C\u00f3rdoba, Restaurantes C\u00f3rdoba","publisher":{"@id":"https:\/\/tierrasdecordoba.com\/fr\/#organization"},"potentialAction":[{"@type":"SearchAction","target":{"@type":"EntryPoint","urlTemplate":"https:\/\/tierrasdecordoba.com\/fr\/?s={search_term_string}"},"query-input":{"@type":"PropertyValueSpecification","valueRequired":true,"valueName":"search_term_string"}}],"inLanguage":"fr-FR"},{"@type":"Organization","@id":"https:\/\/tierrasdecordoba.com\/fr\/#organization","name":"Tierras de C\u00f3rdoba","url":"https:\/\/tierrasdecordoba.com\/fr\/","logo":{"@type":"ImageObject","inLanguage":"fr-FR","@id":"https:\/\/tierrasdecordoba.com\/fr\/#\/schema\/logo\/image\/","url":"https:\/\/tierrasdecordoba.com\/wp-content\/uploads\/2021\/05\/logo-header.png","contentUrl":"https:\/\/tierrasdecordoba.com\/wp-content\/uploads\/2021\/05\/logo-header.png","width":191,"height":81,"caption":"Tierras de C\u00f3rdoba"},"image":{"@id":"https:\/\/tierrasdecordoba.com\/fr\/#\/schema\/logo\/image\/"}}]}},"taxonomy_info":[],"featured_image_src_large":["https:\/\/tierrasdecordoba.com\/wp-content\/uploads\/2021\/06\/casas-rurales-dona-veronica-dona-paula.png",500,500,false],"author_info":[],"comment_info":"","_links":{"self":[{"href":"https:\/\/tierrasdecordoba.com\/fr\/wp-json\/wp\/v2\/empresa\/8555","targetHints":{"allow":["GET"]}}],"collection":[{"href":"https:\/\/tierrasdecordoba.com\/fr\/wp-json\/wp\/v2\/empresa"}],"about":[{"href":"https:\/\/tierrasdecordoba.com\/fr\/wp-json\/wp\/v2\/types\/empresa"}],"wp:featuredmedia":[{"embeddable":true,"href":"https:\/\/tierrasdecordoba.com\/fr\/wp-json\/wp\/v2\/media\/4177"}],"wp:attachment":[{"href":"https:\/\/tierrasdecordoba.com\/fr\/wp-json\/wp\/v2\/media?parent=8555"}],"curies":[{"name":"wp","href":"https:\/\/api.w.org\/{rel}","templated":true}]}}